{"id":273,"date":"2019-04-26T15:44:53","date_gmt":"2019-04-26T18:44:53","guid":{"rendered":"http:\/\/dragustinibanez.com\/?page_id=273"},"modified":"2026-02-11T11:32:35","modified_gmt":"2026-02-11T14:32:35","slug":"revistas","status":"publish","type":"page","link":"https:\/\/dragustinibanez.com\/en\/index.php\/revistas\/","title":{"rendered":"Articles"},"content":{"rendered":"<div id=\"pl-273\"  class=\"panel-layout\" ><div id=\"pg-273-0\"  class=\"panel-grid panel-has-style\" ><div class=\"siteorigin-panels-stretch panel-row-style panel-row-style-for-273-0\" style=\"padding-top: 100px; padding-bottom: 100px; \" data-stretch-type=\"full-stretched\" data-mobile-padding=\"50px\" data-overlay-color=\"#000000\" ><div id=\"pgc-273-0-0\"  class=\"panel-grid-cell panel-grid-cell-empty\" ><\/div><div id=\"pgc-273-0-1\"  class=\"panel-grid-cell panel-grid-cell-mobile-last\" ><div id=\"panel-273-0-1-0\" class=\"so-panel widget widget_sow-editor panel-first-child panel-last-child\" data-index=\"0\" ><div style=\"text-align: left;\" data-title-color=\"#ffffff\" data-headings-color=\"#ffffff\" class=\"panel-widget-style panel-widget-style-for-273-0-1-0\" ><div class=\"so-widget-sow-editor so-widget-sow-editor-base\"><h3 class=\"widget-title\">ARTICLES<\/h3>\n<div class=\"siteorigin-widget-tinymce textwidget\">\n\t<p><strong>2026<\/strong><\/p>\n<ul>\n<li>Lavretsky, H., Khalsa, S., Oughli, H. A., Ibanez, A., Cruzat, J., Edwards, E., Newhouse, P., Bassetti, C. L. A., Begue, I., Winkler, A. S., Jeste, D. V., & Eyre, H. A. (2026). <a href=\"https:\/\/doi.org\/10.1038\/s41386-026-02332-2\">The role of brain health and resilience in reshaping trajectories of late-life neuropsychiatric disorders.\u00a0<\/a><em>Neuropsychopharmacology : official publication of the American College of Neuropsychopharmacology<\/em>, 10.1038\/s41386-026-02332-2. Advance online publication.\u00a0<a href=\"https:\/\/doi.org\/10.1038\/s41386-026-02332-2\">https:\/\/doi.org\/10.1038\/s41386-026-02332-2<\/a><\/li>\n<li>Baez, S., Nabil, Y., & Ibanez, A. (2025). <a href=\"https:\/\/doi.org\/10.1097\/YCO.0000000000001057\">Childhood adversities and the exposome in dementia risk and brain health<\/a>. Current opinion in psychiatry, 10.1097\/YCO.0000000000001057. Advance online publication.\u00a0<a href=\"https:\/\/doi.org\/10.1097\/YCO.0000000000001057\">https:\/\/doi.org\/10.1097\/YCO.0000000000001057<\/a><\/li>\n<li>Hernandez, H., & Ibanez, A. (2026).\u00a0<a href=\"https:\/\/onlinelibrary.wiley.com\/doi\/10.1002\/ctm2.70558\">Expotype-phenotype resilience and multimodal aging clocks<\/a>.<strong><em>\u00a0<\/em><\/strong><em>Clinical and translational medicine<\/em>, 16(1), e70558.\u00a0<a href=\"https:\/\/doi.org\/10.1002\/ctm2.70558\">https:\/\/doi.org\/10.1002\/ctm2.70558<\/a><\/li>\n<li>Cardona, J. F., Santamar\u00eda-Garc\u00eda, H., & Ib\u00e1\u00f1ez, A. (2026).\u00a0<a href=\"https:\/\/onlinelibrary.wiley.com\/doi\/10.1002\/ctm2.70574\">The biological burden of conflict across populations worldwide<\/a>.<strong><em>\u00a0<\/em><\/strong><em>Clinical and translational medicine<\/em>, 16(1), e70574.\u00a0<a href=\"https:\/\/doi.org\/10.1002\/ctm2.70574\">https:\/\/doi.org\/10.1002\/ctm2.70574<\/a><\/li>\n<\/ul>\n<p><strong>2025\u00a0<\/strong><\/p>\n<ul>\n<li>Custodio, N., Brown, G., Custodio, B., Montesinos, R., Nu\u00f1ez-Huanca, M., Bartolo, P., Yauri, Z., Ag\u00fcero, K., Verastegui, G., & Iba\u00f1ez, A. (2025).\u00a0<a href=\"https:\/\/alz-journals.onlinelibrary.wiley.com\/doi\/10.1002\/alz.70979\">Functional capacity in Peruvian people with Alzheimer's disease and frontotemporal dementia<\/a>.\u00a0<em>Alzheimer's & dementia : the journal of the Alzheimer's Association<\/em>, 21(12), e70979.\u00a0<a href=\"https:\/\/doi.org\/10.1002\/alz.70979\">https:\/\/doi.org\/10.1002\/alz.70979<\/a><\/li>\n<li>Ib\u00e1\u00f1ez A, Duran-Aniotz C, Migeot J, B\u00e1ez S, Fittipaldi S, Coronel-Oliveros C, Eyre HA, Udeh-Momoh C, Zetterberg H, Alladi S, Sandi C, Robertson IH, Franzen S, Farombi T, Montalvo Ortiz JL, Seshadri S, Court F, Valdes-Sosa P, Xu J, Yu C, Grinberg L, Lawlor B, Sachdev PS, Yaffe K, Hachinski V, Friston K, Tagliazucchi E, Santamar\u00eda-Garc\u00eda H. (2025).\u00a0<a href=\"https:\/\/www.nature.com\/articles\/s41467-025-67448-3\">Computational whole-body-exposome models for global precision brain health<\/a>.\u00a0<em>Nature communications<\/em>, 16(1), 11078.\u00a0<a href=\"https:\/\/doi.org\/10.1038\/s41467-025-67448-3\">https:\/\/doi.org\/10.1038\/s41467-025-67448-3<\/a><\/li>\n<li>Dodich A, Panzavolta A, Funghi G, Meli C, Festari C, Chatzikostopoulos T, Chicherio C, Clarens F, de Oliveira FF, Filardi M, Ibanez A, Invernizzi L, Lebouvier T, Logroscino G, MacPherson SE, Manca R, Marra C, Matias-Guiu JA, Montembeault M, Papagno C, Pomati S, Possenti M, Piguet O, Sacco L, Schild AK, Sollberger M, T\u00e1buas-Pereira M, Tsatali M, Tsolaki M, van den Berg E, Cappa SF, Bertoux M, Kumfor F, Van den Stock J, Boccardi M, Welsh-Bohmer KA, Cerami C, Agosta F, Canu E, Almkvist O, Hagman G, Winblad B, Altomare D, Angioni D, Annoni JM, Beretta L, Berres M, Bessi V, Fimm I, Kilimann I, Bora E, Brioschi-Guevara A, Buchmann A, Gietl A, Buss\u00e8 C, Cagnin A, Chander R, Kliegel M, Mella N, Costa A, Coulangers C, Ousset PJ, Cupidi C, D\u00e9monet JF, Didic M, Di Lorenzo F, Dubois B, Andrade AC, Fimm B, Galasko D, Girtler N, Nobili F, Pardini M, Henry J, Bourdage R, Jiskoot L, Poos J, Seelaar H, Kl\u00f6ppel S, Krebs C, Kukull WA, Levy R, Lima M, Luca A, Luzzi S, Matarrubia MF, Mecocci P, Pigliautile M, Menichelli A, Mitolo M, Monsch AU, Moraitou D, Novak P, Ortiz ME, Papageorgiou S, Scarmeas N, Papatriantafyllou J, Plutino A, Quaranta D, Ramakers I, Rossi S, Russo M, Sensi S, Sachdev P, Salmon DP, Sanchez P, Sch\u00f6berl F, Shirk SD, Toraldo A, Venneri A, Meiberth D, Gallucci M, Kounti F, Herrero SR, Marano P, Piccoli T, Ahmed S, B\u00f6hm F, Schroeter M, Vestberg S, S\u00f6ntgerath M, Thompson J, Watermeyer T, van der Waal HJ, Chrisman-Russell L, Morson S, Wolski L, Dori R, Fabbo A, Galli C, Bartels C, Geurtsen G, Baglio F, Isernia S, Dogdu C, Ruiu E, Strijkert F, Zimmermann N, Weidner W, Briales H, Pezzati R, Oksengard AR, Bradshaw A. (2025).<a href=\"https:\/\/link.springer.com\/article\/10.1186\/s13195-025-01908-2\">\u00a0International consensus for the assessment of social cognition in neurocognitive disorders: framework definition and clinical recommendations of the SIGNATURE initiative<\/a>.\u00a0<em>Alzheimer's research & therapy<\/em>, 10.1186\/s13195-025-01908-2. Advance online publication.\u00a0<a href=\"https:\/\/doi.org\/10.1186\/s13195-025-01908-2\">https:\/\/doi.org\/10.1186\/s13195-025-01908-2<\/a><\/li>\n<li>Lawlor, B., Baez, S., Santamar\u00eda-Garc\u00eda, H., & Ibanez, A. (2025).\u00a0<a href=\"https:\/\/www.cambridge.org\/core\/journals\/the-british-journal-of-psychiatry\/article\/harming-power-of-shame\/EE3512595772539FE0F991BDF58DF665\">The harming power of shame<\/a>.\u00a0<em>The British journal of psychiatry: the journal of mental science<\/em>, 1\u20134. Advance online publication.\u00a0<a href=\"https:\/\/doi.org\/10.1192\/bjp.2025.10503\">https:\/\/doi.org\/10.1192\/bjp.2025.10503<\/a><\/li>\n<li>Sonzogni, S.V., Laura, A., Mimura, C., Aragon-Daud, A., Vignaga, S.S., Vota, D., Manes, F., Cetkovich, M., Torralva, T., Iba\u00f1ez, A., C\u00e1nepa, E.T.\u00a0<a href=\"https:\/\/www.sciencedirect.com\/science\/article\/pii\/S0022395625006545\">Inflammatory and epigenetic alterations associated with attention deficits in adolescents with cocaine base paste addiction<\/a>.\u00a0<em>Journal of Psychiatric Research<\/em>, 2025\u00a0<a href=\"https:\/\/doi.org\/10.1016\/j.jpsychires.2025.10.046\">https:\/\/doi.org\/10.1016\/j.jpsychires.2025.10.046<\/a><\/li>\n<li>Amoruso L, Hern\u00e1ndez H, Santamaria-Garcia H, Moguilner S, Legaz A, Prado P, Cuadros J, Gonz\u00e1lez L, Gonz\u00e1lez-G\u00f3mez R, Migeot J, Coronel-Oliveros C, Cruzat J, Carreiras M, Medel V, Maito M.A., Dur\u00e1n-Aniotz C, Tagliazucchi E, B\u00e1ez S, Garc\u00eda A.M., Ib\u00e1\u00f1ez A.\u00a0<a href=\"https:\/\/doi.org\/10.1038\/s43587-025-01000-2\">Multilingualism protects against accelerated aging in cross-sectional and longitudinal analyses of 27 European countries<\/a>.\u00a0<em>Nature Aging<\/em>\u00a0(2025).\u00a0<a href=\"https:\/\/doi.org\/10.1038\/s43587-025-01000-2\">https:\/\/doi.org\/10.1038\/s43587-025-01000-2<\/a><\/li>\n<li>De Boer L, Jiskoot LC, Seelaar H, van Swieten JC, Ibanez A, Maito M, Fittipaldi S, De Houwer JFH, Swartenbroekx T, Boesjes PA, Convery RS, Ferry-Bolder E, Foster P, Bouzigues A, Chisman-Russell L, van den Berg E, Papma J, Franzen S, Bourdage R, Rowe JB, Borroni B, Galimberti D, Tiraboschi P, Masellis M, Finger E, Laforce R, Graff C, Gerhard A, Sanchez-Valle R, Mendon\u00e7a A, Moreno F, Synofzik M, Vandenberghe R, Ducharme S, Le Ber I, Levin J, Lebouvier T, Nacmias B, Otto M, Butler CR, Santana I, Bertoux M, Tartaglia MC, Rohrer JD, Poos JM; GENFI Consortium. (2025).<a href=\"https:\/\/alz-journals.onlinelibrary.wiley.com\/doi\/10.1002\/alz.70741\">\u00a0Cross-country variance in facial emotion recognition in presymptomatic and symptomatic behavioral variant frontotemporal dementia: Insights from the GENFI and ReDLat consortia<\/a>.\u00a0<em>Alzheimer's & dementia : the journal of the Alzheimer's Association<\/em>, 21(10), e70741.\u00a0<a href=\"https:\/\/doi.org\/10.1002\/alz.70741\">https:\/\/doi.org\/10.1002\/alz.70741<\/a><\/li>\n<li>Zapata-Restrepo, L. M., Miller, B. L., Rivas, J., Possin, K., Valcour, V., Pi\u00f1a-Escudero, S. D., Iba\u00f1ez, A., & Kosik, K. S. (2025).\u00a0<a href=\"https:\/\/www.nature.com\/articles\/s44400-025-00036-w\">Case of early onset Alzheimer's disease associated with a novel PSEN1 variant identified in Colombia<\/a>.\u00a0<em>NPJ dementia<\/em>, 1(1), 31.\u00a0<a href=\"https:\/\/doi.org\/10.1038\/s44400-025-00036-w\">https:\/\/doi.org\/10.1038\/s44400-025-00036-w<\/a><\/li>\n<li>Hazelton J, Migeot J, Gonzalez-Gomez R, Altschuler F, Duran-Aniotz C, Wen O, Galv\u00e1n Rial DS, Barttfeld P, Medel V, Gonz\u00e1lez Campo C, Castro-Laguardia AM, Hern\u00e1ndez H, Gonzalez-Silva C, Castaner O, Hu K, Li P, Behrens MI, Bruno MA, Cardona JF, Custodio N, Santamaria-Garcia H, Garcia AM, Godoy ME, Avila-Funes JA, Maito M, Matallana DL, Miller B, Lopera F, Okada de Oliveira M, Pina-Escudero SD, Possin KL, de Paula France Resende E, Reyes P, Slachevsky A, Sosa AL, Takada LT, Yokoyama JS, Ibanez A.\u00a0<a href=\"https:\/\/academic.oup.com\/cardiovascres\/advance-article\/doi\/10.1093\/cvr\/cvaf185\/8281802\">Cardiovascular risk factors and the allostatic interoceptive network in dementia<\/a>.\u00a0<em>Cardiovascular Research<\/em>, 2025, doi: 10.1093\/cvr\/cvaf185.<\/li>\n<li>Coronel-Oliveros, C., Migeot, J., Lehue, F., Amoruso, L., Kowalczyk-Gr\u0119bska, N., Seabra, J.P., Orio, P., Campbell, D., Gonzalez-Gomez, R., Prado, P., Cuadros, J., Tagliazucchi, E., Cruzat, J., Legaz, A., Medel, V., Hernandez, H., Fittipaldi, S., Altschuler, F., Moguilner, S., Baez, S., Santamaria-Garcia, H., Gonz\u00e1lez-Hern\u00e1ndez, A., Bonilla-Santos, J., G\u00fcntekin, B., Babiloni, C., Abasolo, D., Di Caterina, G., Yener, G.G., Escudero, J., Ochoa-G\u00f3mez, J.F., Soto-A\u00f1ari, M., Bruno, M.A., Valdes-Sosa, P.A., Anghinah, R., Gonzalez-Montealegre, R.A., Clark, R.A., Garc\u00eda, A.M., Kaltwasser, L., Sch\u00fcrmann, M., Meier, J.M., Brzezicka, A., Whelan, R., Lawlor, B., Robertson, I.H., Bailey, C., Melloni, L., Sajnani, N. & Ibanez, A. (2025).\u00a0<a href=\"https:\/\/www.nature.com\/articles\/s41467-025-64173-9\">Creative experiences and brain clocks<\/a>.\u00a0<em>Nature Communications<\/em>.\u00a016, 8336.\u00a0<a href=\"https:\/\/doi.org\/10.1038\/s41467-025-64173-9\">https:\/\/doi.org\/10.1038\/s41467-025-64173-9<\/a><\/li>\n<li>Mostert CM, Udeh-Momoh C, Winkler AS, McLaughlin C, Eyre H, Salama M, Ranchod K, Trepel D, Vradenburg G, Hynes W, Fieggen G, Ali S, Mekkaoui NEL, Landay A, Bobrow K, Muyela L, Atkins K, Chadha AS, Marongiu R, Barbato M, Nightingale S, Joska J, Njamnshi AK, Rizig M, Kahn JG, Blackmon K, Merali Z, Ibanez A.\u00a0<a href=\"https:\/\/www.sciencedirect.com\/science\/article\/pii\/S2352396425003949\">Broadening dementia risk models: building on the 2024 Lancet Commission report for a more inclusive global framework<\/a>.\u00a0<em>eBioMedicine<\/em>\u00a02025; 120: 105950\u00a0<a href=\"https:\/\/doi.org\/10.1016\/j.ebiom.2025.105950\">https:\/\/doi.org\/10.1016\/j.ebiom.2025.105950<\/a><\/li>\n<li>Coronel-Oliveros C, Moguilner S, Hernandez H, Cruzat J, Baez S, Medel V, Cuadros J, Santamaria-Garcia H, Valdes-Sosa PA, Lopera F, Ochoa-G\u00f3mez JF, Gonz\u00e1lez-Hern\u00e1ndez A, Bonilla-Santos J, Gonzalez-Montealegre RA, Akt\u00fcrk T, Y\u0131ld\u0131r\u0131m E, Anghinah R, Legaz A, Fittipaldi S, Yener GG, Escudero J, Babiloni C, Lopez S, Whelan R, Fern\u00e1ndez A, Huepe D, Di Caterina G, Soto-A\u00f1ari M, Gonzalez-Gomez R, Herrera E, Abasolo D, Kilborn K, Rubido N, Clark R, Herzog R, Yerlikaya D, G\u00fcntekin B, Deco G, Prado P, Parra MA, Orio P, Tagliazucchi E, Lawlor B, Ibanez A.\u00a0<a href=\"https:\/\/www.nature.com\/articles\/s44220-025-00502-7\">Diversity-sensitive brain clocks linked to biophysical mechanisms in aging and dementia<\/a>.\u00a0<em>Nature Mental Health<\/em>\u00a02025;\u00a0<a href=\"https:\/\/doi.org\/10.1038\/s44220-025-00502-7\">https:\/\/doi.org\/10.1038\/s44220-025-00502-7<\/a><\/li>\n<li>Migeot, J., Pina-Escudero, S.D., Hernandez, H., Gonzalez-Gomez, R., Legaz, A., Fittipaldi, S., Resende, E., Duran-Aniotz, C., Avila-Funes, J.A., Behrens, M.I., Bruno, M.A., Cardona, J.F., Custodio, N., Garc\u00eda, A.M., Godoy, M.E., Hu, K., Lanata, S., Lawlor, B., Lopera, F., Maito, M.A., Matallana, D.L., Miller, B., Jaime Miranda, J., de Oliveira, M.O., Reyes, P., Santamaria-Garcia, H., Slachevsky, A., Sosa, A.L., Takada, L.T., Torres, J.M., Vanneste, S., Valcour, V., Wen, O., Yokoyama, J.S., Possin, K.L. & Ibanez, A. (2025)\u00a0<a href=\"https:\/\/www.nature.com\/articles\/s41467-025-63277-6\">Social exposome and brain health outcomes of dementia across Latin America<\/a>.\u00a0<em>Nature Communications<\/em>\u00a016, 8196 (2025).\u00a0<a href=\"https:\/\/doi.org\/10.1038\/s41467-025-63277-6\">https:\/\/doi.org\/10.1038\/s41467-025-63277-6<\/a><\/li>\n<li>Morales, J. P., Van Dam, N. T., Huepe-Artigas, D., Rivera-Rei, \u00c1., San-Martin, C., Rojas-Thomas, F., Vald\u00e9s, J., Ib\u00e1\u00f1ez, A., & Huepe, D. (2025). <a href=\"https:\/\/bmcpsychology.biomedcentral.com\/articles\/10.1186\/s40359-025-03145-6\">Cocaine polydrug use and its impact on intentional harm recognition: a high-density EEG study<\/a>. BMC psychology, 13(1), 917.\u00a0<a href=\"https:\/\/doi.org\/10.1186\/s40359-025-03145-6\">https:\/\/doi.org\/10.1186\/s40359-025-03145-6<\/a><\/li>\n<li>Perez-Chadid, D. A., Dange, R. M., Eyre, H. A., Fieggen, G., Vaughan, K. A., Sheth, S. A., Abdullah, J. M., Shehu, B. B., Donoho, D., Browd, S., Ibanez, A., Gupta, S., Lang, F., Nanda, A., & Rosseau, G. (2025).\u00a0<a href=\"https:\/\/www.sciencedirect.com\/science\/article\/pii\/S1878875025007132?via%3Dihub\">The Neurosurgeon's Role in the Brain Economy: How Strategic Investment in Neurosurgical Care and Innovation Will Improve Global Outcomes<\/a>.\u00a0<em>World neurosurgery<\/em>, 124357. Advance online publication.\u00a0<a href=\"https:\/\/doi.org\/10.1016\/j.wneu.2025.124357\">https:\/\/doi.org\/10.1016\/j.wneu.2025.124357<\/a><\/li>\n<li>Altschuler F, Canziani V, Fraile-V\u00e1zquez M, Gonzalez-Gomez R, Hern\u00e1ndez H, Baez S, Migeot J, Fittipaldi S, Maito MA, Legaz A, Godoy ME, Moguilner S, Cruzat J, Coronel-Oliveros C, Tagliazucchi E, Garcia HS, Reyes P, Matallana DL, Avila-Funes JA, Slachevsky A, Behrens MI, Custodio N, Cardona JF, Brusco LI, Bruno MA, Ortiz ALS, Pina-Escudero SD, Takada LT, Resende EdPF, Possin KL, de Oliveira M, Hu K, Lawlor B, Yokoyama JS, Miller B, Lopera F, Garcia AM, Medel V, Iba\u00f1ez A, Campo CG.\u00a0<a href=\"https:\/\/alzres.biomedcentral.com\/articles\/10.1186\/s13195-025-01832-5\">White matter hyperintensities and their impact in brain structure and function in alzheimer\u2019s disease and behavioral variant frontotemporal dementia across Latin America and the United States: a cross-sectional study<\/a>.\u00a0<em>Alzheimer's Research & Therapy<\/em>\u00a02025; 17(1): 188.\u00a0<a href=\"https:\/\/doi.org\/10.1186\/s13195-025-01832-5\">https:\/\/doi.org\/10.1186\/s13195-025-01832-5<\/a><\/li>\n<li>Hern\u00e1ndez H, Ochoa-Rosales C, Ib\u00e1\u00f1ez A, Oyanadel L, Olavarria L, Mar\u00edn-D\u00edaz N, Caviedes A, Hazelton JL, Ramos T, Santamaria-Garc\u00eda H, Custodio N, Montesinos R, Bruno MA, Avila-Funes JA, Matallana D, Cruz Rdl, Petermann-Rocha F, Slachevsky A, Duran-Aniotz C and Gonzalez-Silva C (2025)\u00a0<a href=\"https:\/\/www.frontiersin.org\/journals\/aging\/articles\/10.3389\/fragi.2025.1548667\/full\">Chronic pain in the Chilean population: risk factors prevalence and cognitive associations<\/a>.\u00a0<em>Frontiers in Aging<\/em>\u00a06:1548667. doi: 10.3389\/fragi.2025.1548667<\/li>\n<li>Udeh-Momoh CT, Migeot J, Blackmon K, Mielke MM, Melloni M, Cox L, Yaffe K, Santamaria-Garcia H, Stern Y, Ibanez A.\u00a0<a href=\"https:\/\/doi.org\/10.1038\/s41591-025-03846-w\">Resilience and brain health in global populations<\/a>.\u00a0<em>Nature Medicine,<\/em>\u00a02025,\u00a0<a href=\"https:\/\/doi.org\/10.1038\/s41591-025-03846-w\">https:\/\/doi.org\/10.1038\/s41591-025-03846-w<\/a><\/li>\n<li>Tuena C, Repetto C, Ib\u00e1\u00f1ez A, Magni G, Stramba-Badiale M, Riva G.\u00a0<a href=\"https:\/\/psycnet.apa.org\/doiLanding?doi=10.1037%2Fneu0001026\">Embodied concepts in Parkinson's disease: Insights from fruits versus animals semantic fluency impairments<\/a>. Neuropsychology. 2025 Jul 24. doi: 10.1037\/neu0001026. Epub ahead of print. PMID: 40705614.<\/li>\n<li>Cardona JF, Trujillo-Llano C, Miller J, Ibanez A<em>.<\/em>\u00a0<a href=\"https:\/\/www.nature.com\/articles\/s41591-025-03857-7\">Peace in Colombia requires healing the scars of conflict on the mind and brain<\/a>.\u00a0<em>Nature Medicine<\/em>\u00a0(2025).\u00a0<a href=\"https:\/\/doi.org\/10.1038\/s41591-025-03857-7\">https:\/\/doi.org\/10.1038\/s41591-025-03857-7<\/a><\/li>\n<li>Medel V, Alliende LM, Bethlehem R, Seidlitz J, Ringlein G, Arango C, Arnatkevi\u010di\u016bt\u0117 A, Asmal L, Bellgrove M, Benegal V, Bernardo M, Billeke P, Jorge BB, Bressan R, Busatto G, Castro M, Chaim-Avancini T, Costanzi M, Czepielewski L, Dazzan P, de la Fuente-Sandoval C, D\u00edaz-Caneja CM, Diaz-Zuluaga AM, Du Plessis S, Duran F, Fittipaldi S, Fornito A, Freimer N, Gadelha A, Gama C, Garani R, Garcia-Rizo C, Campo CG, Gonzalez-Valderrama A, Guinjoan S, Holla B, Iba\u00f1ez A, Ivanovic D, Jackowski A, Leon-Ortiz P, Lochner C, L\u00f3pez-Jaramillo C, Luckhoff H, Massuda R, McGuire P, Miyata J, Mizrahi R, Murray R, Ozerdem A, Pan P, Parellada M, Phahladira L, Ramirez-Mahaluf JP, Reckziegel R, Marques TR, Reyes-Madrigal F, Roos A, Rosa P, Salum G, Scheffler F, Schumann G, Serpa M, Stein DJ, Tepper \u00c1, Tiego J, Ueno T, Undurraga J, Undurraga E, Valdes-Sosa P, Valli I, Villarreal M, Winton-Brown T, Yalin N, Zamorano F, Zanetti M; cVEDA; Winkler A, Evans-Lacko S, Di Forti M, Crossley NA.\u00a0\u00a0(2025).\u00a0<a href=\"https:\/\/www.cambridge.org\/core\/journals\/european-psychiatry\/article\/human-development-inequality-and-their-associations-with-brain-structure-across-29-countries\/94D03EB18A0B85C99BF679E3201064D9\">Human development, inequality, and their associations with brain structure across 29 countries<\/a>.\u00a0<em>European psychiatry : the journal of the Association of European Psychiatrists<\/em>, 1\u201334. Advance online publication.\u00a0<a href=\"https:\/\/doi.org\/10.1192\/j.eurpsy.2025.10060\">https:\/\/doi.org\/10.1192\/j.eurpsy.2025.10060<\/a><\/li>\n<li>Hernandez, H., Santamaria-Garcia, H., Moguilner, S., Farina, F.R., Legaz, A., Prado, P., Cuadros, J., Gonzalez, L., Gonzalez-Gomez, R., Migeot, J., Coronel-Oliveros, C., Tagliazucchi, E., Maito, M.A., Godoy, M.E., Cruzat, J., Shaheen, A., Farombi, T., Salazar, D., Da Ros, L.U., Borelli, W.V., Zimmer, E.R., Njamnshi, A.K., Bajpai, S., Dey, A.B., Mostert, C., Merali, Z., Salama, M., Moustafa, S.A., Fittipaldi, S., Altschuler, F., Medel, V., Huepe, D., Yaffe, K., Momoh, C., Eyre, H.A., Swieboda, P., Lawlor, B., Miranda, J.J., Duran-Aniotz, C., Baez, S. & Ibanez, A. (2025)\u00a0<a href=\"https:\/\/www.nature.com\/articles\/s41591-025-03808-2\">The exposome of healthy and accelerated aging across 40 countries<\/a>.<strong><em>\u00a0<\/em><\/strong><em>Nature Medicine<\/em>\u00a0.\u00a0<a href=\"https:\/\/doi.org\/10.1038\/s41591-025-03808-2\">https:\/\/doi.org\/10.1038\/s41591-025-03808-2<\/a><\/li>\n<li>Cardona JF, Trujillo\u2011Llano C., Miller J, & Iba\u00f1ez A.\u202f Address Colombia\u2019s brain\u2011health crisis. Nature, 2025 643, 336.\u00a0<a href=\"https:\/\/doi.org\/10.1038\/d41586-025-02155-z\">https:\/\/doi.org\/10.1038\/d41586-025-02155-z<\/a><\/li>\n<li>Mostert, C.M., Ibanez, A., Merali, Z., Jaguga, F. &\u00a0Udeh-Momoh, C. (2025)\u00a0<a href=\"https:\/\/www.nature.com\/articles\/s41591-025-03764-x\">An international treaty to regulate misuse of alcohol and cannabis<\/a>.\u00a0<em>Nature Medicine<\/em>.\u00a0<a href=\"https:\/\/doi.org\/10.1038\/s41591-025-03764-x\">https:\/\/doi.org\/10.1038\/s41591-025-03764-x<\/a><\/li>\n<li>Gao, C., Zheng, X., Cai, R., Yu, L., Schneider, J. A., Buchman, A. S., Bennett, D. A., Leng, Y., Ib\u00e1\u00f1ez, A., Gao, L., Hu, K., & Li, P. (2025).\u00a0<a href=\"https:\/\/www.nature.com\/articles\/s43856-025-00936-1\">Timing and intraindividual variability of daytime napping and Alzheimer's disease in older adults<\/a>.\u00a0<em>Communications medicine<\/em>, 5(1), 219.\u00a0<a href=\"https:\/\/doi.org\/10.1038\/s43856-025-00936-1\">https:\/\/doi.org\/10.1038\/s43856-025-00936-1<\/a><\/li>\n<li>Franco-O\u2019Byrne, D., Castro-Laguardia, A. M., Delgado, C., Shine, J. M., Huepe, D., Gonzalez-Gomez, R., Tagliazucchi, E., Gonzalez-Campo, C., Iba\u00f1ez, A., & Medel, V. (2025).\u00a0<a href=\"https:\/\/www.sciencedirect.com\/science\/article\/pii\/S1053811925003118?via%3Dihub\">Cardiometabolic state links neurovascular burden with brain structure and function across age: evidence from EEG and MRI<\/a>.\u00a0<em>Neuroimage<\/em>, 2025, 121308.\u00a0<em>In Press<\/em>.\u00a0<a href=\"https:\/\/doi.org\/10.1016\/j.neuroimage.2025.121308\">https:\/\/doi.org\/10.1016\/j.neuroimage.2025.121308<\/a><\/li>\n<li>Frost B, Rowe JB, Akinyemi RO, Abisambra JF, Ashton NJ, Brendel M, Bu\u00e9e L, Butler D, Carrillo MC, Chung P, Clelland CD, DeVos SL, Diaz K, Edelmayer RM, Elahi FM, Ellajosyula R, Ewen C, Fontana IC, Galas MC, Hansson O, H\u00f6glinger G, Horie K, Ibanez A, Jacobs L, Maina MB, Malpetti M, McDade E, McEwan W, Montoliu-Gaya L, Mummery CJ, Orr ME, Rohrer JD, Rommel A, Sastre C, Spires-Jones TL, Tee BL, Viney TJ, Walker JM, Wegmann S, Wildsmith K, Yadav R, Mahinrad S, Sexton C. (2025).\u00a0<a href=\"https:\/\/alz-journals.onlinelibrary.wiley.com\/doi\/10.1002\/alz.70078\">Insights into pathophysiology, biomarkers, and therapeutics in tauopathies: Proceedings of the Tau2024 Global Conference<\/a>.\u00a0<em>Alzheimer's & dementia : the journal of the Alzheimer's Association<\/em>, 21(5), e70078.\u00a0<a href=\"https:\/\/doi.org\/10.1002\/alz.70078\">https:\/\/doi.org\/10.1002\/alz.70078<\/a><\/li>\n<li>Bonham, L.W., Sirkis, D.W., Pang, A.P.S., Sugrue, L.P., Santamar\u00eda-Garc\u00eda, H., Ib\u00e1\u00f1ez, A.M., Miller, B.L., Yokoyama, J.S. & Corley, M.J. for the Alzheimer\u2019s Disease Neuroimaging Initiative.\u00a0(2025).\u00a0<a href=\"https:\/\/www.nature.com\/articles\/s44400-025-00007-1\">DNA methylation age from peripheral blood predicts progression to Alzheimer\u2019s disease, white matter disease burden, and cortical atrophy<\/a>.\u00a0\u00a0<em>npj Dementia<\/em>1, 7.\u00a0<a href=\"https:\/\/doi.org\/10.1038\/s44400-025-00007-1\">https:\/\/doi.org\/10.1038\/s44400-025-00007-1<\/a><\/li>\n<li>Njamnshi AK, Ndongo JF, Ngoh FN, Mbella LM, Ghogomu PM, Fouda SM, Ondoa Obama MA, Tchuinte M, Mey AO, Manaouda M, Assomo JB, Sadi RE, Motaze LP, Nganou ED, Li Likeng ML, Lyonga PN, Etoundi Ngoa LS, Foutsou M, Kombi NM, Tchiroma BI, Owona G, Ayissi HE, Balungeli CE, Hele P, Fuh CG, Mbah Acha RFN, Bidoung Kpwatt PI, Mbayu F, Tasong PN, de Dieu Momo J, Doh JP, Bayaola B, Kilo VA, Tchoyi DA\u00c0, Njeuma DL, Tamfu SF, Angwafo FF 3rd, Chumbow SB, Etoua RM, Omgba RL, Manga HN, Nanfosso RT, Chan A, Etoa FX, Zambo JMB, Mah EM, Monthe MT, Eheth S, Monono C, Biffot PP, Gabsa W, Cheka C, Echu G, Bella AE, Njock R, Fongod AGN, Ndongo DU, Leke RFG, Pondi JE, Fieggen G, Shehu BB, Ayadi R, Merali Z, Yusuf S, Apeagyei AE, Ranchod K, Salama M, Atangana A, Ngokeu E, Ndifon W, Tiahou G, Tchoua R, Korsten L, Ibanez A, Singh G, Abdullah JM, Kumar RD, Ihunwo AO, Mbarika VWA, Mbah D, Njamnshi WY, Ngarka L, Ahidjo N, Njitung C, Siewe J, Seke Etet PF, Tsiagadigui JG, Bissek AZK, Bella AL, Mbanya JC, Ndjolo A, de Paul Djientcheu V, Ntone FE, Luma HN, Mboudou E, Kasia JM, Leke RJI, Um Meka EN, Ashuntantang G, Ngaroua, Bum EN, Njoya O, Mbacham WF, Ongolo-Zogo P, Chabwine JN, Fongang B, Vulliemoz S, Perrig S, Sztajze R, Etya'ale D, Annoni JM, Chakraborty S, Tishkoff S, Cavazos JE, Maestre G, Seshadri S, Park KB, Newton C, Sander JW, Sen A, Illes J, Hannan A, Winkler AS, Narayan V, McLaughlin C, Pyykko M, Occhipinti JA, Beck D, Hiromoto J, Adorjan K, Destrebecq F, Vradenburg G, Manes F, Cross H, Filipescu D, Hachinski V, Bassetti CLA, Scientific Technical Committee YD, Eyre HA.\u00a0(2025).\u00a0<a href=\"https:\/\/www.ibroneuroscience.org\/article\/S0306-4522(25)00323-9\/fulltext\">African leadership in brain diplomacy: The Yaound\u00e9 declaration advances the global brain economy playbook for better brain health<\/a>. Neuroscience, 577, 161\u2013174. Advance online publication.\u00a0<a href=\"https:\/\/doi.org\/10.1016\/j.neuroscience.2025.04.032\">https:\/\/doi.org\/10.1016\/j.neuroscience.2025.04.032<\/a><\/li>\n<li>Cerami C, Boccardi M, Meli C, Panzavolta A, Funghi G, Festari C, Cappa SF, Chatzikostopoulos T, Chicherio C, Clarens F, de Oliveira FF, Di Lorenzo F, Filardi M, Ibanez A, Girtler N, Lebouvier T, Logroscino G, Luca A, MacPherson SE, Matias-Guiu JA, Piccoli T, Piguet O, Pomati S, Russo M, Sacco L, Schild AK, Sensi SL, Shirk SD, Sollberger M, T\u00e1buas-Pereira M, Tsolaki M, van den Berg E, Bertoux M, Kumfor F, Van den Stock J, Welsh-Bohmer KA, Dodich A; SIGNATURE initiative (2025).\u00a0<a href=\"https:\/\/bpspsychub.onlinelibrary.wiley.com\/doi\/10.1111\/jnp.12431\">Understanding barriers and optimizing socio-cognitive assessment in the diagnosis of neurocognitive disorders<\/a>.\u00a0<em>Journal of neuropsychology<\/em>, 10.1111\/jnp.12431. Advance online publication.\u00a0<a href=\"https:\/\/doi.org\/10.1111\/jnp.12431\">https:\/\/doi.org\/10.1111\/jnp.12431<\/a><\/li>\n<li>Gao C, Lim ASP, Haghayegh S, Cai R, Yang J, Yu L, Ibanez A, Buchman AS, Bennett DA, Gao L, Hu K, Li P.\u00a0<a href=\"https:\/\/www.ahajournals.org\/doi\/10.1161\/JAHA.125.041448\">Reduced Complexity of Pulse Rate Is Associated With Faster Cognitive Decline in Older Adults<\/a>. J Am Heart Assoc. 2025 May 7:e041448. doi: 10.1161\/JAHA.125.041448.<\/li>\n<li>Zsadanyi, S.E., Addison, E., Alladi, S., Andrews, S.J., BS, K., Carello-Collar, G., Dubljevi\u0107, O., Ehrenberg, A.J., Farina, F.R., Grinberg, L.T., \u00a0Ib\u00e1\u00f1ez, A., Martersteck, A., Nigussie, A., Rogalski, E.J., Seibert, K., Stefanova, E., Yaffe, K., Zewde, Y., Zimmer, E.R., Fontana, I.C. & Sexton, C.E. (2025).\u00a0<a href=\"https:\/\/www.nature.com\/articles\/s41593-025-01949-8\">Democratizing dementia research through global online conferences<\/a>.\u00a0<em>Nature Neuroscience<\/em>.\u00a0<a href=\"https:\/\/doi.org\/10.1038\/s41593-025-01949-8\">https:\/\/doi.org\/10.1038\/s41593-025-01949-8<\/a><\/li>\n<li>Ibanez A, Farombi T.\u00a0<a href=\"https:\/\/alz-journals.onlinelibrary.wiley.com\/doi\/full\/10.1002\/alz.70222\">Biological imprint of education and rights-based brain capital<\/a>. Alzheimers Dement. 2025 Apr;21(4):e70222. doi: 10.1002\/alz.70222.<\/li>\n<li>Gonzalez-Gomez, R., Cruzat, J., Hern\u00e1ndez, H., Migeot, J., Legaz, A., Santamaria-Garc\u00eda, H., Fittipaldi, S., Maito, M.A., Medel, V., Tagliazucchi, E., Barttfeld, P., Franco-O\u2019Byrne, D., Castro Laguardia, A.M., Borquez, P.A., Avila-Funes, J.A., Behrens, M.I., Custodio, N., Farombi, T., Garc\u00eda, A.M., Garcia-Cordero, I., Godoy, M.E., Gonzalez Campo, C., Hu, K., Lawlor, B., Matallana, D.L., Miller, B., Okada de Oliveira, M., Pina-Escudero, S.D., Resende, E.P.F., Reyes, P., Slachevsky, A., Takada, L.T., Yener, G.G., Coronel-Oliveros, C. & Iba\u00f1ez, A. (2025)\u00a0<a href=\"https:\/\/www.sciencedirect.com\/science\/article\/pii\/S2589537025001191\">Qualitative and quantitative educational disparities and brain signatures in healthy aging and dementia across global settings<\/a>.<em>eClinicalMedicine<\/em>,\u00a0Volume 82, April 2025, 103187.\u00a0<a href=\"https:\/\/doi.org\/10.1016\/j.eclinm.2025.103187\">https:\/\/doi.org\/10.1016\/j.eclinm.2025.103187<\/a><\/li>\n<li>Bruxel EM, Rovaris DL, Belangero SI, Chavarr\u00eda-Soley G, Cuellar-Barboza AB, Mart\u00ednez-Maga\u00f1a JJ, Nagamatsu ST, Nievergelt CM, N\u00fa\u00f1ez-R\u00edos DL, Ota VK, Peterson RE, Sloofman LG, Adams AM, Albino E, Alvarado AT, Andrade-Brito D, Arguello-Pascualli PY, Bandeira CE, Bau CHD, Bulik CM, Buxbaum JD, Cappi C, Corral-Frias NS, Corrales A, Corsi-Zuelli F, Crowley JJ, Cupertino RB, da Silva BS, De Almeida SS, De la Hoz JF, Forero DA, Fries GR, Gelernter J, Gonz\u00e1lez-Giraldo Y, Grevet EH, Grice DE, Hern\u00e1ndez-Garayua A, Hettema JM, Ib\u00e1\u00f1ez A, Ionita-Laza I, Lattig MC, Lima YC, Lin Y-S, L\u00f3pez-Le\u00f3n S, Loureiro CM, Mart\u00ednez-Cerde\u00f1o V, Mart\u00ednez-Levy GA, Melin K, Moreno-De-Luca D, Muniz Carvalho C, Olivares AM, Oliveira VF, Ormond R, Palmer AA, Panzenhagen AC, Passos-Bueno MR, Peng Q, P\u00e9rez-Palma E, Prieto ML, Roussos P, Sanchez-Roige S, Santamar\u00eda-Garc\u00eda H, Shansis FM, Sharp RR, Storch EA, Tavares MEA, Tietz GE, Torres-Hern\u00e1ndez BA, Tovo-Rodrigues L, Trelles P, Trujillo-ChiVacuan EM, Vel\u00e1squez MM, Vera-Urbina F, Voloudakis G, Wegman-Ostrosky T, Zhen-Duan J, Zhou H, da Silva BS, De Almeida SS, De la Hoz JF, Santoro ML, Nicolini H, Atkinson EG, Giusti-Rodr\u00edguez P, Montalvo-Ortiz JL.\u00a0<a href=\"https:\/\/www.nature.com\/articles\/s41588-025-02127-z\">Latin American Genomics C. Psychiatric genetics in the diverse landscape of Latin American populations<\/a>. Nature Genetics 2025:\u00a0<a href=\"https:\/\/doi.org\/10.1038\/s41588-025-02127-z\">https:\/\/doi.org\/10.1038\/s41588-025-02127-z<\/a><\/li>\n<li>Hazelton, J.L., Ibanez, A., Kumfor, F. (2024). I<a href=\"https:\/\/link.springer.com\/referenceworkentry\/10.1007\/978-3-031-32046-0_180-1\">nteroception in Health and Disease: Theoretical and Methodological Considerations<\/a>. In: Martin, C.R., Preedy, V.R., Patel, V.B., Rajendram, R. (eds) Handbook of the Behavior and Psychology of Disease. Springer, Cham.\u00a0<a href=\"https:\/\/doi.org\/10.1007\/978-3-031-32046-0_180-1\">https:\/\/doi.org\/10.1007\/978-3-031-32046-0_180-1<\/a><\/li>\n<li>Mushtaq F., Ib\u00e1\u00f1ez A. (2025).\u00a0<a href=\"https:\/\/doi.org\/10.1111\/ejn.70078\">Electroencephalography (EEG) and the Quest for an Inclusive and Global Neuroscience<\/a>. Eur J Neurosci, 61: e70078.\u00a0<a href=\"https:\/\/doi.org\/10.1111\/ejn.70078\">https:\/\/doi.org\/10.1111\/ejn.70078<\/a><\/li>\n<li>Haghayegh, S., Herzog, R., Bennett, D. A., Redline, S., Yaffe, K., Stone, K. L., Ib\u00e1\u00f1ez, A., & Hu, K. (2025).\u00a0<a href=\"https:\/\/journals.sagepub.com\/doi\/10.1177\/13872877251319742\">Predicting future risk of developing cognitive impairment using ambulatory sleep EEG: Integrating univariate analysis and multivariate information theory approach<\/a>.\u00a0<em>Journal of Alzheimer's disease : JAD<\/em>, 13872877251319742. Advance online publication.\u00a0<a href=\"https:\/\/doi.org\/10.1177\/13872877251319742\">https:\/\/doi.org\/10.1177\/13872877251319742<\/a><\/li>\n<li>Haghayegh, S., Hermida, R. C., Smolensky, M. H., Jimenez Gallardo, M., Duran-Aniotz, C., Slachevsky, A., Behrens, M. I., Aguillon, D., Santamaria-Garcia, H., Garci\u0301a, A. M., Matallana, D., Iba\u0301n\u0303ez, A., & Hu, K. (2025).\u00a0<a href=\"https:\/\/www.mdpi.com\/2624-5175\/7\/1\/11\">Critical Review of the Methodological Shortcoming of Ambulatory Blood Pressure Monitoring and Cognitive Function Studies<\/a>.<em>Clocks & Sleep<\/em>, 7(1), 11.\u00a0<a href=\"https:\/\/doi.org\/10.3390\/clockssleep7010011\">https:\/\/doi.org\/10.3390\/clockssleep7010011<\/a><\/li>\n<li>Hazelton, J.L., Ibanez, A., Kumfor, F. (2024).\u00a0<a href=\"https:\/\/link.springer.com\/referenceworkentry\/10.1007\/978-3-031-32046-0_49-1\">Interoception and Social Cognition in Dementias<\/a>. In: Martin, C.R., Preedy, V.R., Patel, V.B., Rajendram, R. (eds)\u00a0<em>Handbook of the Behavior and Psychology of Disease. Springer, Cham<\/em>.\u00a0<a href=\"https:\/\/doi.org\/10.1007\/978-3-031-32046-0_49-1\">https:\/\/doi.org\/10.1007\/978-3-031-32046-0_49-1<\/a><\/li>\n<li>Hazelton, J. L., Della Bella, G., Barttfeld, P., Dottori, M., Gonzalez-Gomez, R., Migeot, J., Moguilner, S., Legaz, A., Hernandez, H., Prado, P., Cuadros, J., Maito, M., Fraile-Vazquez, M., Gonz\u00e1lez Gadea, M. L., \u00c7atal, Y., Miller, B., Piguet, O., Northoff, G., & Ib\u00e1\u00f1ez, A. (2025).\u00a0<a href=\"https:\/\/www.thelancet.com\/journals\/ebiom\/article\/PIIS2352-3964(25)00058-1\/fulltext\">Altered spatiotemporal brain dynamics of interoception in behavioural-variant frontotemporal dementia<\/a>.\u00a0<em>EBioMedicine<\/em>, 113, 105614. Advance online publication.\u00a0<a href=\"https:\/\/doi.org\/10.1016\/j.ebiom.2025.105614\">https:\/\/doi.org\/10.1016\/j.ebiom.2025.105614<\/a><\/li>\n<li>Babiloni, C., Arakaki, K., Baez, S., Barry, R.J., Benussi, A., Blinowska, K., Bonanni, L., Borroni, B., Bosch Bayard, J., Bruno, G., Cacciotti, A., Carducci, F., Carino, J., Carpi, M., Conte, A., Cruzat, J., D\u2019Antonio, F., Della Penna, S., Del Percio, C., De Sanctis, P., Escudero, J., Fabbrini, G., Farina, F.R., Fraga, F.J., Fuhr, P., Gschwandtner, U., G\u00fcntekin, B., Guo, Y., Hajos, M., Hallett, M., Hampel, H., Hano\u011flu, L., Haraldsen, I., Hassan, M., Hatlestad-Hall, C., Horv\u00e1th, A.A., Ibanez, A., Infarinato, F., Jaramillo-Jimenez, A., Jeong, J., Jiang, Y., Kami\u0144ski, M., Koch, G., Kumar, S., Leodori, G., Li, G., Lizio, R., Lopez, S., Ferri, R., Maest\u00fa, F., Marra, C., Marzetti, L., McGeown, W., Miraglia, F., Moguilner, S., Moretti, D.V., Mushtaq, F., Noce, G., Nucci, L., Ochoa, J., Onorati, P., Padovani, A., Pappalettera, C., Parra, M.A., Pardini, M., Pascual-Marqui, R., Paulus, W., Pizzella, V., Prado, P., Rauchs, G., Ritter, P., Salvatore, M., Santamaria-Garc\u00eda, H., Schirner, M., Soricelli, A., Taylor, J., Tankisi, H., Tecchio, F., Teipel, S., Kodamullil, A.T., Triggiani, A.I., Valdes-Sosa, M., Valdes-Sosa, P., Vecchio, F., Vossel, K., Yao, D., Yener, G., Ziemann, U. & Kamondi, A.\u00a0<a href=\"https:\/\/www.sciencedirect.com\/science\/article\/pii\/S1388245725002913?via%3Dihub\">Alpha rhythm and Alzheimer\u2019s disease: Has Hans Berger\u2019s dream come true?<\/a>.\u00a0<em>Clinical Neurophysiology.<\/em>172 (2025) 33\u201350.\u00a0<a href=\"https:\/\/doi.org\/10.1016\/j.clinph.2025.02.256\">https:\/\/doi.org\/10.1016\/j.clinph.2025.02.256<\/a><\/li>\n<li>Legaz, A., Baez, S., & Ibanez, A. (2025).\u00a0<a href=\"https:\/\/www.ibroneuroscience.org\/article\/S0306-4522(25)00124-1\/abstract\">Unequal burdens: How structural socioeconomic inequality shapes brain health in aging and dementia<\/a>.\u00a0<em>Neuroscience<\/em>, S0306-4522(25)00124-1. Advance online publication.<a href=\"https:\/\/doi.org\/10.1016\/j.neuroscience.2025.02.016\">https:\/\/doi.org\/10.1016\/j.neuroscience.2025.02.016<\/a><\/li>\n<li>Ibanez A.<a href=\"https:\/\/doi.org\/10.1016\/j.isci.2025.111918\">Inspired by struggle: A personal journey to global precision brain health<\/a>.\u00a0<em>iScience<\/em>\u00a02025;\u00a0<strong>28<\/strong>(2): 111918.\u00a0<a href=\"https:\/\/doi.org\/10.1016\/j.isci.2025.111918\">https:\/\/doi.org\/10.1016\/j.isci.2025.111918<\/a><\/li>\n<li>Ibanez, A. & Legaz, A. (2025).\u00a0<a href=\"https:\/\/www.nature.com\/articles\/s43587-025-00822-4\">Transdisciplinary links between societal inequality and brain structure and dynamics<\/a>.<em>Nature Aging<\/em>,\u00a0<a href=\"https:\/\/doi.org\/10.1038\/s43587-025-00822-4\">https:\/\/doi.org\/10.1038\/s43587-025-00822-4<\/a><\/li>\n<li>Da Ros, L.U., Vendramini Borelli, W., Schaffer Aguzzoli, C., De Bastiani, M.A., Porcello Schilling, L., Santamaria-Garcia, H., Pascoal, T.A., Rosa-Neto, P., Souza, D.O., Costa da Costa, J., Iba\u00f1ez, A., Kimie Suemoto, C. & Zimmer, E.R. (2025).\u00a0<a href=\"https:\/\/www.thelancet.com\/journals\/langlo\/article\/PIIS2214-109X(24)00451-0\/fulltext\">Social and health disparities associated with healthy brain ageing in Brazil and in other Latin American countries<\/a>.\u00a0<em>The Lancet Global Health<\/em>, Volume 13, Issue 2, e277 - e284\u00a0 doi:\u00a0 10.1016\/S2214-109X(24)00451-0<\/li>\n<\/ul>\n<p><strong>2024\u00a0<\/strong><\/p>\n<ul>\n<li>Farina FR, Bridgeman K, Gregory S, Crivelli L, Foote IF, Jutila OI, Kucikova L, Mariano LI, Nguyen KH, Thayanandan T, Akindejoye F, Butler J, Calandri IL, \u010cepukaityt\u0117 G, Chiesa ST, Dawson WD, Deckers K, Cruz-G\u00f3ngora V, Dounavi ME, Govia I, Guzm\u00e1n-V\u00e9lez E, Heikal SA, Hill-Jarrett TG, Ibanez A, James BD, McGlinchey E, Mullin DS, Muniz-Terrera G, Pintado Caipa M, Qansuwa EM, Robinson L, Santuccione Chadha A, Shannon OM, Su L, Weidner W, Booi L.\u00a0<a href=\"https:\/\/www.thelancet.com\/journals\/lanhl\/article\/PIIS2666-7568(24)00191-0\/fulltext\">Next generation brain health: transforming global research and public health to promote prevention of dementia and reduce its risk in young adult populations<\/a>. Lancet Healthy Longevity, 2024 Dec;5(12):100665. doi: 10.1016\/j.lanhl.2024.100665.<\/li>\n<li>Legaz A, Altschuler F, Gonzalez-Gomez R, Hern\u00e1ndez H, Baez S, Migeot J, Fittipaldi S, Medel V, Maito MA, Godoy ME, Moguilner S, Cruzat J, Coronel-Oliveros C, Tagliazuchi E, Santamaria Garcia H, Farina FR, Reyes P, Javandel S, Garc\u00eda AM, Deleglise \u00c1, Matallana DL, Avila-Funes JA, Slachevsky A, Behrens MI, Custodio N, Trujillo-Llano C, Cardona JF, Barttfeld P, Brusco IL, Bruno MA, Sosa Ortiz AL, Pina-Escudero SD, Takada LT, Fran\u00e7a Resende EdP, Possin KL, Okada de Oliveira M, Hu K, Lopera F, Lawlor B, Valcour V, Yokoyama JS, Miller B, Iba\u00f1ez A.\u00a0<a href=\"https:\/\/doi.org\/10.1038\/s43587-024-00781-2\">Structural inequality linked to brain volume and network dynamics in aging and dementia across the Americas<\/a>.\u00a0<em>Nature Aging,<\/em>2024:\u00a0<a href=\"https:\/\/doi.org\/10.1038\/s43587-024-00781-2\">https:\/\/doi.org\/10.1038\/s43587-024-00781-2<\/a><\/li>\n<li>Piskorz, M. M., Stefanolo, J. P., Iba\u00f1ez, A., Eugenia, H., Bravo Velez, G., Tevez, A., Gutierrez, C., Uehara, T., Hashimoto, H., Puga-Tejada, M., Gonzalez Ballerga, E., & Olmos, J. A. (2024).\u00a0<a href=\"https:\/\/journals.lww.com\/jcge\/abstract\/9900\/gut_brain_axis_and_irritable_bowel_syndrome_during.399.aspx\">Gut-brain Axis and Irritable Bowel Syndrome During the Lockdown due to the SARS-CoV-2 Pandemic: A Survey-based Study<\/a>.\u00a0<em>Journal of clinical gastroenterology<\/em>, 10.1097\/MCG.0000000000002123. Advance online publication.\u00a0<a href=\"https:\/\/doi.org\/10.1097\/MCG.0000000000002123\">https:\/\/doi.org\/10.1097\/MCG.0000000000002123<\/a><\/li>\n<li>Amoruso, L., Moguilner, S., Castillo, E. M., Kleineschay, T., Geng, S., Ib\u00e1\u00f1ez, A. & Garc\u00eda, A. M. (2024).\u00a0<a href=\"https:\/\/academic.oup.com\/scan\/advance-article\/doi\/10.1093\/scan\/nsae066\/7933342?utm_source=advanceaccess&utm_campaign=scan&utm_medium=email\">Neural dynamics of social verb processing: An MEG study<\/a>.\u00a0Social Cognitive and Affective Neuroscience. <a href=\"https:\/\/doi.org\/10.1093\/scan\/nsae066\">https:\/\/doi.org\/10.1093\/scan\/nsae066<\/a><\/li>\n<li>Perez-Chadid, D. A., Dange, R. M., Eyre, H. A., Fieggen, G., Vaughan, K. A., Sheth, S. A., Abdullah, J. M., Shehu, B. B., Donoho, D., Browd, S., Ibanez, A., & Rosseau, G. (2024).\u00a0<a href=\"https:\/\/www.sciencedirect.com\/science\/article\/pii\/S1878875024019879?via%3Dihub\">The Neurosurgeon's Role in Brain Health Diplomacy: The Next Step for Global Neurosurgery.<\/a>World neurosurgery, S1878-8750(24)01987-9. Online publication.\u00a0<a href=\"https:\/\/doi.org\/10.1016\/j.wneu.2024.11.123\">https:\/\/doi.org\/10.1016\/j.wneu.2024.11.123<\/a><\/li>\n<li>Caviedes, A., Orellana, P., \u00c1vila-Rinc\u00f3n, C., Ib\u00e1\u00f1ez, A., Corley, M. J., Santamar\u00eda-Garc\u00eda, H., Duran-Aniotz, C., & Ochoa-Rosales, C. (2024).\u00a0<a href=\"https:\/\/alz-journals.onlinelibrary.wiley.com\/doi\/10.1002\/alz.14295\">Epigenetics of dementia remains unraveled in Latin American and Caribbean populations: A call for collaborative efforts<\/a>.\u00a0<em>Alzheimer's & dementia: the journal of the Alzheimer's Association<\/em>, 10.1002\/alz.14295. Advance online publication.\u00a0<a href=\"https:\/\/doi.org\/10.1002\/alz.14295\">https:\/\/doi.org\/10.1002\/alz.14295<\/a><\/li>\n<li>Udeh-Momoh, C., Maina, R., Anazodo, U., Akinyemi, R., Atwoli, L., Baker, L., Bassil, D., Blackmon, K., Bosire, E., Chemutai, G., Crivelli, L., Eze, L.U., Ibanez, A., Kafetsouli, D., Karikari, T.K., Khakali, L., Kumar, M., Lengyel, I., de Jager Loots, C.A., Mangialasche, F., Mbugua, S., Merali, Z., Mielke, M., Mostert, C., Muthoni, E., Nesic-Taylor, O., Ngugi, A., Nguku, S., Ogunniyi, A., Ogunyemi, A., Okonkwo, O.C., Okubadejo, N., Perneczky, R., Peto, T., Riang'a, R.M., Saleh, M., Sayed, S., Shah, J., Shah, S., Solomon, A., Thesen, T., Trepel, D., Ucheagwu, V., Valcour, V., Waa, S., Watermeyer, T., Yokoyama, J., Zetterberg, H., Kivipelto, M & Africa-FINGERS Study Team. (2024).\u00a0<a href=\"https:\/\/alz-journals.onlinelibrary.wiley.com\/doi\/10.1002\/alz.14344\">Dementia risk reduction in the African context: Multi-national implementation of multimodal strategies to promote healthy brain aging in Africa (the Africa-FINGERS project)<\/a>.<em>\u00a0Alzheimer's & Dementia<\/em>; 1-17.\u00a0<a href=\"https:\/\/doi.org\/10.1002\/alz.14344\">https:\/\/doi.org\/10.1002\/alz.14344<\/a><\/li>\n<li>Dubois B, Villain N, Schneider L, Fox N, Campbell N, Galasko D, Kivipelto M, Jessen F, Hanseeuw B, Boada M, Barkhof F, Nordberg A, Froelich L, Waldemar G, Frederiksen KS, Padovani A, Planche V, Rowe C, Bejanin A, Ibanez A, Cappa S, Caramelli P, Nitrini R, Allegri R, Slachevsky A, de Souza LC, Bozoki A, Widera E, Blennow K, Ritchie C, Agronin M, Lopera F, Delano-Wood L, Bombois S, Levy R, Thambisetty M, Georges J, Jones DT, Lavretsky H, Schott J, Gatchel J, Swantek S, Newhouse P, Feldman HH, Frisoni GB.\u00a0(2024).\u00a0<a href=\"https:\/\/jamanetwork.com\/journals\/jamaneurology\/fullarticle\/2825806\">Alzheimer Disease as a Clinical-Biological Construct-An International Working Group Recommendation<\/a>.\u00a0<em>JAMA neurology<\/em>, 10.1001\/jamaneurol.2024.3770. Advance online publication.\u00a0<a href=\"https:\/\/doi.org\/10.1001\/jamaneurol.2024.3770\">https:\/\/doi.org\/10.1001\/jamaneurol.2024.3770<\/a><\/li>\n<li>Nail-Beatty, O.,\u00a0Ibanez, A.,\u00a0Ayadi, R.,\u00a0Swieboda, P.,\u00a0Njamnshi, A.K.,\u00a0Occhipinti, J.,\u00a0Hynes, W.,\u00a0Ikiz, B.,\u00a0Castro-Aldrete, L.,\u00a0O\u2019Brien, K.,\u00a0Platt, M.L.,\u00a0Adalat, S.,\u00a0Abdullah, J.M.,\u00a0Dhamija, R.K.,\u00a0Merali, Z.,\u00a0Mostert, C.,\u00a0Beck, D.,\u00a0Saxena, S.,\u00a0Salama, M.,\u00a0Abdelraheem, O.M.,\u00a0Destrebecq, F.,\u00a0Slavich, G.M.,\u00a0Shehu, B.,\u00a0Fieggen, G.,\u00a0Ghogomu, P.M.,\u00a0Bassetti, C.L.A. &\u00a0Eyre, H.A. (2024).\u00a0<a href=\"https:\/\/academic.oup.com\/braincomms\/article\/6\/6\/fcae360\/7852944\">Brain health is essential for smooth economic transitions: towards socio-economic sustainability, productivity and well-being<\/a>.\u00a0<em>Brain Communications<\/em>, Volume 6, Issue 6\u00a0<a href=\"https:\/\/doi.org\/10.1093\/braincomms\/fcae360\">https:\/\/doi.org\/10.1093\/braincomms\/fcae360<\/a><\/li>\n<li>O'Donovan, G., Petermann-Rocha, F., Ferrari, G., Medina, C., Ochoa-Rosales, C., Sarmiento, O. L. L., & Ib\u00e1\u00f1ez, A. (2024).\u00a0<a href=\"https:\/\/bjsm.bmj.com\/content\/early\/2024\/09\/26\/bjsports-2024-108460\">Associations of the 'weekend warrior' physical activity pattern with mild dementia: findings from the Mexico City Prospective Study<\/a>.\u00a0<em>British journal of sports medicine<\/em>, bjsports-2024-108460. Advance online publication.\u00a0<a href=\"https:\/\/doi.org\/10.1136\/bjsports-2024-108460\">https:\/\/doi.org\/10.1136\/bjsports-2024-108460<\/a><\/li>\n<li>Baez, S., Castro-Aldrete, L., Britton, G.B., Iba\u00f1ez, A. &\u00a0Santuccione-Chadha, A. (2024)\u00a0<a href=\"https:\/\/www.nature.com\/articles\/s44220-024-00339-6\">Enhancing brain health in the global south through a sex and gender lens<\/a>.\u00a0<em>Nature Mental Health<\/em>.\u00a0<a href=\"https:\/\/doi.org\/10.1038\/s44220-024-00339-6\">https:\/\/doi.org\/10.1038\/s44220-024-00339-6<\/a><\/li>\n<li>Hazelton JL, Carneiro F, Maito M, Richter F, Legaz A, Altschuler F, Cubillos-Pinilla L, Chen Y, Doherty CP, Baez S, Ib\u00e1\u00f1ez A.\u00a0<a href=\"https:\/\/www.sciencedirect.com\/science\/article\/pii\/S0006322324016974?via%3Dihub\">Neuroimaging meta-analyses reveal convergence of interoception, emotion, and social cognition across neurodegenerative diseases<\/a>.\u00a0<em>Biological Psychiatry<\/em>, 2024,\u00a0<a href=\"https:\/\/doi.org\/10.1016\/j.biopsych.2024.10.013\">https:\/\/doi.org\/10.1016\/j.biopsych.2024.10.013<\/a><\/li>\n<li>Ibanez, A. & \u00a0Baez, S. (2024)\u00a0<a href=\"https:\/\/www.nature.com\/articles\/s41591-024-03318-7\">Computational brain models map diversity embedded in aging and dementia<\/a>.\u00a0<em>Nature Medicine<\/em>.\u00a0<a href=\"https:\/\/doi.org\/10.1038\/s41591-024-03318-7\">https:\/\/doi.org\/10.1038\/s41591-024-03318-7<\/a><\/li>\n<li>Rosick\u00e1, A. M., Teckentrup, V., Fittipaldi, S., Ibanez, A., Pringle, A., Gallagher, E., Hanlon, A. K., Claus, N., McCrory, C., Lawlor, B., Naci, L., & Gillan, C. M. (2024).\u00a0<a href=\"https:\/\/alz-journals.onlinelibrary.wiley.com\/doi\/10.1002\/alz.13885\">Modifiable dementia risk factors associated with objective and subjective cognition<\/a>.\u00a0<em>Alzheimer's & dementia : the journal of the Alzheimer's Association<\/em>, 10.1002\/alz.13885. Advance online publication.\u00a0<a href=\"https:\/\/doi.org\/10.1002\/alz.13885\">https:\/\/doi.org\/10.1002\/alz.13885<\/a><\/li>\n<li>Ib\u00e1\u00f1ez, A., Bateman, R. & Santamaria-Garc\u00eda, H.(2024)\u00a0<a href=\"https:\/\/www.nature.com\/articles\/s43587-024-00735-8\">Francisco Lopera (1951\u20132024)<\/a>.\u00a0<em>Nature Aging<\/em>.\u00a0<a href=\"https:\/\/doi.org\/10.1038\/s43587-024-00735-8\">https:\/\/doi.org\/10.1038\/s43587-024-00735-8<\/a><\/li>\n<li>Baez S, Hernandez H, Moguilner S, Cuadros J, Santamaria-Garcia H, Medel V, Migeot J, Cruzat J, Valdes-Sosa PA, Lopera F, Gonz\u00e1lez-Hern\u00e1ndez A, Bonilla-Santos J, Gonzalez-Montealegre RA, Akt\u00fcrk T, Legaz A, Altschuler F, Fittipaldi S, Yener GG, Escudero J, Babiloni C, Lopez S, Whelan R, Lucas AAF, Huepe D, Soto-A\u00f1ari M, Coronel-Oliveros C, Herrera E, Abasolo D, Clark RA, G\u00fcntekin B, Duran-Aniotz C, Parra MA, Lawlor B, Tagliazucchi E, Prado P, Ibanez A.\u00a0(2024).\u00a0<a href=\"https:\/\/onlinelibrary.wiley.com\/doi\/10.1002\/ctm2.70032\">Structural inequality and temporal brain dynamics across diverse samples<\/a>.<em>\u00a0Clinical and translational medicine<\/em>, 14(10), e70032.\u00a0<a href=\"https:\/\/doi.org\/10.1002\/ctm2.70032\">https:\/\/doi.org\/10.1002\/ctm2.70032<\/a><\/li>\n<li>McGlinchey, E., Duran-Aniotz, C., Akinyemi, R., Arshad, F., Zimmer, E.R., Cho, H., Adewale, B.A. & Ibanez, A. (2024)<a href=\"https:\/\/www.thelancet.com\/journals\/lanhl\/article\/PIIS2666-7568(24)00132-6\/fulltext\">\u00a0Biomarkers of neurodegeneration across the Global South<\/a>.\u00a0<em>The Lancet Healthy Longevity<\/em>\u00a0<a href=\"https:\/\/doi.org\/10.1016\/S2666-7568(24)00132-6\">https:\/\/doi.org\/10.1016\/S2666-7568(24)00132-6<\/a><\/li>\n<li>Jiang, Y., Neal, J., Sompol, P., Yener, G., Arakaki, X., Norris, C.M., Farina, F.R., Ibanez, A., Lopez, S., Al-Ezzi, A., Kavcic, V., G\u00fcntekin, B., Babiloni, C. & Haj\u00f3s, M. (2024).\u00a0<a href=\"https:\/\/alz-journals.onlinelibrary.wiley.com\/doi\/10.1002\/alz.14089\">Parallel electrophysiological abnormalities due to COVID-19 infection and to Alzheimer's disease and related dementia<\/a>.\u00a0<em>Alzheimer's & Dementia<\/em>, 1-24.\u00a0<a href=\"https:\/\/doi.org\/10.1002\/alz.14089\">https:\/\/doi.org\/10.1002\/alz.14089<\/a><\/li>\n<li>Njamnshi AK, Ibanez A., Singh G, Pyykko M., Hachinski V., Eyre HA <a href=\"https:\/\/www.thelancet.com\/journals\/laneur\/article\/PIIS1474-4422(24)00364-8\/fulltext\">The Yaound\u00e9 Declaration<\/a> The Lancet Neurology 2024; doi: <a href=\"https:\/\/doi.org\/10.1016\/S1474-4422(24)00364-8\">https:\/\/doi.org\/10.1016\/S1474-4422(24)00364-8<\/a><\/li>\n<li>Moguilner S, Baez S, Hernandez H, Migeot J, Legaz A, Gonzalez-Gomez R, Farina FR, Prado P, Cuadros J, Tagliazucchi E, Altschuler F, Maito MA, Godoy ME, Cruzat J, Valdes-Sosa PA, Lopera F, Ochoa-G\u00f3mez JF, Hernandez AG, Bonilla-Santos J, Gonzalez-Montealegre RA, Anghinah R, d\u2019Almeida Manfrinati LE, Fittipaldi S, Medel V, Olivares D, Yener GG, Escudero J, Babiloni C, Whelan R, G\u00fcntekin B, Y\u0131r\u0131ko\u011fullar\u0131 H, Santamaria-Garcia H, Lucas AF, Huepe D, Di Caterina G, Soto-A\u00f1ari M, Birba A, Sainz-Ballesteros A, Coronel-Oliveros C, Yigezu A, Herrera E, Abasolo D, Kilborn K, Rubido N, Clark RA, Herzog R, Yerlikaya D, Hu K, Parra MA, Reyes P, Garc\u00eda AM, Matallana DL, Avila-Funes JA, Slachevsky A, Behrens MI, Custodio N, Cardona JF, Barttfeld P, Brusco IL, Bruno MA, Sosa Ortiz AL, Pina-Escudero SD, Takada LT, Resende E, Possin KL, de Oliveira MO, Lopez-Valdes A, Lawlor B, Robertson IH, Kosik KS, Duran-Aniotz C, Valcour V, Yokoyama JS, Miller B, Ibanez A.\u00a0Brain clocks capture diversity and disparities in aging and dementia across geographically diverse populations. Nature medicine 2024,\u00a0<a href=\"https:\/\/doi.org\/10.1038\/s41591-024-03209-x\">https:\/\/doi.org\/10.1038\/s41591-024-03209-x<\/a><\/li>\n<li>Roy O, Moshfeghi Y, Ibanez A, Lopera F, Parra M, Smith K.\u00a0<a href=\"https:\/\/doi.org\/10.1162\/netn_a_00411\">FAST functional connectivity implicates P300 connectivity in working memory deficits in Alzheimer\u2019s disease<\/a>. Network Neuroscience 2024; doi:\u00a0<a href=\"https:\/\/doi.org\/10.1162\/netn_a_00411\">https:\/\/doi.org\/10.1162\/netn_a_00411<\/a><\/li>\n<li>Gonzalez-Gomez R, Legaz A, Moguilner S, Cruzat J, Hern\u00e1ndez H, Baez S, Cocchi R, Coronel-Olivero C, Medel V, Tagliazuchi E, Migeot J, Ochoa-Rosales C, Maito MA, Reyes P, Santamaria Garcia H, Godoy ME, Javandel S, Garc\u00eda AM, Matallana DL, Avila-Funes JA, Slachevsky A, Behrens MI, Custodio N, Cardona JF, Brusco IL, Bruno MA, Sosa Ortiz AL, Pina-Escudero SD, Takada LT, Resende EPF, Valcour V, Possin KL, Okada de Oliveira M, Lopera F, Lawlor B, Hu K, Miller B, Yokoyama JS, Gonzalez Campo C, Iba\u00f1ez A. <u>Educational disparities in brain health and dementia across Latin America and the United States<\/u>. Alzheimers Dement. 2024 Aug 13. doi: 10.1002\/alz.14085. Epub ahead of print. PMID: 39136296.<\/li>\n<li>Herzog R, Barbey FM, Islam MN, Rueda-Delgado L, Nolan H, Prado P, Krylova M, Izyurov I, Javaheripour N, Danyeli LV, Sen ZD, Walter M, O'Donnell P, Buhl DL, Murphy B, Ibanez A.\u00a0<a href=\"https:\/\/www.nature.com\/articles\/s41398-024-03029-0\">High-order brain interactions in ketamine during rest and task: a double-blinded cross-over design using portable EEG on male participants<\/a>. Transl Psychiatry. 2024 Jul 27;14(1):310. doi: 10.1038\/s41398-024-03029-0.<\/li>\n<li>Evans, T. E., Vilor-Tejedor, N., Operto, G., Falcon, C., Hofman, A., Ib\u00e1\u00f1ez, A., Seshadari, S., Tan, L. C., Weiner, M., Alladi, S., Anazodo, U., Gispert Lopez, J. D., Alzheimer\u2019s Disease Neuroimaging Initiative, Australian Imaging Biomarkers and Lifestyle flagship study of ageing, & Adams, H. H. H. (2024).\u00a0<a href=\"https:\/\/www.sciencedirect.com\/science\/article\/abs\/pii\/S2451902224002076?via%3Dihub\">Structural brain differences in the Alzheimer's disease continuum: Insights into the heterogeneity from a large multi-site neuroimaging consortium<\/a>.\u00a0<em>Biological psychiatry. Cognitive neuroscience and neuroimaging<\/em>, S2451-9022(24)00207-6. Advance online publication.\u00a0<a href=\"https:\/\/doi.org\/10.1016\/j.bpsc.2024.07.019\">https:\/\/doi.org\/10.1016\/j.bpsc.2024.07.019<\/a><\/li>\n<li>Ibanez A, Slachevsky A. <a href=\"https:\/\/www.nature.com\/articles\/s41582-024-00998-0\">Environmental-genetic interactions in ageing and dementia across Latin America<\/a>. Nature Review Neurology. 2024 Jul 12. <a href=\"https:\/\/www.nature.com\/articles\/s41582-024-00998-0\">https:\/\/www.nature.com\/articles\/s41582-024-00998-0<\/a><\/li>\n<li>Santamar\u00eda-Garc\u00eda H., Migeot J., Medel V., Hazelton J.L., Teckentrup V., Romero-Ortuno R., Piguet O., Lawor B., Northoff G. & Ibanez A.,\u00a0<a href=\"https:\/\/www.biologicalpsychiatryjournal.com\/article\/S0006-3223(24)01428-8\/fulltext\">Allostatic interoceptive overload across psychiatric and neurological conditions<\/a>,\u00a0<em>Biological Psychiatry<\/em>\u00a0(2024), doi:\u00a0<a href=\"https:\/\/doi.org\/10.1016\/j.biopsych.2024.06.024\">https:\/\/doi.org\/10.1016\/j.biopsych.2024.06.024<\/a><\/li>\n<li>Santamaria-Garcia H, Ibanez A.\u00a0 <a href=\"https:\/\/doi.org\/10.1038\/s43587-024-00656-6\">Latin American brain-health research requires regional data and tailored models<\/a>. Nature Aging, 2024.\u00a0<a href=\"https:\/\/doi.org\/10.1038\/s43587-024-00656-6\">https:\/\/doi.org\/10.1038\/s43587-024-00656-6<\/a><\/li>\n<li>Ibanez A, Maito M, Botero-Rodr\u00edguez F, Fittipaldi S, Coronel C, Migeot J, Lacroix A, Lawlor B, Duran-Aniotz C, Baez S, Santamaria-Garcia H.\u00a0<a href=\"https:\/\/doi.org\/10.1038\/s43587-024-00648-6\">Healthy aging meta-analyses and scoping review of risk factors across Latin America reveal large heterogeneity and weak predictive models<\/a>.\u00a0<em>Nature Aging<\/em>, 2024\u00a0<a href=\"https:\/\/doi.org\/10.1038\/s43587-024-00648-6\">https:\/\/doi.org\/10.1038\/s43587-024-00648-6<\/a><\/li>\n<li>Zegarra-Valdivia J, Arana-Nombera H, Perez-Fernandez L, Alamo-Medina R, Casimiro MdR, Bustamante-Delgado D, Matallana-Sanchez M, Gallegos-Manayay V, \u00c1lvarez-Bravo E, Arteaga-Cancino T, Abanto-Salda\u00f1a E, Oliva-Piscoya MdR, Cruz-Ordinola MC, Chavarry P, Chino-Vilca B, Paredes-Manrique C, Chirinos C, Custodio N and Iba\u00f1ez A (2024)\u00a0<a href=\"https:\/\/www.frontiersin.org\/journals\/psychology\/articles\/10.3389\/fpsyg.2024.1325237\/full\">The\u00a0impact\u00a0of\u00a0COVID-19\u00a0post-infection\u00a0on the\u00a0cognition\u00a0of\u00a0adults\u00a0from\u00a0Peru<\/a>.\u00a0<em>Front. Psychol<\/em>. 15:1325237. doi: 10.3389\/fpsyg.2024.1325237<\/li>\n<li>Hernandez H, Baez S, Medel V, Moguilner S, Cuadros J, Santamaria-Garcia H, Tagliazucchi E, Valdes-Sosa PA, Lopera F, OchoaG\u00f3mez JF, Hern\u00e1ndez AG, Bonilla-Santos J, Gonzalez-Montealegre RA, Akt\u00fcrk T, Y\u0131ld\u0131r\u0131m E, Anghinah R, Legaz A, Fittipaldi S, Yener GG, Escudero J, Babiloni C, Lopez S, Whelan R, Lucas AAF, Garc\u00eda AM, Huepe D, Caterina GD, Soto-A\u00f1ari M, Birba A, Sainz-Ballesteros A, Coronel C, Herrera E, Abasolo D, Kilborn K, Rubido N, Clark R, Herzog R, Yerlikaya D, G\u00fcntekin B, Parra MA, Prado P, Ibanez A.\u00a0<a href=\"https:\/\/doi.org\/10.1016\/j.neuroimage.2024.120636\">Brain health in diverse settings: How age, demographics and cognition shape brain function<\/a>. NeuroImage 2024: 120636\u00a0<a href=\"https:\/\/doi.org\/10.1016\/j.neuroimage.2024.120636\">https:\/\/doi.org\/10.1016\/j.neuroimage.2024.120636<\/a><\/li>\n<li>Trujillo-Llano C, Sainz-Ballesteros A, Suarez-Ardila F, Gonz\u00e1lez-Gadea ML, Ib\u00e1\u00f1ez A, Herrera E, Baez S.\u00a0<a href=\"https:\/\/doi.org\/10.1016\/j.ynstr.2024.100642\">Neuroanatomical markers of social cognition in neglected adolescents<\/a>. Neurobiology of stress 2024: 100642.\u00a0<a href=\"https:\/\/doi.org\/10.1016\/j.ynstr.2024.100642\">https:\/\/doi.org\/10.1016\/j.ynstr.2024.100642<\/a><\/li>\n<li>Haghayegh S, Gao C, Sugg E, Zheng X, Yang HW, Saxena R, Rutter MK, Weedon M, Ibanez A, Bennett DA, Li P, Gao L, Hu K.\u00a0Association of Rest-Activity Rhythm and Risk of Developing Dementia or Mild Cognitive Impairment in the Middle-Aged and Older Population: Prospective Cohort Study. JMIR Public Health Surveill. 2024, 7;10:e55211. doi: 10.2196\/55211.<\/li>\n<li>Ibanez A, Melloni L, \u015awieboda P, Hynes W, Ikiz B, Ayadi R, Thioye M, Walss-Bass C, G\u00fcntekin B, Mishra J, Salama M, Dunlop S, Duran-Aniotz C, Eyre HA.\u00a0<a href=\"https:\/\/doi.org\/10.1016\/j.neuron.2024.04.016\">Neuroecological links of the exposome and One Health<\/a>. Neuron, 2024,\u00a0<a href=\"https:\/\/doi.org\/10.1016\/j.neuron.2024.04.016\">https:\/\/doi.org\/10.1016\/j.neuron.2024.04.016<\/a><\/li>\n<li>Coronel-Oliveros C, Medel V, Orellana S, Rodi\u00f1o J, Lehue F, Cruzat J, Tagliazucchi E, Brzezicka A, Orio P, Kowalczyk-Gr\u0119bska N, Ib\u00e1\u00f1ez A.\u00a0<a href=\"https:\/\/www.sciencedirect.com\/science\/article\/pii\/S1053811924001289?via%3Dihub\">Gaming expertise induces meso-scale brainplasticity and efficiency mechanisms as revealed by whole-brain modeling.<\/a>\u00a0NeuroImage 2024: 120633<\/li>\n<li>Franco-O'Byrne D, Santamar\u00eda-Garc\u00eda H, Migeot J, Ib\u00e1\u00f1ez A.\u00a0<a href=\"https:\/\/link.springer.com\/chapter\/10.1007\/7854_2024_471\">Emerging Theories of Allostatic-Interoceptive Overload in Neurodegeneration<\/a>. Curr Top Behav Neurosci. 2024 Apr 19. doi: 10.1007\/7854_2024_471. Epub ahead of print. PMID: 38637414.<\/li>\n<li>Ibanez A, Maito M, Botero-Rodr\u00edguez F, Fittipaldi S, Coronel C, Migeot J, Lacroix A, Lawlor B, Duran-Aniotz C, Baez S, Santamaria-Garcia H.\u00a0<a href=\"https:\/\/doi.org\/10.1038\/s43587-024-00648-6\">Healthy aging meta-analyses and scoping review of risk factors across Latin America reveal large heterogeneity and weak predictive models<\/a>.\u00a0<em>Nature Aging<\/em>, 2024\u00a0<a href=\"https:\/\/doi.org\/10.1038\/s43587-024-00648-6\">https:\/\/doi.org\/10.1038\/s43587-024-00648-6<\/a><\/li>\n<li>Coronel-Oliveros C, Medel V, Orellana S, Rodi\u00f1o J, Lehue F, Cruzat J, Tagliazucchi E, Brzezicka A, Orio P, Kowalczyk-Gr\u0119bska N, Ib\u00e1\u00f1ez A.\u00a0<a href=\"https:\/\/www.sciencedirect.com\/science\/article\/pii\/S1053811924001289?via%3Dihub\">Gaming expertise induces meso-scale brainplasticity and efficiency mechanisms as revealed by whole-brain modeling.<\/a> NeuroImage 2024: 120633<\/li>\n<li>Eyre HA, Hynes W, Ayadi R, Swieboda P, Berk M, Ibanez A, Castell\u00f3 ME, Jeste DV, Tempest M, Abdullah JM, O'Brien K, Carnevale S, Njamnshi AK, Martino M, Mannix D, Maestri K, Yu R, Chen S, Ng CH, Volmink HC, Ahuja R, Destrebecq F, Vradenburg G, Schmied A, Manes F, Platt ML. <a href=\"http:\/\/www.mjms.usm.my\/MJMS31012024\/MJMS31012024_01.pdf\">The Brain Economy: Advancing Brain Science to Better Understand the Modern Economy<\/a>.\u00a0Malays J Med Sci. 2024 Feb;31(1):1-13. doi: 10.21315\/mjms2024.31.1.1.<\/li>\n<li>O'Donovan G, Petermann-Rocha F, Ferrari G, Lee IM, Hamer M, Stamatakis E, Sarmiento OL, Ib\u00e1\u00f1ez A, Lopez-Jaramillo P.\u00a0<a href=\"https:\/\/doi.org\/10.1136\/bjsports-2023-107612\">Associations of the 'weekend warrior' physical activity pattern with all-cause, cardiovascular disease and cancer mortality: the Mexico City Prospective Study<\/a>. Br J Sports Med. 2024 Feb 1:bjsports-2023-107612. doi: 10.1136\/bjsports-2023-107612. Epub ahead of print. PMID: 38302280.<\/li>\n<li>Ibanez A, Kringelbach ML, Deco G.\u00a0<a href=\"https:\/\/www.cell.com\/trends\/cognitive-sciences\/fulltext\/S1364-6613(23)00306-6?rss=yes\">A synergetic turn in cognitive neuroscience of brain diseases<\/a>.\u00a0<em>Trends in cognitive sciences,<\/em>\u00a02024,\u00a0<a href=\"https:\/\/doi.org\/10.1016\/j.tics.2023.12.006\">https:\/\/doi.org\/10.1016\/j.tics.2023.12.006<\/a><\/li>\n<li>Aguzzoli Peres F, Nogueira Haas A, Martha A D, Chan M, Steele M, Ferretti M T, Ngcobo N N, Ilinca S, Dom\u00ednguez-Vivero C, Leroi I, Sajnani N, Zimmer E R, Kornhuber A, Kalache A, Holtzhausen B, Trist\u00e3o-Pereira C, Dupont C, Cohen D, de Jong D, Facal D, O\u2019Sullivan D, Mateus E, Roso E, Estrop E, Gamba G, San Martin Elexpe G, Diaz Hern\u00e1ndez H U, Quaid H, Govia I, Barbosa J, Garc\u00eda del Moral J, Miller J, Garc\u00eda Garc\u00eda J A, Quaid K, Navarro L, Z\u00fa\u00f1iga Garc\u00eda L, Waters L, Molete L, Godoy M E, Sigauke M, de Ataide Schulte M W, Estrop P, San Martin Elexpe Cardoso P, Perez R, Patterson R, Chakrabarti R, Wong R, Marsillas S, Lowe S, S\u00e1nchez Rego T, Farombi T, Montgomery T, in \u2018t Veen T, Yanni V, Weidner W, Ibanez A. <a href=\"https:\/\/alz-journals.onlinelibrary.wiley.com\/doi\/10.1002\/alz.13644\">Walking the Talk for <\/a><a href=\"https:\/\/alz-journals.onlinelibrary.wiley.com\/doi\/10.1002\/alz.13644\">Dementia: A Unique Immersive, Embodied, and Multi-Experiential Initiative<\/a>. Alzheimer\u2019s and Dementia, 2024, <a href=\"https:\/\/doi.org\/10.1002\/alz.13644\">https:\/\/doi.org\/10.1002\/alz.13644<\/a><\/li>\n<li>Fittipaldi S, Migeot J, Ibanez A.\u00a0<a href=\"https:\/\/www.cell.com\/trends\/cognitive-sciences\/fulltext\/S1364-6613(23)00305-4\">Socioeconomic disparitiesharm social cognition<\/a>. Trends Cogn Sci. 2024 Jan 6:S1364-6613(23)00305-4. doi: 10.1016\/j.tics.2023.12.005.<\/li>\n<li>Fittipaldi S, Legaz A, Maito M, Hernandez H, Altschuler F, Canziani V, Moguilner S, Gillan CM, \u00a0\u00a0Castillo J, Lillo P, Custodio N, Avila-Funes JA, Cardona JF, Slachevsky A, Henriquez F, Fraile-Vazquez M, Cruz de Souza L, Borroni B, Hornberger M, Lopera F, Santamaria-Garcia H, Matallana D, Reyes P, Gonzalez-Campo C, Bertoux M, Ibanez A.\u00a0<a href=\"https:\/\/doi.org\/10.1038\/s44220-023-00164-3\">Heterogeneous factors influence social cognition across diverse settings in brain health and age-related diseases<\/a>.\u00a0<em>Nature Mental Health<\/em>\u00a02024:\u00a0<a href=\"https:\/\/doi.org\/10.1038\/s44220-023-00164-3\">https:\/\/doi.org\/10.1038\/s44220-023-00164-3<\/a><\/li>\n<\/ul>\n<p><strong>2023<\/strong><\/p>\n<ul>\n<li>Ibanez, A. and Northoff, G.\u00a0<a href=\"https:\/\/doi.org\/10.1016\/j.neubiorev.2023.105510\">Intrinsic timescales and predictive allostatic interoception inbrain health and disease<\/a>. Neuroscience & Biobehavioral Reviews, 2023,\u00a0<a href=\"https:\/\/doi.org\/10.1016\/j.neubiorev.2023.105510\">https:\/\/doi.org\/10.1016\/j.neubiorev.2023.105510<\/a><\/li>\n<li>Prado P, Medel V, Gonzalez-Gomez R, Sainz-Ballesteros A, Vidal V, Santamar\u00eda-Garc\u00eda H, Moguilner S, Mejia J, Slachevsky A, Beherens MI, Aguillon D, Lopera F, Parra MA, Matallana D, Maito MA, Garcia AM, Custodio N, Avila Funes A, Pi\u00f1a-Escudero S, Birba A, Fittipaldi S, Legaz A, Iba\u00f1ez A.\u00a0<a href=\"https:\/\/doi.org\/10.1038\/s41597-023-02806-8\">The BrainLat project, a multimodal neuroimaging dataset of neurodegeneration from underrepresented backgrounds<\/a>.\u00a0<em>Scientific Data<\/em>\u00a02023;\u00a0<strong>10<\/strong>(1): 889,\u00a0<a href=\"https:\/\/doi.org\/10.1038\/s41597-023-02806-8\">https:\/\/doi.org\/10.1038\/s41597-023-02806-8<\/a><\/li>\n<li>Baez S, Alladi S, Ibanez A.\u00a0<a href=\"https:\/\/onlinelibrary.wiley.com\/doi\/epdf\/10.1002\/ctm2.1486\">Global South research is critical for understanding brain health, ageing and dementia<\/a>. Clin Transl Med. 2023 Nov;13(11):e1486. doi: 10.1002\/ctm2.1486. PMID: 37987144.<\/li>\n<li>Dawson WD, Booi L, Pintado-Caipa M, Okada de Oliveira M, Kornhuber A, Spoden N, Golonka O, Shallcross L, Davidziuk A, Cominetti MR, Vergara-Manr\u00edquez M, Kochhann R, Robertson I, Eyre HA, Ib\u00e1\u00f1ez A.\u00a0<a href=\"https:\/\/www.sciencedirect.com\/science\/article\/pii\/S2667193X23002016\">The Brain Health Diplomat's Toolkit: supporting brain health diplomacy leaders in Latin America and the Caribbean<\/a>. The Lancet Regional Health - Americas 2023; 28: 100627.<\/li>\n<li>Angeler DG, Smith E, Berk M, Ibanez A, Eyre H<em>.<\/em>\u00a0<a href=\"https:\/\/doi.org\/10.1007\/s44192-023-00051-4\">Navigating the multiple dimensions of the creativity-mental disorder link: a Convergence Mental Health perspective<\/a>.\u00a0<em>Discov Ment Health<\/em>\u00a0<strong>3<\/strong>, 24 (2023).\u00a0<a href=\"https:\/\/doi.org\/10.1007\/s44192-023-00051-4\">https:\/\/doi.org\/10.1007\/s44192-023-00051-4<\/a><\/li>\n<li>Schiller D, Yu ANC, Alia-Klein N, Becker S, Cromwell HC, Dolcos F, Eslinger PJ, Frewen P, Kemp AH, Pace-Schott EF, Raber J, Silton RL, Stefanova E, Williams JHG, Abe N, Aghajani M, Albrecht F, Alexander R, Anders S, Arag\u00f3n OR, Arias JA, Arzy S, Aue T, Baez S, Balconi M, Ballarini T, Bannister S, Banta MC, Barrett KC, Belzung C, Bensafi M, Booij L, Bookwala J, Boulanger-Bertolus J, Boutros SW, Br\u00e4scher AK, Bruno A, Busatto G, Bylsma LM, Caldwell-Harris C, Chan RCK, Cherbuin N, Chiarella J, Cipresso P, Critchley H, Croote DE, Demaree HA, Denson TF, Depue B, Derntl B, Dickson JM, Dolcos S, Drach-Zahavy A, Dubljevi\u0107 O, Eerola T, Ellingsen DM, Fairfield B, Ferdenzi C, Friedman BH, Fu CHY, Gatt JM, deGelder B, Gendolla GHE, Gilam G, Goldblatt H, Gooding AEK, Gosseries O, Hamm AO, Hanson JL, Hendler T, Herbert C, Hofmann SG, Ibanez A, Joffily M, Jovanovic T, Kahrilas IJ, Kangas M, Katsumi Y, Kensinger E, Kirby LAJ, Koncz R, Koster EHW, Kozlowska K, Krach S, Kret ME, Krippl M, Kusi-Mensah K, Ladouceur CD, Laureys S, Lawrence A, Li CR, Liddell BJ, Lidhar NK, Lowry CA, Magee K, Marin MF, Mariotti V, Martin LJ, Marusak HA, Mayer AV, Merner AR, Minnier J, Moll J, Morrison RG, Moore M, Mouly AM, Mueller SC, M\u00fchlberger A, Murphy NA, Muscatello MRA, Musser ED, Newton TL, Noll-Hussong M, Norrholm SD, Northoff G, Nusslock R, Okon-Singer H, Olino TM, Ortner C, Owolabi M, Padulo C, Palermo R, Palumbo R, Palumbo S, Papadelis C, Pegna AJ, Pellegrini S, Peltonen K, Penninx BWJH, Pietrini P, Pinna G, Lobo RP, Polnaszek KL, Polyakova M, Rabinak C, HeleneRichter S, Richter T, Riva G, Rizzo A, Robinson JL, Rosa P, Sachdev PS, Sato W, Schroeter ML, Schweizer S, Shiban Y, Siddharthan A, Siedlecka E, Smith RC, Soreq H, Spangler DP, Stern ER, Styliadis C, Sullivan GB, Swain JE, Urben S, Van den Stock J, Vander Kooij MA, van Overveld M, Van Rheenen TE, VanElzakker MB, Ventura-Bort C, Verona E, Volk T, Wang Y, Weingast LT, Weymar M, Williams C, Willis ML, Yamashita P, Zahn R, Zupan B, Lowe L, Gabriela G, Charlotte F H, Leonie L.\u00a0<a href=\"https:\/\/doi.org\/10.1016\/j.neubiorev.2023.105450\">The Human Affectome<\/a>.\u00a0<em>Neurosci Biobehav Rev<\/em>, 2023, doi: 10.1016\/j.neubiorev.2023.105450.<\/li>\n<li>Ibanez A, Eyre H.\u00a0<a href=\"http:\/\/dx.doi.org\/10.1136\/bmjment-2023-300803\">Brain capital, ecological development and sustainable environments<\/a>. BMJ Ment Health. 2023 Oct;26(1):1-3. doi: 10.1136\/bmjment-2023-300803.<\/li>\n<li>Ib\u00e1\u00f1ez A, K\u00fchne K, Miklashevsky A, Monaco E, Muraki E, Ranzini M, Speed L, Tuena\u00a0C. (2023).\u00a0<a href=\"https:\/\/journalofcognition.org\/articles\/10.5334\/joc.228\">Ecological Meanings: A Consensus Paper on Individual Differences and Contextual Influences in Embodied Language<\/a>. Journal of Cognition, 6(1): 59, pp. 1\u201329. DOI:\u00a0<a href=\"https:\/\/doi.org\/10.5334\/\">https:\/\/doi.org\/10.5334\/<\/a>\u00a0joc.228<\/li>\n<li>Loughrey D, Jordan C, Ibanez A, Parra M.\u00a0<a href=\"https:\/\/scholar.google.com\/scholar?oi=bibs&cluster=2899892853171804791&btnI=1&hl=en\">Age-related hearing loss associated with differences in the neural correlates of feature binding in visual working memory<\/a>\u00a0Neurobiology of Aging, 2023,\u00a0<a href=\"https:\/\/doi.org\/10.1016\/j.neurobiolaging.2023.09.016\">https:\/\/doi.org\/10.1016\/j.neurobiolaging.2023.09.016<\/a><\/li>\n<li>Eyre HA, Stirland LE, Jeste DV, Reynolds CF, Berk M, Ibanez A, Dawson WD, Lawlor B, Leroi I, Yaffe K, Gatchel JR, Karp JF, Newhouse P, Rosand J, Letourneau N, Bayen E, Farina F, Booi L, Devanand DP, Mintzer J, Madigan S, Jayapurwala I, Wong STC, Falcoa VP, Cummings JL, Reichman W, Lock SL, Bennett M, Ahuja R, Steffens DC, Elkind MSV, Lavretsky H.\u00a0<a href=\"https:\/\/doi.org\/10.1016\/j.jagp.2023.09.013\">Life-Course Brain Health as a Determinant of Late-Life Mental Health: American Association for Geriatric Psychiatry Expert Panel Recommendations<\/a>. The American Journal of Geriatric Psychiatry 2023,\u00a0<a href=\"https:\/\/doi.org\/10.1016\/j.jagp.2023.09.013\">https:\/\/doi.org\/10.1016\/j.jagp.2023.09.013<\/a><\/li>\n<li>Eyre H, Carnevale S, Smith E, Mannix D, Chen S, Berk M, Abbott R, Dawson W, Edmonds T, Occhipinti J-A, Moses-Eisenstein M, Hynes W, Kenett Y N, Merseal H M, Storch E A, Munir D, Veron F, Gilbert B J, Leboyer M, Hackett J T, Nanda U, Wong S T C, Fu E, Tempest M, Lavretsky H, Ibanez A, Bilder R, Jayapurwala I, Krentz J, Sahai F, Haque Q, Soares J, Kelly K, Balusu C, Tom A, Saxena S, Falc\u00e3o V P, Winters K, Boulos L-J, Ranchod K, Murray L, Jeste D V, Lundin R, Wickerson G, Ayadi R, Sol\u00eds-Tarazona L R, Tomori D, Meidl R A, Brennan P, Booi L, Farina F, Mohwinckel M, Gannon G C, Scott J, Castello M, Reiter-Palmon R, Handelin B, Ng C, Elkind M S V, Robertson I, \u015awieboda P, Corner L, Platt M, Johnson E, Rosand J.<em>\u00a0<\/em><a href=\"https:\/\/www.bakerinstitute.org\/research\/7-steps-igniting-brain-capital-industrial-strategy\">7 Steps for Igniting the Brain Capital Industrial Strategy<\/a>.<em> The Baker Institute for Public Policy, 2023,\u00a0<\/em><a href=\"https:\/\/doi.org\/10.25613\/TYZC-0N60\">https:\/\/doi.org\/10.25613\/TYZC-0N60\u00a0<\/a><\/li>\n<li>Santamaria-Garcia H., Ibanez A. \u00a0<a href=\"https:\/\/www.nature.com\/articles\/s41591-023-02531-0\">Risk factors related to population diversity and disparity determine healthy aging<\/a>. Nature Medicine, 2023.\u00a0<a href=\"https:\/\/doi.org\/10.1038\/s41591-023-02531-0\">https:\/\/doi.org\/10.1038\/s41591-023-02531-0<\/a><\/li>\n<li>Santamaria-Garcia H, Sainz-Ballesteros A, Hernandez H, Moguilner S, Maito M, Ochoa Rosales C,Corley M, Valcour V, Miranda J, Lawlor B, Ibanez A. <a href=\"https:\/\/www.nature.com\/articles\/s41591-023-02495-1\">Factors associated with healthy aging in Latin American populations<\/a>. <em>Nature Medicine,<\/em> 2023 <a href=\"https:\/\/www.nature.com\/articles\/s41591-023-02495-1\">https:\/\/www.nature.com\/articles\/s41591-023-02495-1<\/a> https:\/\/doi.org\/10.1038\/s41591-023-02495-1<\/li>\n<li>Migeot J, Ibanez A.\u00a0<a href=\"https:\/\/doi.org\/10.1016\/B978-0-12-820480-1.00025-5\">Allostatic interoception and brain health: From neurodegeneration to social adversities<\/a>. Encyclopedia of the Human Brain. Elsevier, 2023,\u00a0<a href=\"https:\/\/doi.org\/10.1016\/B978-0-12-820480-1.00025-5\">https:\/\/doi.org\/10.1016\/B978-0-12-820480-1.00025-5<\/a><\/li>\n<li>Ruiz-Adame M, Iba\u00f1ez A, Mollayeva T, Tr\u00e9pel D.\u00a0<a href=\"https:\/\/content.iospress.com\/articles\/journal-of-alzheimers-disease\/jad230265\">Association Between Neuroticism and Dementia on Healthcare Use: A Multi-Level Analysis Across 27 Countries from The Survey of Health, Ageing and Retirement in Europe (SHARE)<\/a>. Journal of Alzheimer's Disease 2023; DOI: 10.3233\/JAD-230265<\/li>\n<li>Ib\u00e1\u00f1ez A, Legaz A, Ruiz-Adame M.\u00a0<a href=\"https:\/\/academic.oup.com\/brain\/advance-article\/doi\/10.1093\/brain\/awad236\/7223123?searchresult=1\">Addressing the gaps between socioeconomic disparities and biological models of dementia<\/a>, Brain, 2023; awad236,\u00a0<a href=\"https:\/\/doi.org\/10.1093\/brain\/awad236\">https:\/\/doi.org\/10.1093\/brain\/awad236<\/a><\/li>\n<li>Ibanez A.\u00a0<a href=\"https:\/\/doi.org\/10.1016\/j.tics.2023.06.004\">Intellectual cyborgs and the future of science<\/a>.\u00a0<em>Trends in cognitive sciences<\/em> 2023. DOI:<a href=\"https:\/\/doi.org\/10.1016\/j.tics.2023.06.004\">https:\/\/doi.org\/10.1016\/j.tics.2023.06.004<\/a><\/li>\n<li>Eyre H, Ibanez A, Falcao VP, Winter SF, Berk M, Gilbert BJ, Erickson KI, Smith E, K\u00fchn S, Dawson W, Hynes W, Lundin R, Weatherill HJ, Sudimac S, Chen S, Regazzoni CJ, Bilder R, Lawlor B, Cotter E, Occhipinti J, Jeste DV, Quoidbach V, Destrebecq F, Lavretsky H, Jraissati J, Edmonds T, Lister C, Freeman MA, Deif R, Sale V, Sarnyai Z, Storch EA, Robertson IH, Reynolds CF III, Ng CH, Santuccione Chadha A, Dunlop S, Farina FR, Booi L, Sweiboda P, Howrot T, Sim\u00f3 S, Carlo A, Loughman A, Butterworth I, Jacka F, Ayadi R, Meidl R, Belkin G, Salama M.\u00a0<a href=\"https:\/\/www.bakerinstitute.org\/research\/brain-capital-key-sustainable-future\">Brain Capital is Key to a Sustainable Future<\/a>. The Baker Institute for Public Policy, 2023,\u00a0<a href=\"https:\/\/www.bakerinstitute.org\/research\/brain-capital-key-sustainable-future\">https:\/\/www.bakerinstitute.org\/research\/brain-capital-key-sustainable-future<\/a><\/li>\n<li>Prado P, Mej\u00eda JA, Sainz-Ballesteros A, Birba A, Moguilner S, Herzog R, Otero M, Cuadros J, Rivera L, O'Byrne DF, Parra M, Ib\u00e1\u00f1ez A.\u00a0<a href=\"https:\/\/alz-journals.onlinelibrary.wiley.com\/doi\/10.1002\/dad2.12455\">Harmonized multi-metric and multi-centric assessment of EEG source space connectivity for dementia characterization<\/a>. Alzheimer's & Dementia: Diagnosis, Assessment & Disease Monitoring 2023; 15(3): e12455.<\/li>\n<li>Golombek D, Booi L, Campbell D, Dawson W, Eyre H, Lawlor B, Ibanez A.\u00a0<a href=\"https:\/\/doi.org\/10.1016\/S2666-7568(23)00109-5\">Sleep diplomacy: an approach to boosting global brain health<\/a>.\u00a0<em>Lancet Healthy Longevity,<\/em>2023.\u00a0<a href=\"https:\/\/doi.org\/10.1016\/S2666-7568(23)00109-5\">https:\/\/doi.org\/10.1016\/S2666-7568(23)00109-5<\/a><\/li>\n<li>Molina-Donoso M, Parrao T, Meillon C, Thumala D, Lillo P, Villagra R, Iba\u00f1ez A, Cerda M, Zitko P, Amieva H, Slachevsky A.\u00a0<a href=\"https:\/\/doi.org\/10.1080\/13803395.2023.2221399\">Assessing subjective cognitive decline in older adults attending primary health care centers: what question should be asked?<\/a>J Clin Exp Neuropsychol. 2023 Jul 4:1-8. doi: 10.1080\/13803395.2023.2221399. Epub ahead of print. PMID: 37403327.<\/li>\n<li>Ibanez A, Matallana D and Miller B.\u00a0<a href=\"https:\/\/www.frontiersin.org\/articles\/10.3389\/fneur.2023.1202173\/full?&utm_source=Email_to_authors_&utm_medium=Email&utm_content=T1_11.5e1_author&utm_campaign=Email_publication&field=&journalName=Frontiers_in_Neurology&id=1202173\">Can prosocial values improve brain health?<\/a>Front. Neurol. 2023, 14:1202173. doi: 10.3389\/fneur.2023.1202173<\/li>\n<li>Migeot J,\u00a0Hesse E,\u00a0Fittipaldi S.,\u00a0Mej\u00eda J,\u00a0Fraile M, Garc\u00eda AM,\u00a0Garc\u00eda M,\u00a0Ortega R,\u00a0Lawlor B, Lopez V,\u00a0Ib\u00e1\u00f1ez A.<a href=\"https:\/\/doi.org\/10.1016\/j.neuroimage.2023.120200\">Allostatic-interoceptive\u00a0<\/a><a href=\"https:\/\/doi.org\/10.1016\/j.neuroimage.2023.120200\">anticipation of social rejection.<\/a>\u00a0NeuroImage, 2023,\u00a0<a href=\"https:\/\/doi.org\/10.1016\/j.neuroimage.2023.120200\">https:\/\/doi.org\/10.1016\/j.neuroimage.2023.120200<\/a><\/li>\n<li>Azevedo F, Pavlovi\u0107 T, R\u00eago GG, Ay FC, Gjoneska B, Etienne TW, Ross RM, Sch\u00f6negger P, Ria\u00f1o-Moreno JC, Cichocka A, Capraro V, Cian L, Longoni C, Chan HF, Van Bavel JJ, Sj\u00e5stad H, Nezlek JB, Alfano M, Gelfand MJ, Birtel MD, Cislak A, Lockwood PL, Abts K, Agadullina E, Aruta JJB, Besharati SN, Bor A, Choma BL, Crabtree CD, Cunningham WA, De K, Ejaz W, Elbaek CT, Findor A, Flichtentrei D, Franc R, Gruber J, Gualda E, Horiuchi Y, Huynh TLD, Ibanez A, Imran MA, Israelashvili J, Jasko K, Kantorowicz J, Kantorowicz-Reznichenko E, Krouwel A, Laakasuo M, Lamm C, Leygue C, Lin M-J, Mansoor MS, Marie A, Mayiwar L, Mazepus H, McHugh C, Minda JP, Mitkidis P, Olsson A, Otterbring T, Packer DJ, Perry A, Petersen MB, Puthillam A, Rothmund T, Santamar\u00eda-Garc\u00eda H, Schmid PC, Stoyanov D, Tewari S, Todosijevi\u0107 B, Tsakiris M, Tung HH, Umbres RG, Vanags E, Vlasceanu M, Vonasch A, Yucel M, Zhang Y, Abad M, Adler E, Akrawi N, Mdarhri HA, Amara H, Amodio DM, Antazo BG, Apps M, Ba MH, Barbosa S, Bastian B, Berg A, Bernal-Z\u00e1rate MP, Bernstein M, Bia\u0142ek M, Bilancini E, Bogatyreva N, Boncinelli L, Booth JE, Borau S, Buchel O, Cameron CD, Carvalho CF, Celadin T, Cerami C, Chalise HN, Cheng X, Cockcroft K, Conway J, C\u00f3rdoba-Delgado MA, Crespi C, Crouzevialle M, Cutler J, Cyprya\u0144ska M, Dabrowska J, Daniels MA, Davis VH, Dayley PN, Delouv\u00e9e S, Denkovski O, Dezecache G, Dhaliwal NA, Diato AB, Di Paolo R, Drosinou M, Dulleck U, Ekmanis J, Ertan AS, Farhana HH, Farkhari F, Farmer H, Fenwick A, Fidanovski K, Flew T, Fraser S, Frempong RB, Fugelsang JA, Gale J, Garcia-Navarro EB, Garladinne P, Ghajjou O, Gkinopoulos T, Gray K, Griffin SM, Gronfeldt B, G\u00fcmren M, Gurung RL, Halperin E, Harris E, Herzon V, Hru\u0161ka M, Huang G, Hudecek MFC, Isler O, Jangard S, Jorgensen FJ, Kachanoff F, Kahn J, Dangol AK, Keudel O, Koppel L, Koverola M, Kubin E, Kunnari A, Kutiyski Y, Laguna OM, Leota J, Lermer E, Levy J, Levy N, Li C, Long EU, Magli\u0107 M, McCashin D, Metcalf AL, Miklou\u0161i\u0107 I, El Mimouni S, Miura A, Molina-Paredes J, Monroy-Fonseca C, Morales-Marente E, Moreau D, Muda R, Myer A, Nash K, Nesh-Nash T, Nitschke JP, Nurse MS, Ohtsubo Y, de Mello VO, O\u2019Madagain C, Onderco M, Palacios-Galvez MS, Palom\u00f6ki J, Pan Y, Papp Z, P\u00e4rnamets P, Paruzel-Czachura M, Pavlovi\u0107 Z, Pay\u00e1n-G\u00f3mez C, Perander S, Pitman MM, Prasad R, Pyrkosz-Pacyna J, Rathje S, Raza A, Rhee K, Robertson CE, Rodr\u00edguez-Pascual I, Saikkonen T, Salvador-Ginez O, Santi GC, Santiago-Tovar N, Savage D, Scheffer JA, Schultner DT, Schutte EM, Scott A, Sharma M, Sharma P, Skali A, Stadelmann D, Stafford CA, Stanojevi\u0107 D, Stefaniak A, Sternisko A, Stoica A, Stoyanova KK, Strickland B, Sundvall J, Thomas JP, Tingh\u00f6g G, Torgler B, Traast IJ, Tucciarelli R, Tyrala M, Ungson ND, Uysal MS, Van Lange PAM, van Prooijen J-W, van Rooy D, V\u00e4stfj\u00e4ll D, Verkoeijen P, Vieira JB, von Sikorski C, Walker AC, Watermeyer J, Wetter E, Whillans A, White K, Habib R, Willardt R, Wohl MJA, W\u00f3jcik AD, Wu K, Yamada Y, Yilmaz O, Yogeeswaran K, Ziemer C-T, Zwaan RA, Boggio PS, Sampaio WM.\u00a0<a href=\"https:\/\/www.nature.com\/articles\/s41597-023-02080-8#citeas\">Social and moral psychology of COVID-19 across 69 countries<\/a>. Scientific Data 2023; 10(1): 272. https:\/\/doi.org\/10.1038\/s41597-023-02080-8<\/li>\n<li>Eyre, H. A., Berk, M., Ayadi, R., Dunlop, S., Dickson, S. L., Storch, E. A., Lane, M. M., Brown, L. C., O\u2019Brien, K., Salama, M., Smith, E., Le, H., Ib\u00e1\u00f1ez, A., Kolappa, K., Occhipinti, J.-A., & Jacka, F. (2023).\u00a0<a href=\"https:\/\/www.bakerinstitute.org\/research\/good-food-vital-brain-health-so-we-must-change-food-industry\">Good food is vital for brain health so we must change the food industry<\/a>. The Baker Institute for Public Policy, 2023. https:\/\/doi.org\/10.25613\/1XYC-TM97<\/li>\n<li>Zugman A, Alliende LM, Medel V, Bethlehem RAI, Seidlitz J, Ringlein G, Arango C, Arnatkevi\u010di\u016bt\u0117 A, Asmal L, Bellgrove M, Benegal V, Bernardo M, Billeke P, Bosch-Bayard J, Bressan R, Busatto GF, Castro MN, Chaim-Avancini T, Compte A, Costanzi M, Czepielewski L, Dazzan P, de la Fuente-Sandoval C, Di Forti M, D\u00edaz-Caneja CM, Mar\u00eda D\u00edaz-Zuluaga A, Du Plessis S, Duran FLS, Fittipaldi S, Fornito A, Freimer NB, Gadelha A, Gama CS, Garani R, Garcia-Rizo C, Gonzalez Campo C, Gonzalez-Valderrama A, Guinjoan S, Holla B, Iba\u00f1ez A, Ivanovic D, Jackowski A, Leon-Ortiz P, Lochner C, L\u00f3pez-Jaramillo C, Luckhoff H, Massuda R, McGuire P, Miyata J, Mizrahi R, Murray R, Ozerdem A, Pan PM, Parellada M, Phahladira L, Ramirez-Mahaluf JP, Reckziegel R, Reis Marques T, Reyes-Madrigal F, Roos A, Rosa P, Salum G, Scheffler F, Schumann G, Serpa M, Stein DJ, Tepper A, Tiego J, Ueno T, Undurraga J, Undurraga EA, Valdes-Sosa P, Valli I, Villarreal M, Winton-Brown TT, Yalin N, Zamorano F, Zanetti MV; cVeda; Winkler AM, Pine DS, Evans-Lacko S, Crossley NA.\u00a0<a href=\"https:\/\/www.pnas.org\/doi\/epdf\/10.1073\/pnas.2218782120\">Country-level gender inequality is associated with structural differences in the brains of women and men<\/a>. Proc Natl Acad Sci U S A. 2023;120(20):e2218782120. doi: 10.1073\/pnas.2218782120.<\/li>\n<li>Duperron MG, Knol MJ, Le Grand Q, Evans TE, Mishra A, Tsuchida A, Roshchupkin G, Konuma T, Tr\u00e9gou\u00ebt DA, Romero JR, Frenzel S, Luciano M, Hofer E, Bourgey M, Dueker ND, Delgado P, Hilal S, Tankard RM, Dubost F, Shin J, Saba Y, Armstrong NJ, Bordes C, Bastin ME, Beiser A, Brodaty H, B\u00fclow R, Carrera C, Chen C, Cheng CY, Deary IJ, Gampawar PG, Himali JJ, Jiang J, Kawaguchi T, Li S, Macalli M, Marquis P, Morris Z, Mu\u00f1oz Maniega S, Miyamoto S, Okawa M, Paradise M, Parva P, Rundek T, Sargurupremraj M, Schilling S, Setoh K, Soukarieh O, Tabara Y, Teumer A, Thalamuthu A, Trollor JN, Vald\u00e9s Hern\u00e1ndez MC, Vernooij MW, V\u00f6lker U, Wittfeld K, Wong TY, Wright MJ, Zhang J, Zhao W, Zhu YC, Schmidt H, Sachdev PS, Wen W, Yoshida K, Joutel A, Satizabal CL, Sacco RL, Bourque G; CHARGE consortium; Lathrop M, Paus T, Fernandez-Cadenas I, Yang Q, Mazoyer B, Boutinaud P, Okada Y, Grabe HJ, Mather KA, Schmidt R, Joliot M, Ikram MA, Matsuda F, Tzourio C, Wardlaw JM, Seshadri S, Adams HHH, Debette S.\u00a0<a href=\"https:\/\/www.nature.com\/articles\/s41591-023-02268-w\">Genomics of perivascular space burden unravels early mechanisms of cerebral small vessel disease<\/a>. Nat Med. 2023 Apr;29(4):950-962. doi: 10.1038\/s41591-023-02268-w.<\/li>\n<li>Sadarangani KP, Schuch FB, De-Roia G, Mart\u00ednez-Gomez D, Chavez R, Lobo P, Cristi-Montero C, Werneck AO, Alzahrani H, Ferrari G, Ibanez A, Silva D, Von Oetinger A, Matias TS, Gravobac I, Meyer J.\u00a0<a href=\"https:\/\/www.sciencedirect.com\/science\/article\/pii\/S1440244023000762\">Exchanging screen for non-screen sitting time or physical activity might attenuate depression and anxiety: a cross-sectional isotemporal analysis during early pandemics in South America<\/a>.\u00a0<em>Journal of Science and Medicine in Sport<\/em>2023,\u00a0<a href=\"https:\/\/doi.org\/10.1016\/j.jsams.2023.04.007\">https:\/\/doi.org\/10.1016\/j.jsams.2023.04.007<\/a><\/li>\n<li>Hazelton JL, Fittipaldi S, Fraile-Vazquez M, Sourty M, Legaz A, Hudson AL, Cordero IG, Salamone PC, Yoris A, Iba\u00f1ez A, Piguet O, Kumfor F. <a href=\"https:\/\/www.sciencedirect.com\/science\/article\/pii\/S0010945223000606?via%3Dihub\">Thinking versus feeling: How interoception and cognition influence emotion recognition in behavioural-variant frontotemporal dementia, Alzheimer's disease, and Parkinson's disease<\/a>.\u00a0<em>Cortex<\/em>2023,\u00a0<a href=\"https:\/\/doi.org\/10.1016\/j.cortex.2023.02.009\">https:\/\/doi.org\/10.1016\/j.cortex.2023.02.009<\/a><\/li>\n<li>Moguilner S, Whelan R, Adams H, Valcour V, Tagliazucchi E, Ib\u00e1\u00f1ez A.\u00a0<a href=\"https:\/\/www.thelancet.com\/journals\/ebiom\/article\/PIIS2352-3964(23)00105-6\/fulltext\">Visual deep learning of unprocessed neuroimaging characterises dementia subtypes and generalises across non-stereotypic samples.<\/a>EBioMedicine. 25;90:104540. doi: 10.1016\/j.ebiom.2023.104540.<\/li>\n<li>Maestre G, Carrillo M, Kalaria R, Acosta D, Adams L, Adoukonou T, Akinwande K, Akinyemi J, Akinyemi R, Akpa O, Alladi S, Allegri R, Arizaga R, Arshad F, Arulogun O, Babalola D, Baiyewu O, Bak T, Bellaj T, Boshe J, Brayne C, Brodie-Mends D, Brown R, Cahn J, Cyrille N, Damasceno A, de Silva R, de Silva R, Djibuti M, Dreyer AJ, Ellajosyula R, Farombi T, Fongang B, Forner S, Friedland R, Garza N, Gbessemehlan A, Georgiou EE, Gouider R, Govia I, Grinberg L, Guerchet M, Gugssa S, Gumikiriza-Onoria JL, Gustafson D, Hogervorst E, Hornberger M, Ibanez A, Ihara M, Ismail O, Issac T, J\u00f6nsson L, Kaputu C, Karanja W, Karungi J, Tshala-Katumbay D, Kunkle B, Lee JH, Leroi I, Lewis R, Livingston G, Lopera F, Lwere K, Manes F, Mbakile-Mahlanza L, Mena P, Miller B, Millogo A, Mohamed A, Musyimi C, Mutiso V, Nakasujja N, Ndetei D, Nightingale S, Njamnshi AK, Novotni G, Nyamayaro P, Nyame S, Ogeng'o J, Ogunniyi A, Okada De Oliveira M, Okubadejo N, Orrell M, Orunmuyi A, Owolabi M, Paddick S, A Pericak-Vance M, Pirtosek Z, Potocnik F, Preston B, Raman R, Ranchod K, Rizig M, Rosselli M, Deepa R, Roy U, Salokhiddinov M, Sano M, Sarfo F, Satizabal CL, Sepulveda-Falla D, Seshadri S, Sexton C, Skoog I, St George-Hyslop P, Suemoto C, Tanner J, Thapa P, Toure K, Ucheagwu V, Udeh-Momoh C, Valcour V, Vance J, Varghese M, Vera J, Walker R, Weidner W, Sebastian W, Whitehead Gay P, Zetterberg H, Zewde Y; African Dementia Consortium.\u00a0<a href=\"https:\/\/alz-journals.onlinelibrary.wiley.com\/doi\/10.1002\/alz.13025\">The Nairobi Declaration-Reducing the burden of dementia in low- and middle-income countries (LMICs)<\/a>. Alzheimers Dement. 2023 Mar 11. doi: 10.1002\/alz.13025. PMID: 36905253.<\/li>\n<li>Santamaria-Garcia, H., Moguilner, S., Rodriguez-Villagra, O.A.\u00a0<em>et al.<\/em><a href=\"https:\/\/doi.org\/10.1007\/s11357-023-00755-z\">The impacts of social determinants of health and cardiometabolic factors on cognitive and functional aging in Colombian underserved populations<\/a>.\u00a0<em>GeroScience<\/em>, 2023.\u00a0<a href=\"https:\/\/doi.org\/10.1007\/s11357-023-00755-z\">https:\/\/doi.org\/10.1007\/s11357-023-00755-z<\/a><\/li>\n<li>Mart\u00ednez-Pern\u00eda D, Olavarr\u00eda L, Fern\u00e1ndez-Manj\u00f3n B, Cabello V, Henr\u00edquez F, Robert F, Alvarado L, Barr\u00eda S, Antivilo A, Velasquez J, Cerda M, Far\u00edas G, Torralva T, Ib\u00e1\u00f1ez A, Parra M, Gilbert S, Slachevsky A.\u00a0\u00a0<a href=\"https:\/\/www.tandfonline.com\/doi\/figure\/10.1080\/23279095.2023.2174438?scroll=top&needAccess=true&role=tab\">The limitations and challenges in the assessment of executive dysfunction associated with real-world functioning: The opportunity of serious games<\/a>. Applied Neuropsychology: Adult, 2023. DOI: 10.1080\/23279095.2023.2174438<\/li>\n<li>Luna FG, Aguirre MJ, Mart\u00edn-Ar\u00e9valo E, Ib\u00e1\u00f1ez A, Lupi\u00e1\u00f1ez J, Barttfeld P.\u00a0<a href=\"https:\/\/onlinelibrary.wiley.com\/doi\/10.1111\/psyp.14272\">Event-related potentials associated with attentional networks evidence changes in executive and arousal vigilance<\/a>. Psychophysiology. 2023 Feb 22:e14272. doi: 10.1111\/psyp.14272. Epub ahead of print. PMID: 36812133.<\/li>\n<li>Prado P, Moguilner S, Mejia J, Sainz A, Otero M, Birba A, Santamaria-Garcia N, Legaz A, Fittipaldi S, Cruzat J, Parra A, Tagliazucchi E, Herzog R, Ibanez A.\u00a0<a href=\"https:\/\/doi.org\/10.1016\/j.nbd.2023.106047\">Source space connectomics of neurodegeneration: One-metric approach does not fit all<\/a>. Neurobiology of Disease, 2023,\u00a0<a href=\"https:\/\/doi.org\/10.1016\/j.nbd.2023.106047\">https:\/\/doi.org\/10.1016\/j.nbd.2023.106047<\/a><\/li>\n<li>Ogonowski N, Santamaria-Garcia H, Baez S, Lopez A, Laserna A, Garcia-Cifuentes E, Ayala-Ramirez P, Zarante I, Suarez-Obando F, Reyes P, Kauffman M, Cochran N, Schulte M, Sirkis DW, Spina S, Yokoyama JS, Miller BL, Kosik KS, Matallana D, Ib\u00e1\u00f1ez A.<a href=\"http:\/\/dx.doi.org\/10.1136\/jmg-2022-108627\">Frontotemporal dementia presentation in patients with heterozygous p.H157Y variant of\u00a0<em>TREM2<\/em><\/a>. J Med Genet. 2023 Feb 22:jmedgenet-2022-108627. doi: 10.1136\/jmg-2022-108627.<\/li>\n<li>Baez S, Trujillo-Llano C, de Souza LC, Lillo P, Forno G, Santamar\u00eda-Garc\u00eda H, Okuma C, Alegria P, Huepe D, Ib\u00e1\u00f1ez A, Decety J, Slachevsky A.\u00a0<a href=\"https:\/\/content.iospress.com\/articles\/journal-of-alzheimers-disease\/jad221131\">Moral Emotions and Their Brain Structural Correlates Across Neurodegenerative Disorders<\/a>. J Alzheimers Dis. 2023 doi: 10.3233\/JAD-221131.<\/li>\n<li>Cruzat J, Herzog R, Prado P, Sanz-Perl Y, Gonzalez-Gomez R, Moguilner S, Kringelbach M, Deco G, Tagliazucchi E, Iba\u00f1ez A.\u00a0<a href=\"https:\/\/www.jneurosci.org\/content\/early\/2023\/01\/27\/JNEUROSCI.1312-22.2022\">Temporal irreversibility of large-scale brain dynamics in alzheimer's disease<\/a>. Journal of Neuroscience, 2023. doi: 10.1523\/JNEUROSCI.1312-22.2022.<\/li>\n<\/ul>\n<p><strong>2022<\/strong><\/p>\n<ul>\n<li>Santamar\u00eda-Garc\u00eda H, Ogonowsky N, Baez S, Palacio N, Reyes P, Schulte M, L\u00f3pez A, Matallana D, Ibanez A.\u00a0<a href=\"https:\/\/bmcneurol.biomedcentral.com\/articles\/10.1186\/s12883-022-02954-1\">Neurocognitive patterns across genetic levels in behavioral variant frontotemporal dementia: a multiple single cases study<\/a>. BMC Neurol. 2022 Dec 6;22(1):454. doi: 10.1186\/s12883-022-02954-1.<\/li>\n<li>Ib\u00e1\u00f1ez A, Reiss AB, Custodio N, Alladi S.\u00a0<a href=\"https:\/\/www.frontiersin.org\/articles\/10.3389\/fnagi.2022.1068156\/full\">Editorial: Insights in Alzheimer's disease and related dementias<\/a>. Front. Aging Neurosci. 2022, 14:1068156. doi: 10.3389\/fnagi.2022.1068156<\/li>\n<li>Herzog R, Rosas FE, Whelan R, Fittipaldi S, Santamaria-Garcia H, Cruzat J, Birba A, Moguilner S, Tagliazucchi E, Prado P, Ibanez A.\u00a0<a href=\"https:\/\/doi.org\/10.1016\/j.nbd.2022.105918\">Genuine high-order interactions in brain networks and neurodegeneration<\/a>.\u00a0<em>Neurobiology of disease<\/em>2022;\u00a0175: 105918.\u00a0<a href=\"https:\/\/doi.org\/10.1016\/j.nbd.2022.105918\">https:\/\/doi.org\/10.1016\/j.nbd.2022.105918<\/a><\/li>\n<li>Maito MA, Santamar\u00eda-Garc\u00eda H, Moguilner S, Possin KL, Godoy ME, Avila-Funes JA, Behrens MI, Brusco IL, Bruno MA, Cardona JF, Custodio N, Garc\u00eda AM, Javandel S, Lopera F, Matallana DL, Miller B, Okada de Oliveira M, Pina-Escudero SD, Slachevsky A, Sosa Ortiz AL, Takada LT, Tagliazuchi E, Valcour V, Yokoyama JS, Iba\u00f1ez A.\u00a0<a href=\"https:\/\/doi.org\/10.1016\/j.lana.2022.100387\">Classification of Alzheimer's disease and frontotemporal dementia using routine clinical and cognitive measures across multicentric underrepresented samples: A cross sectional observational study<\/a>. The Lancet Regional Health \u2013 Americas 2023; 17.\u00a0<a href=\"https:\/\/doi.org\/10.1016\/j.lana.2022.100387\">https:\/\/doi.org\/10.1016\/j.lana.2022.100387<\/a><\/li>\n<li>Winter S, Angeler D, Dawson W, Bennett V, Freeman M, Hynes W, Berk W, Sarnyai Z, Ng C, Abbott R, Ibanez A, Smith E, Hackett J, Storch E, Jraissati J, Corner L, Chen S, Carlo A, Bilder R, Yu Moutier C, Soares J, Ayadi R, Santuccione Chadha A, Manes F, Rommelfanger K, Oertel W, Jeste D, Destrebecq F, Robertson I, D\u2019Esposito M, Matthew M, Graham C, Eyre H.\u00a0<a href=\"https:\/\/www.brookings.edu\/research\/brain-health-directed-policymaking-a-new-concept-to-strengthen-democracy\/\">Brain health-directed policymaking: A new concept to strengthen democracy<\/a>.\u00a0<em>Brookings\u00a0Institution<\/em>, Global Economy and Development, 2022, White paper 178.<\/li>\n<li>O\u2019Donovan, G., Sarmiento, O. L., Hessel, P., Muniz-Terrera, G., Duran-Aniotz, C., and Ib\u00e1\u00f1ez, A.\u00a0<a href=\"http:\/\/links.email.frontiersin.org\/ls\/click?upn=Dpg5ochww630xh6EMvshS4k2vZe-2Fd8MH-2FVpzt1-2FUQD91C-2FNL5bIclwWnNjv5HD9iQjI00Q3fUFioyBGoswpCWi3RgOmeNmzrQNdrsOrkLOXtbVgxkDcSekIXTO1xYBbCVX2V9eNzdlyRiWn4UBfm7fX2-2BEWZjBz8nK-2F0Q9Vzlf12emSZRZbJsZq3KUC5bg4VxrU4qAZeiGuri44P-2BYhPn3adf2GlQTtqT6AuGnuMwoH9gJWOtYP0FZmRNQcb1lg9M7uh3wWA4onZW4oPZZ8jMoZZ6FOp1-2BGaRi51XIlJxxr8qtuc7GtOphB8QwOjOgkJYIBJ_q-2BdpEcq7WJfuCP40fqxszLez5RfgOcjkhb53QHZHtEJFqbxqzvCB4UVqlJbxFnBrWlz4oQRIm58wSv-2BBKZ2GdCp0guzJ9p27SIgI2ErRSRWFBgK3z8Qay9IwSCIxCZHS0RAMd6dcYxXua-2FFRJ8bRy2zY6o4r4813dS6RlHZfhDbwAkRCI0P7siXMx-2BpTTNmCFT2R74fpjozpuorPB1G8XcbPn1ELo8ZrtkEgYs7TrYUcrhxSdL9-2Bd6bmS-2Bywc3te\">Associations of body mass index and sarcopenia with screen-detected mild cognitive impairment in older adults in Colombia<\/a>. Frontiers in Nutrition. 2020, 9.<\/li>\n<li>Gonzalez-Gomez R, Ibanez A, Moguilner S, and the Frontotemporal Lobar Degeneration Neuroimaging Initiative. \u00a0<a href=\"https:\/\/doi.org\/10.1162\/netn_a_00285\">Multiclass characterization of frontotemporal dementia variants via multimodal brain network computational inference<\/a>.\u00a0Network Neuroscience\u00a02022; doi:\u00a0<a href=\"https:\/\/doi.org\/10.1162\/netn_a_00285\">https:\/\/doi.org\/10.1162\/netn_a_00285<\/a><\/li>\n<li>Ibanez A (2022) <a href=\"https:\/\/doi.org\/10.1016\/j.tics.2022.07.008\">The mind\u2019s golden cage and cognition in the wild<\/a>. Trends in cognitive sciences, 2022 <a href=\"https:\/\/doi.org\/10.1016\/j.tics.2022.07.008\">https:\/\/doi.org\/10.1016\/j.tics.2022.07.008<\/a><\/li>\n<li>Parra MA, Orellana P, Leon T, Victoria CG, Henriquez F, Gomez R, Avalos C, Damian A, Slachevsky A, Iba\u00f1ez A, Zetterberg H, Tijms BM, Yokoyama JS, Pi\u00f1a-Escudero SD, Cochran JN, Matallana DL, Acosta D, Allegri R, Arias-Su\u00e1rez BP, Barra B, Behrens MI, Brucki SMD, Busatto G, Caramelli P, Castro-Suarez S, Contreras V, Custodio N, Dansilio S, la Cruz-Puebla M, de Souza LC, Diaz MM, Duque L, Far\u00edas GA, Ferreira ST, Guimet NM, Kmaid A, Lira D, Lopera F, Meza BM, Miotto EC, Nitrini R, Nu\u00f1ez A, O'Neill S, Ochoa J, Pintado-Caipa M, Resende EPF, Risacher S, Rojas LA, Sabaj V, Schilling L, Sellek AF, Sosa A, Takada LT, Teixeira AL, Unaucho-Pilalumbo M, Duran-Aniotz C.\u00a0<a href=\"https:\/\/alz-journals.onlinelibrary.wiley.com\/doi\/full\/10.1002\/alz.12757\">Biomarkers for dementia in Latin American countries: Gaps and opportunities<\/a>. Alzheimers Dement. 2022 Sep 13. doi: 10.1002\/alz.12757<\/li>\n<li>Eyre HA, Smith E,\u00a0Ibanez A, Berk M.\u00a0<a href=\"https:\/\/www.bjp.org.br\/details\/2297\/en-US\/toward-a-brain-capital-living-lab-model--multi-scale-opportunities\">Toward a Brain Capital Living Lab model: multi-scale opportunities.<\/a>\u00a0Braz J Psychiatry. 2022 Aug 23. doi: 10.47626\/1516-4446-2022-0045.<\/li>\n<li>Migeot JA, Duran-Aniotz CA, Signorelli CM, Piguet O, Ib\u00e1\u00f1ez A.\u00a0<a href=\"https:\/\/doi.org\/10.1016\/j.tins.2022.08.005\">A predictive coding framework of allostatic-interoceptive overload in frontotemporal dementia<\/a>. Trends in Neurosciences 2022,\u00a0<a href=\"https:\/\/doi.org\/10.1016\/j.tins.2022.08.005\">https:\/\/doi.org\/10.1016\/j.tins.2022.08.005<\/a><\/li>\n<li>Linari I, Juantorena GE,\u00a0Ib\u00e1\u00f1ez A, Petroni A, Kamienkowski J.<a href=\"https:\/\/pubmed.ncbi.nlm.nih.gov\/35995786\/\">Unveiling Trail Making Test: visual and manual trajectories indexing multiple executive processes.<\/a>\u00a0Sci Rep. 2022 Aug 22;12(1):14265. doi: 10.1038\/s41598-022-16431-9<\/li>\n<li>Eyre HA, Searfoss J, Hopwood M, Berk M, Chen S, Cummings J, Veron F, Zikopoulou V, Ibanez A, Kelly K, Soares JC, Smith E, Gilbert BJ.\u00a0<a href=\"https:\/\/www.cambridge.org\/core\/journals\/cns-spectrums\/article\/open-innovation-the-key-to-advancing-brain-health\/44FFA4D4DF9966B94B82C3D65510F328\">Open innovation: the key to advancing brain health<\/a>. CNS Spectrums 2022: 1-3. DOI:\u00a0<a href=\"https:\/\/doi.org\/10.1017\/S109285292200092X\">https:\/\/doi.org\/10.1017\/S109285292200092X<\/a><\/li>\n<li>Moguilner S, Birba A, Fittipaldi S, Gonzalez-Campo C, Tagliazucchi E, Reyes P, Matallana D, Parra MA, Slachevsky A, Farias G, Cruzat J, Garcia A, Eyre HA, La Joie R, Rabinovici G, Whelan R, Ibanez A.\u00a0<a href=\"https:\/\/doi.org\/10.1088\/1741-2552\/ac87d0\">Multi-feature computational framework for combined signatures of dementia in underrepresented settings<\/a>. Journal of Neural Engineering 2022.\u00a0<a href=\"https:\/\/doi.org\/10.1088\/1741-2552\/ac87d0\">https:\/\/doi.org\/10.1088\/1741-2552\/ac87d0<\/a><\/li>\n<li>Quesque F, Coutrot A, Cox S, de Souza LC, Baez S, Cardona JF, Mulet-Perreault H, Flanagan E, Neely-Prado A, Clarens MF, Cassimiro L, Musa G, Kemp J, Botzung A, Philippi N, Cosseddu M, Trujillo-Llano C, Grisales-Cardenas JS, Fittipaldi S, Magrath Guimet N, Calandri IL, Crivelli L, Sedeno L, Garcia AM, Moreno F, Indakoetxea B, Benussi A, Brand\u00e3o Moura MV, Santamaria-Garcia H, Matallana D, Pryanishnikova G, Morozova A, Iakovleva O, Veryugina N, Levin O, Zhao L, Liang J, Duning T, Lebouvier T, Pasquier F, Huepe D, Barandiaran M, Johnen A, Lyashenko E, Allegri RF, Borroni B, Blanc F, Wang F, Yassuda MS, Lillo P, Teixeira AL, Caramelli P, Hudon C, Slachevsky A, Ib\u00e1\u00f1ez A, Hornberger M, Bertoux M.\u00a0<a href=\"http:\/\/dx.doi.org\/10.1037\/neu0000817\">Does culture shape our understanding of others' thoughts and emotions? An investigation across 12 countries<\/a>. Neuropsychology. 2022 Jul 14. doi: 10.1037\/neu0000817. Epub ahead of print. PMID: 35834208.<\/li>\n<li>Clark RA, Smith K, Escudero J, Ib\u00e1\u00f1ez A and Parra MA (2022)\u00a0<a href=\"https:\/\/www.frontiersin.org\/articles\/10.3389\/fnimg.2022.924811\/full\">Robust Assessment of EEG Connectivity Patterns in Mild Cognitive Impairment and Alzheimer's Disease<\/a>. Front. Neuroimaging 1:924811. doi: 10.3389\/fnimg.2022.924811<\/li>\n<li>Pavlovi\u0107 T, Azevedo F, De K, Ria\u00f1o-Moreno JC, Magli\u0107 M, Gkinopoulos T, Donnelly-Kehoe PA, Pay\u00e1n-G\u00f3mez C, Huang G, Kantorowicz J, Birtel MD, Sch\u00f6negger P, Capraro V, Santamar\u00eda-Garc\u00eda H, Yucel M, Ibanez A, Rathje S, Wetter E, Stanojevi\u0107 D, van Prooijen J-W, Hesse E, Elbaek CT, Franc R, Pavlovi\u0107 Z, Mitkidis P, Cichocka A, Gelfand M, Alfano M, Ross RM, Sj\u00e5stad H, Nezlek JB, Cislak A, Lockwood P, Abts K, Agadullina E, Amodio DM, Apps MAJ, Aruta JJB, Besharati S, Bor A, Choma B, Cunningham W, Ejaz W, Farmer H, Findor A, Gjoneska B, Gualda E, Huynh TLD, Imran MA, Israelashvili J, Kantorowicz-Reznichenko E, Krouwel A, Kutiyski Y, Laakasuo M, Lamm C, Levy J, Leygue C, Lin M-J, Mansoor MS, Marie A, Mayiwar L, Mazepus H, McHugh C, Olsson A, Otterbring T, Packer D, Palom\u00e4ki J, Perry A, Petersen MB, Puthillam A, Rothmund T, Schmid PC, Stadelmann D, Stoica A, Stoyanov D, Stoyanova K, Tewari S, Todosijevi\u0107 B, Torgler B, Tsakiris M, Tung HH, Umbre\u0219 RG, Vanags E, Vlasceanu M, Vonasch AJ, Zhang Y, Abad M, Adler E, Mdarhri HA, Antazo B, Ay FC, Ba MEH, Barbosa S, Bastian B, Berg A, Bia\u0142ek M, Bilancini E, Bogatyreva N, Boncinelli L, Booth JE, Borau S, Buchel O, de Carvalho CF, Celadin T, Cerami C, Chalise HN, Cheng X, Cian L, Cockcroft K, Conway J, C\u00f3rdoba-Delgado MA, Crespi C, Crouzevialle M, Cutler J, Cyprya\u0144ska M, Dabrowska J, Davis VH, Minda JP, Dayley PN, Delouv\u00e9e S, Denkovski O, Dezecache G, Dhaliwal NA, Diato A, Paolo RD, Dulleck U, Ekmanis J, Etienne TW, Farhana HH, Farkhari F, Fidanovski K, Flew T, Fraser S, Frempong RB, Fugelsang J, Gale J, Garc\u00eda-Navarro EB, Garladinne P, Gray K, Griffin SM, Gronfeldt B, Gruber J, Halperin E, Herzon V, Hru\u0161ka M, Hudecek MFC, Isler O, Jangard S, J\u00f8rgensen F, Keudel O, Koppel L, Koverola M, Kunnari A, Leota J, Lermer E, Li C, Longoni C, McCashin D, Miklou\u0161i\u0107 I, Molina-Paredes J, Monroy-Fonseca C, Morales-Marente E, Moreau D, Muda R, Myer A, Nash K, Nitschke JP, Nurse MS, de Mello VO, Palacios-Galvez MS, Palom\u00e4ki J, Pan Y, Papp Z, P\u00e4rnamets P, Paruzel-Czachura M, Perander S, Pitman M, Raza A, R\u00eago GG, Robertson C, Rodr\u00edguez-Pascual I, Saikkonen T, Salvador-Ginez O, Sampaio WM, Santi GC, Schultner D, Schutte E, Scott A, Skali A, Stefaniak A, Sternisko A, Strickland B, Strickland B, Thomas JP, Tingh\u00f6g G, Traast IJ, Tucciarelli R, Tyrala M, Ungson ND, Uysal MS, Van Rooy D, V\u00e4stfj\u00e4ll D, Vieira JB, von Sikorski C, Walker AC, Watermeyer J, Willardt R, Wohl MJA, W\u00f3jcik AD, Wu K, Yamada Y, Yilmaz O, Yogeeswaran K, Ziemer C-T, Zwaan RA, Boggio PS, Whillans A, Van Lange PAM, Prasad R, Onderco M, O'Madagain C, Nesh-Nash T, Laguna OM, Kutiyski Y, Kubin E, G\u00fcmren M, Fenwick A, Ertan AS, Bernstein MJ, Amara H, Van Bavel JJ.\u00a0<a href=\"https:\/\/academic.oup.com\/pnasnexus\/advance-article\/doi\/10.1093\/pnasnexus\/pgac093\/6631580\">Predicting attitudinal and behavioral responses to COVID-19 pandemic using machine learning<\/a>. PNAS Nexus, 2022, pgac093,\u00a0<a href=\"https:\/\/doi.org\/10.1093\/pnasnexus\/pgac093\">https:\/\/doi.org\/10.1093\/pnasnexus\/pgac093<\/a><\/li>\n<li>Smith KM, Starr JM, Escudero J, Iba\u00f1ez A and Parra MA.\u00a0<a href=\"https:\/\/www.frontiersin.org\/articles\/10.3389\/fnimg.2022.883968\/full\">Abnormal Functional Hierarchies of EEG Networks in Familial and Sporadic Prodromal Alzheimer's Disease During Visual Short-Term Memory Binding<\/a>.\u00a0<em>Front. Neuroimaging, 2022<\/em>\u00a01:883968. doi: 10.3389\/fnimg.2022.883968<\/li>\n<li>Leroi I, Karanja W, Adrion ER, Alladi S, Custodio N, Goswami SP, Guerchet M, Gubner J, Ibanez A, Ilinica S, Jafri H, Lawlor B, Mohamed AA, Ogunniyi A, Robertson I, Robinson L, Spector A, Varghese M, Weidner W, Caramelli P; Dementia Charter of Conduct Global Expert Reference Group.\u00a0<a href=\"https:\/\/onlinelibrary.wiley.com\/doi\/10.1002\/gps.5762\">Equity and balance in applied dementia research: A charter of conduct and checklist for global collaborations<\/a>. Int J Geriatr Psychiatry. 2022 Jul;37(7). doi: 10.1002\/gps.5762. PMID: 35703570.<\/li>\n<li>Duran-Aniotz C, Sanhueza J, Grinberg LT, Slachevsky A, Valcour V, Robertson I, Lawlor B, Miller B, Ib\u00e1\u00f1ez A.\u00a0<a href=\"https:\/\/alz-journals.onlinelibrary.wiley.com\/doi\/10.1002\/alz.12710\">The Latin American Brain Health Institute, a regional initiative to reduce the scale and impact of dementia<\/a>. Alzheimers Dement. 2022 Jun 16. doi: 10.1002\/alz.12710. PMID: 35708193.<\/li>\n<li>Dawson WD, Smith E, Booi L, Mosse M, Lavretsky H, Reynolds CF, III, Cummings J, Brannally P, Hynes W, Lenze EJ, Manes F, Ayadi R, Frank L, Chapman SB, Robertson IH, Rubenstein L, Jraissati J, Ib\u00e1\u00f1ez A, Fillit H, Jeste DV, Rao A, Berk M, Storch EA, Santuccione Chadha A, Eyre HA.\u00a0<a href=\"https:\/\/doi.org\/10.1093\/geroni\/igac016\">Investing in Late-Life Brain Capital<\/a>.\u00a0<em>Innovation in Aging<\/em>\u00a02022;\u00a0<strong>6<\/strong>(3).\u00a0<a href=\"https:\/\/doi.org\/10.1093\/geroni\/igac016\">https:\/\/doi.org\/10.1093\/geroni\/igac016<\/a><\/li>\n<li>Gallina J, Zanon M,\u00a0Mikulan\u00a0E, Pietrelli M, Gambino S, Ibanez A, Bertini C.\u00a0<a href=\"https:\/\/doi.org\/10.1007\/s00429-022-02502-0\">Alterations in resting-state functional connectivity after brain posterior lesions reflect the functionality of the visual system in hemianopic patients<\/a>. Brain Structure and Function, Brain Struct Funct, 2022,\u00a0<a href=\"https:\/\/doi.org\/10.1007\/s00429-022-02502-0\">https:\/\/doi.org\/10.1007\/s00429-022-02502-0<\/a><\/li>\n<li>Yener G, H\u00fcnerli-G\u00fcnd\u00fcz D, Y\u0131ld\u0131r\u0131m E, Akt\u00fcrk T, Ba\u015far-Ero\u011flu C, Bonanni L, Del Percio C, Farina F, Ferri R, G\u00fcntekin B, Haj\u00f3s M, Ibanez A, Jiang Y, Lizio R, Lopez S, Noce G, Parra M, Randall F, Stocchi F, Babiloni C. <a href=\"https:\/\/www.sciencedirect.com\/science\/article\/abs\/pii\/S0167876022001283?via%3Dihub\">Treatment effects on event-related EEG potentials and oscillations in Alzheimer's disease<\/a>.\u00a0<em>International Journal of Psychophysiology<\/em>\u00a02022,\u00a0<a href=\"https:\/\/doi.org\/10.1016\/j.ijpsycho.2022.05.008\">https:\/\/doi.org\/10.1016\/j.ijpsycho.2022.05.008<\/a><\/li>\n<li>Cruzat J, Perl YS, Escrichs A, Vohryzek J, Timmermann C, Roseman L, Luppi AI, Iba\u00f1ez A, Nutt D, Carhart-Harris R, Tagliazucchi E, Deco G, Kringelbach ML (2022).\u00a0<a href=\"https:\/\/direct.mit.edu\/netn\/article\/doi\/10.1162\/netn_a_00250\/110445\/Effects-of-classic-psychedelic-drugs-on-turbulent\">Effects of classic psychedelic drugs on turbulent signatures in brain dynamics<\/a>. Network Neuroscience. Advance publication.\u00a0<a href=\"http:\/\/doi.org\/10.1162\/netn_a_00250\">http:\/\/doi.org\/10.1162\/netn_a_00250<\/a><\/li>\n<li>Migeot J, Calivar M, Granchetti, Ibanez A, Fittipaldi S.\u00a0<a href=\"https:\/\/www.nature.com\/articles\/s41598-022-09580-4\">Socioeconomic status impacts cognitive and socioemotional processes in healthy ageing<\/a>. Sci Rep 12, 6048 (2022).\u00a0<a href=\"https:\/\/doi.org\/10.1038\/s41598-022-09580-4\">https:\/\/doi.org\/10.1038\/s41598-022-09580-4<\/a><\/li>\n<li>Amoruso, L.,\u00a0Pusil, S.,\u00a0Garc\u00eda, A. M., &\u00a0Iba\u00f1ez, A.\u00a0(2022).\u00a0<a href=\"https:\/\/onlinelibrary.wiley.com\/doi\/10.1002\/hbm.25818\">Decoding motor expertise from fine-tuned oscillatory network organization<\/a>.\u00a0<em>Human Brain Mapping<\/em>,\u00a01-16.\u00a0<a href=\"https:\/\/doi.org\/10.1002\/hbm.25818\">https:\/\/doi.org\/10.1002\/hbm.25818<\/a><\/li>\n<li>Birba A, Santamar\u00eda-Garc\u00eda H, Prado P, Cruzat J, Ballesteros AS, Legaz A, Fittipaldi S, Duran-Aniotz C, Slachevsky A, Santiba\u00f1ez R, Sigman M, Garc\u00eda AM, Whelan R, Moguilner S, Ib\u00e1\u00f1ez A.\u00a0<a href=\"https:\/\/www.biologicalpsychiatryjournal.com\/article\/S0006-3223(22)01042-3\/fulltext\">Allostatic interoceptive overload in frontotemporal dementia<\/a>. Biological Psychiatry, 2022, doi:\u00a0<a href=\"https:\/\/doi.org\/10.1016\/j.biopsych.2022.02.955\">https:\/\/doi.org\/10.1016\/j.biopsych.2022.02.955<\/a><\/li>\n<li>Sexton, C., Solis, M., Aharon-Peretz, J., Alexopoulos, P., Apostolova, L.G., Bayen, E., Birkenhager, B., Cappa, S., Constantinidou, F., Fortea, J., Gerritsen, D.L., Hassanin, H.I., Ibanez, A., Ioannidis, P., Karageorgiou, E., Korczyn, A., Leroi, I., Lichtwarck, B., Logroscino, G., Lynch, C., Mecocci, P., Molinuevo, J.L., Papatriantafyllou, J., Papegeorgiou, S., Politis, A., Raman, R., Ritchie, K., Sanchez-Juan, P., Sano, M., Scarmeas, N., Spiru, L., Stathi, A., Tsolaki, M., Yener, G., Zaganas, I., Zygouris, S., and Carrillo, M.\u00a0<a href=\"https:\/\/alz-journals.onlinelibrary.wiley.com\/doi\/full\/10.1002\/alz.12588\">Alzheimer's disease research progress in the Mediterranean region: The Alzheimer's Association International Conference Satellite Symposium<\/a>. Alzheimer's & Dementia: The Journal of the Alzheimer\u2019s Association, 2022, DOI: 10.1002\/alz.12588<\/li>\n<li>Azevedo, F., Birtel, M.D., Cislak, A., Lockwood, P.L., Ross, R.M., Abts, K., Agadullina, E., Aruta, J.J.B., Besharati, S.N., Bor, A., Choma, B.L., Crabtree, C.D., Cunningham, W.A., De, K., Ejaz, W., Elbaek, C.T., Findor, A., Flichtentrei, D., Franc, R., Gjoneska, B., Gruber, J., Gualda, E., Horiuchi, Y., Huynh, T.L.D., Ibanez, A., Imran, M.A., Israelashvili, J., Jasko, K., Kantorowicz, J., Kantorowicz-Reznichenko, E., Krouwel, A., Laakasuo, M., Lamm, C., Leygue, C., Lin, M.-J., Mansoor, M.S., Marie, A., Mayiwar, L., Mazepus, H., Mchugh, C., Minda, J.P., Mitkidis, P., Olsson, A., Otterbring, T., Packer, D.J., Perry, A., Petersen, M.B., Puthillam, A., Ria\u00f1o-Moreno, J.C., Rothmund, T., Santamar\u00eda-Garc\u00eda, H., Schmid, P.C., Stoyanov, D., Tewari, S., Todosijevi\u0107, B., Tsakiris, M., Tung, H.H., Umbre\u0219, R.G., Vanags, E., Vlasceanu, M., Vonasch, A., Yucel, M., Zhang, Y., Abad, M., Adler, E., Akrawi, N., Mdarhri, H.A., Amara, H., Amodio, D.M., Antazo, B.G., Apps, M., Ay, F.C., Ba, M.H., Barbosa, S., Bastian, B., Berg, A., Bernal-Z\u00e1rate, M.P., Bernstein, M., Bia\u0142ek, M., Bilancini, E., Bogatyreva, N., Boncinelli, L., Booth, J.E., Borau, S., Buchel, O., Cameron, C.D., Carvalho, C.F., Celadin, T., Cerami, C., Chalise, H.N., Cheng, X., Cian, L., et al. (2022).\u00a0<a href=\"https:\/\/www.nature.com\/articles\/s41467-021-27668-9\">National identity predicts public health support during a global pandemic<\/a>.\u00a0Nature Communications 13, 517\u00a0<a href=\"https:\/\/www.nature.com\/articles\/s41467-021-276689\">https:\/\/www.nature.com\/articles\/s41467-021-276689<\/a> https:\/\/doi.org\/10.1038\/s41467-021-27668-9<\/li>\n<li>Santamar\u00eda-Garc\u00eda H, Burgaleta M, Legaz A, Flichtentrei D, C\u00f3rdoba-Delgado M, Molina-Paredes J, Linares-Puerta J, Montealegre-G\u00f3mez J, Castelblanco S, Schulte M, P\u00e1ramo JD, Mondragon I, Leong\u00f3mez JD, Salamone P, Gonz\u00e1lez-Pacheco J, B\u00e1ez S, Eyre H, Ibanez A.\u00a0<a href=\"https:\/\/www.nature.com\/articles\/s41599-021-01022-2\">The price of prosociality in pandemic times<\/a>. Humanities and Social Sciences Communications 2022, 9:15.\u00a0<a href=\"https:\/\/www.nature.com\/articles\/s41599-021-01022-2\">https:\/\/www.nature.com\/articles\/s41599-021-01022-2<\/a><\/li>\n<li>Sanz C, Carrillo F, Slachevsky A, Forno G, Gorno Tempini ML, Villagra R, Ib\u00e1\u00f1ez A, Tagliazucchi E, Garc\u00eda AM. <a href=\"https:\/\/alz-journals.onlinelibrary.wiley.com\/doi\/10.1002\/dad2.12276\">Automated text-level semantic markers of Alzheimer's disease<\/a>. Alzheimers Dement (Amst). 2022 Jan 14;14(1):e12276. doi: 10.1002\/dad2.12276.<\/li>\n<li>P\u00e9rez, G., Hesse, E., Dottori, M., Birba, A., Amoruso, L., Martorell Caro, M., Ib\u00e1\u00f1ez, A. & Garc\u00eda, A. M. (2022). <a href=\"https:\/\/www.sciencedirect.com\/science\/article\/pii\/S0306452221006138?dgcid=author\">The bilingual lexicon, back and forth: Electrophysiological signatures of translation asymmetry<\/a>.\u00a0<em>Neuroscience<\/em>\u00a0481, 134-143. Cover selection.<\/li>\n<li>Miranda M, Gonzalez Campo C, Birba A, Neely A, Toro-Hern\u00e1ndez FD, Faure E, Rojas GM, Ib\u00e1\u00f1ez A, Garc\u00eda A. <a href=\"https:\/\/www.sciencedirect.com\/science\/article\/pii\/S0278262621001512?via%3Dihub\">An action-concept processing advantage in a patient with a double motor cortex<\/a>. Brain Cogn. 2022 Feb;156:105831. doi: 10.1016\/j.bandc.2021.105831. Epub 2021 Dec 16. PMID: 34922210.<\/li>\n<li>Musa Salech G, Lillo P, van der Hiele K, M\u00e9ndez-Orellana C, Ib\u00e1\u00f1ez A and Slachevsky A (2022) <a href=\"https:\/\/www.frontiersin.org\/articles\/10.3389\/fneur.2021.734251\/full\">Apathy, Executive Function, and Emotion Recognition Are the Main Drivers of Functional Impairment in Behavioral Variant of Frontotemporal Dementia<\/a>. Front. Neurol. 12:734251. doi: 10.3389\/fneur.2021.734251<\/li>\n<li>Birba A, Fittipaldi S, Cediel Escobar JC, Gonzalez Campo C, Legaz A, Galiani A, D\u00edaz Rivera MN, Martorell Caro M, Alifano F, Pi\u00f1a-Escudero SD, Cardona JF, Neely A, Forno G, Carpinella M, Slachevsky A, Serrano C, Sede\u00f1o L, Ib\u00e1\u00f1ez A, Garc\u00eda AM. <a href=\"https:\/\/doi.org\/10.1093\/cercor\/bhab421\">Multimodal Neurocognitive Markers of Naturalistic Discourse Typify Diverse Neurodegenerative Diseases<\/a>. Cereb Cortex. 2021 Dec 8:bhab421. doi: 10.1093\/cercor\/bhab421. Epub ahead of print. PMID: 34875690.<\/li>\n<\/ul>\n<p><strong>2021<\/strong><\/p>\n<ul>\n<li>\u00a0Prado P, Birba A, Cruzat J, Santamar\u00eda-Garc\u00eda H, Parra M, Moguilner S, Tagliazucchi E, Ib\u00e1\u00f1ez A. <a href=\"https:\/\/doi.org\/10.1016\/j.ijpsycho.2021.12.008\">Dementia ConnEEGtome: Towards multicentric harmonization of EEG connectivity in neurodegeneration<\/a>. International Journal of Psychophysiology, 2021,\u00a0<a href=\"https:\/\/doi.org\/10.1016\/j.ijpsycho.2021.12.008\">https:\/\/doi.org\/10.1016\/j.ijpsycho.2021.12.008<\/a><\/li>\n<li>Smith E, Ibanez A, Lavretsky H, Berk M and Eyre HA (2021). <a href=\"https:\/\/www.frontiersin.org\/articles\/10.3389\/fnagi.2021.783297\/full?&utm_source=Email_to_authors_&utm_medium=Email&utm_content=T1_11.5e1_author&utm_campaign=Email_publication&field=&journalName=Frontiers_in_Aging_Neuroscience&id=783297\">Psychographic Segmentation: Another Lever for Precision Population Brain Health<\/a>.\u00a0<em>Front.\u00a0Aging Neurosci.<\/em>\u00a013:783297. doi: 10.3389\/fnagi.2021.783297<\/li>\n<li>Zapata-Restrepo L, Rivas J, Miranda C, Miller BL, Ibanez A, Allen IE and Possin K.\u00a0<a href=\"https:\/\/www.frontiersin.org\/articles\/10.3389\/fneur.2021.729381\/full\">The Psychiatric Misdiagnosis of Behavioral Variant Frontotemporal Dementia in a Colombian Sample<\/a>.\u00a0<em>Front. Neurol.<\/em>\u00a02021, 12:729381. doi: 10.3389\/fneur.2021.729381<\/li>\n<li>Morey RD, Kaschak MP, D\u00edez-\u00c1lamo AM, Glenberg AM, Zwaan RA, Lakens D, Ib\u00e1\u00f1ez A, Garc\u00eda A, Gianelli C, Jones JL, Madden J, Alifano F, Bergen B, Bloxsom NG, Bub DN, Cai ZG, Chartier CR, Chatterjee A, Conwell E, Cook SW, Davis JD, Evers ERK, Girard S, Harter D, Hartung F, Herrera E, Huettig F, Humphries S, Juanchich M, K\u00fchne K, Lu S, Lynes T, Masson MEJ, Ostarek M, Pessers S, Reglin R, Steegen S, Thiessen ED, Thomas LE, Trott S, Vandekerckhove J, Vanpaemel W, Vlachou M, Williams K, Ziv-Crispel N. <a href=\"https:\/\/link.springer.com\/article\/10.3758%2Fs13423-021-01927-8\">A pre-registered, multi-lab non-replication of the action-sentence compatibility effect (ACE).<\/a>\u00a0Psychon Bull Rev. 2021 Nov 9. doi: 10.3758\/s13423-021-01927-8.<\/li>\n<li>Gonz\u00e1lez-G\u00f3mez, R., Rodr\u00edguez-Villagra, O. A., Schulte, M., Torralva, T., Ib\u00e1\u00f1ez, A., Huepe, D., & Fittipaldi, S. (in press). <a href=\"https:\/\/www.sciencedirect.com\/science\/article\/pii\/S0010945221003117?via%3Dihub\">Neurocognitive factorial structure of executive functions: Evidence from neurotypicals and frontotemporal dementia<\/a>.\u00a0<em>Cortex<\/em>.\u00a0<a href=\"https:\/\/doi.org\/10.1016\/j.cortex.2021.08.015\">https:\/\/doi.org\/10.1016\/j.cortex.2021.08.015<\/a><\/li>\n<li>Moguilner, S., Birba, A. Fino, D., Isoardi, R., Huetagoyena, C., Otoya, R., Tirapu, V., Cremaschi, F., Sede\u00f1o, L., Ib\u00e1\u00f1ez, A. & Garc\u00eda, A. M<strong>.<\/strong>\u00a0(2021).\u00a0<a href=\"https:\/\/www.sciencedirect.com\/science\/article\/abs\/pii\/S0010945221002823\">Structural and functional motor-network disruptions predict selective action-concept deficits: Evidence from frontal lobe epilepsy<\/a>.\u00a0<em>Cortex<\/em>. doi:\u00a0<a href=\"https:\/\/doi.org\/10.1016\/j.cortex.2021.08.003\">https:\/\/doi.org\/10.1016\/j.cortex.2021.08.003<\/a><\/li>\n<li>Legaz A, Abrevaya S, Dottori M, Campo CG, Birba A, Caro MM, Aguirre J, Slachevsky A, Aranguiz R, Serrano C, Gillan CM, Leroi I, Garc\u00eda AM, Fittipaldi S, Iba\u00f1ez A.\u00a0<a href=\"https:\/\/academic.oup.com\/brain\/advance-article\/doi\/10.1093\/brain\/awab345\/6371182\">Multimodal mechanisms of human socially reinforced learning across neurodegenerative diseases<\/a>. Brain, 2021\u00a0<a href=\"https:\/\/doi.org\/10.1093\/brain\/awab345\">https:\/\/doi.org\/10.1093\/brain\/awab345<\/a><\/li>\n<li>Ibanez A, Anderson M, Lee T, Della Sala S. \u00a0<a href=\"https:\/\/doi.org\/10.1016\/B978-0-12-819641-0.01003-3\">Encyclopedia of Behavioral Neuroscience, 2nd edition is out. Volume 3<\/a>. Elsevier.\u00a0 ISBN 9780128216361.\u00a0<a href=\"https:\/\/doi.org\/10.1016\/B978-0-12-819641-0.01003-3\">https:\/\/doi.org\/10.1016\/B978-0-12-819641-0.01003-3<\/a><\/li>\n<li>D\u2019Antonio F, Kane J, Iba\u00f1ez A, Lewis S, Camicio R, Wang H, Yu Y, Zhang J, Ji Y, Borda M, Mridula Kandadai R, Babiloni C, Bonanni L, Ikeda M, Boeve B, Leverenz J, Aarsland D. <a href=\"https:\/\/alz-journals.onlinelibrary.wiley.com\/doi\/10.1002\/dad2.12235\">Dementia with Lewy bodies research consortia: a global perspective from the ISTAART Lewy body dementias Professional Interest Area working group. Alzheimer's Dement<\/a>. 2021; 13:12235. https:\/\/doi.org\/10.1002\/dad2.12235<\/li>\n<li>Migeot J, Dur\u00e1n-Aniotz C, Ib\u00e1\u00f1ez A. <a href=\"https:\/\/www.estudiospublicos.cl\/index.php\/cep\/article\/view\/2010\">Reconsideraci\u00f3n de los aportes de Humberto Maturana para los desaf\u00edos actuales de las neurociencias cognitivas<\/a>. Simposio Humberto Maturana, 1928-2021.Estudios P\u00fablicos, 2021, 149-158 DOI:\u00a0 10.38178\/07183089\/1056210709<\/li>\n<li>Tomio AA, Dottori M, Hesse E, Torrente F, Flichtentrei D, Ibanez A.\u00a0<a href=\"https:\/\/bmjopen.bmj.com\/content\/11\/8\/e047925\">Behavioural insights (BI) for childhood development and effective public policies in Latin America: A survey and a randomised controlled trial<\/a>. BMJ Open 2021;11:e047925. doi: 10.1136\/bmjopen-2020-047925<\/li>\n<li>Sanz Perl Y, Pallavicini C, Perez Ipi\u00f1a I, Demertzi A, Bonhomme V, Martial C, Panda R, Annen J, Iba\u00f1ez A, Kringelbach M, Deco G, Laufs H, Sitt J, Laureys S, Tagliazucchi E. (2021)\u00a0 <a href=\"https:\/\/journals.plos.org\/ploscompbiol\/article?id=10.1371\/journal.pcbi.1009139\">Perturbations in dynamical models of whole-brain activity dissociate between the level and stability of consciousness<\/a> Comput Biol 17(7): e1009139.\u00a0 https:\/\/doi.org\/10.1371\/journal.pcbi.1009139<\/li>\n<li>Iba\u00f1ez A, Fittipaldi S, Trujillo C, Jaramillo T, Torres A, Cardona JF, Rivera R, Slachevsky A, Garc\u00eda A, Bertoux M, Baez S.\u00a0<a href=\"https:\/\/content.iospress.com\/articles\/journal-of-alzheimers-disease\/jad210163\">Predicting and Characterizing Neurodegenerative Subtypes with Multimodal Neurocognitive Signatures of Social and Cognitive Processes<\/a>. J Alzheimers Dis. 2021 Jul 15. doi: 10.3233\/JAD-210163.<\/li>\n<li>Alcaide S, Sitt J, Horikawa T, Romano A, Maldonado AC, Ibanez A, Sigman M, Kamitani Y, Barttfeld P.\u00a0<a href=\"https:\/\/www.sciencedirect.com\/science\/article\/abs\/pii\/S0010945221002148\">fMRI lag structure during waking up from early sleep stages<\/a>. Cortex, 2021, 142:94-103. https:\/\/doi.org\/10.1016\/j.cortex.2021.06.005<\/li>\n<li>Duran-Aniotz C,\u00a0Orellana P, Le\u00f3n Rodriguez\u00a0T,\u00a0Henriqu\u00e9z F,\u00a0Cabello V, Aguirre-Pinto MF,\u00a0Escobedo Maldonado T, Takada L, Pina-Escudero S, L\u00f3pez O, Yokoyama J,\u00a0Ib\u00e1\u00f1ez A, Parra M, Slachevsky A.\u00a0<a href=\"https:\/\/www.frontiersin.org\/articles\/10.3389\/fneur.2021.663407\/full\">Systematic Review: Genetic, neuroimaging and fluids biomarkers for Frontotemporal Dementia across Latin America Countries<\/a>. Frontiers in Neurology. 2021.\u00a0<a href=\"https:\/\/doi.org\/10.3389\/fneur.2021.663407\">https:\/\/doi.org\/10.3389\/fneur.2021.663407<\/a><\/li>\n<li>Cervetto, S., D\u00edaz-Rivera, M., Petroni, A., Birba, A., Martorell Caro, M., Sede\u00f1o, L., Ib\u00e1\u00f1ez, A. & Garc\u00eda, A. M. (2021).\u00a0<a href=\"https:\/\/bit.ly\/3dB07i9\">The neural blending of words and movement: ERP signatures of semantic and action processes during motor-language coupling<\/a>.\u00a0<em>Journal of Cognitive Neuroscience<\/em>\u00a033(8), 1413-1427. doi:\u00a0<a href=\"https:\/\/doi.org\/10.1162\/jocn_a_01732\">https:\/\/doi.org\/10.1162\/jocn_a_01732<\/a><\/li>\n<li>Su\u00e1rez-Garc\u00eda, D., Birba, A., Zimerman, M., Diazgranados, J., Lopes da Cunha, P., Ib\u00e1\u00f1ez, A., Grisales-C\u00e1rdenas, J., Cardona, J. & Garc\u00eda, A. M. (2021).\u00a0<a href=\"https:\/\/www.mdpi.com\/2076-3425\/11\/7\/887\">Rekindling action language: A neuromodulatory study on Parkinson\u2019s disease patients<\/a>.\u00a0<em>Brain Sciences<\/em>\u00a011(7), 887. doi:\u00a0<a href=\"https:\/\/doi.org\/10.3390\/brainsci11070887\">https:\/\/doi.org\/10.3390\/brainsci11070887<\/a><\/li>\n<li>Lanfranco R, Rivera-Rei A, Huepe D, Ib\u00e1\u00f1ez A, Canales-Johnson A.\u00a0<a href=\"https:\/\/www.sciencedirect.com\/science\/article\/pii\/S1053811921005589\">Beyond imagination: Hypnotic visual hallucination induces greater lateralised brain activity than visual mental imagery<\/a>. NeuroImage, 2021, <a href=\"https:\/\/doi.org\/10.1016\/j.neuroimage.2021.118282\">https:\/\/doi.org\/10.1016\/j.neuroimage.2021.118282<\/a><\/li>\n<li>Salamone, P.C., Legaz, A., Sede\u00f1o, L., Moguilner, S., Fraile-Vazquez, M., Campo, C.G., Fittipaldi, S., Yoris, A., Miranda, M., Birba, A., Galiani, A., Abrevaya, S., Neely, A., Caro, M.M., Alifano, F., Villagra, R., Anunziata, F., Okada de Oliveira, M., Pautassi, R.M., Slachevsky, A., Serrano, C., Garc\u00eda, A.M., Iba\u00f1ez, A.\u00a0<a href=\"https:\/\/www.jneurosci.org\/content\/41\/19\/4276\">Interoception Primes Emotional Processing: Multimodal Evidence from Neurodegeneration<\/a>. The Journal of Neuroscience.\u00a02021;41:4276-92. doi: 10.1523\/jneurosci.2578-20.2021.<\/li>\n<li>Franco-O'Byrne D, Ib\u00e1\u00f1ez A, Santamar\u00eda-Garc\u00eda H, Pati\u00f1o-Saenz M, Idarraga C, Pino M, Baez S.\u00a0<a href=\"https:\/\/link.springer.com\/article\/10.3758\/s13415-021-00903-y\">Neuroanatomy of complex social emotion dysregulation in adolescent offenders<\/a>. Cogn Affect Behav Neurosci.\u00a02021 May 11. doi: 10.3758\/s13415-021-00903-y.<\/li>\n<li>Eyre, H.A., Ayadi, R., Ellsworth, W., Aragam, G., Smith, E., Dawson, W.D., Ibanez, A., Altimus, C., Berk, M., Manji, H.K., Storch, E.A., Leboyer, M., Kawaguchi, N., Freeman, M., Brannelly, P., Manes, F., Chapman, S.B., Cummings, J., Graham, C., Miller, B.F., Sarnyai, Z., Meyer, R., Hynes, W., 2021.\u00a0<a href=\"https:\/\/www.cell.com\/neuron\/fulltext\/S0896-6273(21)00237-3?_returnURL=https%3A%2F%2Flinkinghub.elsevier.com%2Fretrieve%2Fpii%2FS0896627321002373%3Fshowall%3Dtrue\">Building brain\u00a0capital. Neuron<\/a>\u00a0109, 1430-1432.<\/li>\n<li>Baez S, Fittipaldi S, de la Fuente L, Carballo M, Ferrando R, Garc\u00eda-Cordero I, Gonzalez-Campo C, Garcia AM, Sede\u00f1o L, Ib\u00e1\u00f1ez A.\u00a0<a href=\"https:\/\/www.sciencedirect.com\/science\/article\/pii\/S0278584621000877?dgcid=author\">Empathy deficits and their behavioral, neuroanatomical, and functional connectivity correlates in smoked cocaine users<\/a>. Progress in Neuropsychopharmacology & Biological Psychiatry, <em>2021,\u00a0<\/em><a href=\"https:\/\/doi.org\/10.1016\/j.pnpbp.2021.110328\">https:\/\/doi.org\/10.1016\/j.pnpbp.2021.110328<\/a>.<\/li>\n<li>Moguilner, S., Birba, A., Fino, D., Isoardi, R., Huetagoyena, C., Otoya, R., Tirapu, V., Cremaschi, F., Sede\u00f1o, L., Ib\u00e1\u00f1ez, A., & Garc\u00eda,AM (2021).<a href=\"https:\/\/bit.ly\/3t3SAOF\">Multimodal\u00a0neurocognitive\u00a0markers\u00a0of\u00a0frontal\u00a0lobe\u00a0epilepsy:\u00a0Insights\u00a0from\u00a0ecological\u00a0text\u00a0processing<\/a>.\u00a0<em>NeuroImage<\/em>\u00a0235, 117998. doi:\u00a0<a href=\"https:\/\/doi.org\/10.1016\/j.neuroimage.2021.117998\">https:\/\/doi.org\/10.1016\/j.neuroimage.2021.117998<\/a><\/li>\n<li>Zickfeld J, van de Ven N, Pich O, Schubert T, Berkessel J, Pizarro J, Carrasco A, HartantoA, Seda \u00c7olak T, Smieja M, Arriaga P, Vaughn L, Lazarevic L, Baban A, Nussinson R, Gracanin A, Carrera A, Stewart S,\u00a0Do\u011fan U, Ferreira D, Li D, Manley H, Hareli S, Barzykowski C, Aruta J, Vatakis A, Jzerman H, Burak E, Vally Z, \u00d6zdo\u011fru O, Ebert T, Bulut T, Mentser S, Sharman L, Verschuere B, Ito K, Ibanez A, Choi E, Tcherkassof A, Kocsel N, Schwerdtfeger A, Bavolar J, Barbosa S, Estrada-Mejia C, Sch\u00f6nefeld V, Wu Y, Stadel M, G\u00f6tz F, Schrover E, Malik S, Stanke F, Dumont K, K\u00f6k\u00f6nyei G, Chittham P, Morvinski C, Nakayama M, Uchida Y, Sato W, Garc\u00eda AM, Sikka P, Jose P, Dodaj A, Daniels J, Konova I, Bobowik M, Caballero A, Kolen A, Mefoh P, Vanman E, Vuoskoski J, Eskisu M, Mart\u00ednez-Zelaya G, Vingerhoets A, Boudesseul J, BhushanIgor B, \u00a0Kardum B, Escobar MJ, Shankland R, Majeed N, Lekkou E, Espinoza MC, Karsten J, Maeura N, Shani Y, Villar S, Kremer I, Qin W, Ng R, Sesar K, Rentfrow J, Peltola H, Haque S, Su-May T, Ong C, Schorch S, Paez D, Ka\u010dm\u00e1r P, Xue M, \u00a0ZhengR, Sebena R, BalladaJ, Blaut A, Balt N, Martins D, Tochukwu C, Orjiakor T.\u00a0<a href=\"https:\/\/www.sciencedirect.com\/science\/article\/pii\/S0022103121000378?dgcid=coauthor#f0005\">Tears\u00a0Trigger the\u00a0Intention\u00a0to\u00a0Offer\u00a0Social\u00a0Support: A\u00a0Systematic\u00a0Investigation\u00a0of the\u00a0Interpersonal\u00a0Effects\u00a0of\u00a0Emotional\u00a0Crying\u00a0Across\u00a041\u00a0Countries<\/a>. Journal of Experimental\u00a0Social\u00a0Psychology, 2021.\u00a0\u00a0<a href=\"https:\/\/doi.org\/10.1016\/j.jesp.2021.104137\">https:\/\/doi.org\/10.1016\/j.jesp.2021.104137<\/a>.<\/li>\n<li>Trujillo N, G\u00f3mez D,\u00a0Trujillo S, L\u00f3pez JD, Ib\u00e1\u00f1ez A, Parra M.\u00a0<a href=\"https:\/\/journals.plos.org\/plosone\/article?id=10.1371\/journal.pone.0249407\">Attentional\u00a0bias\u00a0during\u00a0emotional\u00a0processing:\u00a0behavioral\u00a0and\u00a0electrophysiological\u00a0evidence\u00a0from an\u00a0emotional\u00a0flanker\u00a0task<\/a>. PLoS ONE 16(4): e0249407.\u00a0<a href=\"https:\/\/doi.org\/10.1371\/journal.pone.0249407\">https:\/\/doi.org\/10.1371\/journal.pone.0249407<\/a><\/li>\n<li>Moguilner, S., Birba, A., Fino, D., Isoardi, R., Huetagoyena, C., Otoya, R., Tirapu, V., Cremaschi, F., Sede\u00f1o, L., Ib\u00e1\u00f1ez, A., & Garc\u00eda, A. M. (2021).\u00a0<a href=\"https:\/\/bit.ly\/3t3SAOF\">Multimodal neurocognitive markers of frontal lobe epilepsy: Insights from ecological text processing<\/a>.\u00a0<em>NeuroImage<\/em>235, 117998. doi:\u00a0<a href=\"https:\/\/doi.org\/10.1016\/j.neuroimage.2021.117998\">https:\/\/doi.org\/10.1016\/j.neuroimage.2021.117998<\/a><\/li>\n<li>Ibanez A, Pina-Escudero S, Possin K, Quiroz Y, Aguzzoli Peres F, Slachevsky A, Sosa AL, Brucki S, Miller B.\u00a0\u00a0<a href=\"https:\/\/www.thelancet.com\/journals\/lanhl\/article\/PIIS2666-7568(21)00031-3\/fulltext\">Dementia caregiving across Latin America and the Caribbean<\/a><a href=\"https:\/\/www.thelancet.com\/journals\/lanhl\/article\/PIIS2666-7568(21)00031-3\/fulltext\">and brain health diplomacy<\/a>.\u00a0Lancet Healthy Longevity, 2021,\u00a0<a href=\"https:\/\/doi.org\/10.1016\/S2666-7568(21)00031-3\">https:\/\/doi.org\/10.1016\/S2666-7568(21)00031-3<\/a>.<\/li>\n<li>Ibanez A, Yokoyama JS, Possin KL, Matallana D, Lopera F, Nitrini R, Takada LT, Custodio N, Sosa Ortiz AL, Avila-Funes JA, Behrens MI, Slachevsky A, Myers RM, Cochran JN, Brusco LI, Bruno MA, Brucki SMD, Pina-Escudero SD, Okada de Oliveira M, Donnelly Kehoe P, Garcia AM, Cardona JF, Santamaria-Garcia H, Moguilner S, Duran-Aniotz C, Tagliazucchi E, Maito M, Longoria Ibarrola EM, Pintado-Caipa M, Godoy ME, Bakman V, Javandel S, Kosik KS, Valcour V and Miller BL (2021)\u00a0<a href=\"https:\/\/doi.org\/10.3389\/fneur.2021.631722\">The Multi-Partner Consortium to Expand Dementia Research in Latin America (ReDLat): Driving Multicentric Research and Implementation Science<\/a>.\u00a0<em>Front. Neurol.<\/em>12:631722. doi: 10.3389\/fneur.2021.631722<\/li>\n<li>Garcia-Cordero I, Migeot J, Fittipaldi S, Aquino A, Gonzalez Campo C, Garc\u00eda A, Ib\u00e1\u00f1ez A.\u00a0<a href=\"https:\/\/www.sciencedirect.com\/science\/article\/pii\/S0010945221000241?dgcid=author\">Metacognition of emotion recognition across neurodegenerative diseases<\/a>.Cortex (2021)137, 93-107,\u00a0<a href=\"https:\/\/doi.org\/10.1016\/j.cortex.2020.12.023\">https:\/\/doi.org\/10.1016\/j.cortex.2020.12.023<\/a><\/li>\n<li>Ibanez A, Parra M, Butler C.\u00a0<a href=\"https:\/\/content.iospress.com\/articles\/journal-of-alzheimers-disease\/jad201384\">The Latin America and the Caribbean Consortium on Dementia (LAC-CD): From networking to research to\u00a0implementation\u00a0science.\u00a0Journal of Alzheimer's Disease<\/a>. 2021.\u00a0DOI: 10.3233\/JAD-201384<\/li>\n<li>Ibanez A, Schulte M.\u00a0<a href=\"https:\/\/academic.oup.com\/brain\/article-abstract\/143\/12\/3523\/6094948\">Situated minds: Conceptual and emotional blending in neurodegeneration and beyond<\/a>.Brain, 2020,\u00a0143, 3523\u20133525.\u00a0<a href=\"https:\/\/doi.org\/10.1093\/brain\/awaa392\">https:\/\/doi.org\/10.1093\/brain\/awaa392<\/a><\/li>\n<\/ul>\n<p>&nbsp;<\/p>\n<p><strong>2020<\/strong><\/p>\n<ul>\n<li>Legaz A, Yoris A, Sede\u00f1o L, Abrevaya S, Martorell M, Alifano F, Garc\u00eda AM, Iba\u00f1ez A.\u00a0<a href=\"https:\/\/onlinelibrary.wiley.com\/doi\/10.1111\/ejn.14979\">Heart-brain interactions during social and cognitive stress in hypertensive disease: a multidimensional approach<\/a>. Eur J Neurosci. 2020,\u00a0<a href=\"https:\/\/doi.org\/10.1111\/ejn.14979\">https:\/\/doi.org\/10.1111\/ejn.14979<\/a><\/li>\n<li>Richter, F., Garc\u00eda, A. M., Rodr\u00edguez Arriagada, N., Yoris, A., Birba, A., Huepe, D., Zimmer, H., Ib\u00e1\u00f1ez, A. & Sede\u00f1o, L. (2020). \u00a0<a href=\"https:\/\/onlinelibrary.wiley.com\/doi\/full\/10.1002\/hbm.25288?af=R\">Behavioral\u00a0and\u00a0neurophysiological\u00a0signatures\u00a0of\u00a0interoceptive\u00a0enhancements\u00a0following\u00a0vagus\u00a0nerve\u00a0stimulation<\/a>.\u00a0<em>Human Brain Mapping<\/em>. doi:\u00a0<a href=\"https:\/\/doi.org\/10.1002\/hbm.25288\">https:\/\/doi.org\/10.1002\/hbm.25288<\/a><\/li>\n<li>Ibanez A, Parra M, Butler C. The Latin America and the Caribbean Consortium on Dementia (LAC-CD): From networking to research to implementation science. Journal of Alzheimer's Disease. Accepted. 10.3233\/JAD-201384<\/li>\n<li>Dawson W, Bobrow K, Ibanez A, Booi L, Pintado-Caipa M, Yamamoto S, Tarnanas I, Evans T, Comas-Herrera A, Cummings J, Kaye J, Yaffe K, Miller B, Eyre H. <a href=\"https:\/\/doi.org\/10.1016\/s1474-4422(20)30358-6\">The\u00a0necessity\u00a0of diplomacy\u00a0in\u00a0brain\u00a0health.<\/a> Lancet Neurology, DOI:\u00a0<a href=\"https:\/\/doi.org\/10.1016\/s1474-4422(20)30358-6\">1016\/S1474-4422(20)30358-6<\/a><\/li>\n<li>Santamar\u00eda-Garc\u00eda H, Baez S, Aponte DM, Pascariello GO, Donnelly-Kehoe PA, Maggiotti G, Matallana D, Hesse E, Neely A, Zapata JG, Chiong W, Levy J, Decety J, Ib\u00e1\u00f1ez A. Uncovering social-contextual and individual mental health factors associated with violence via computational inference. Patterns, Accepted<\/li>\n<li>Slachevsky A, Zitko P, Mart\u00ednez-Pern\u00eda D, Forno G, Court FA, Lillo P, Villagra R, Duran-Aniotz C, Parrao T, Assar R, Orellana P, Toledo C, Rivera R, Iba\u00f1ez A, Parra MA, Gonz\u00e1lez-Billault C, Amieva H, Thumala D. (2020).\u00a0GERO\u00a0Cohort\u00a0Protocol, Chile, 2017\u20132022: Community-based\u00a0Cohort\u00a0of Functional Decline in Subjective Cognitive Complaint elderly. BMC Geriatrics 20, 505.\u00a0<a href=\"https:\/\/doi.org\/10.1186\/s12877-020-01866-4\">https:\/\/doi.org\/10.1186\/s12877-020-01866-4<\/a><\/li>\n<li>Ibanez A, Santamaria-Garcia H, Guerrero Barragan A, Kornhuber A, Ton AMM, Slachevsky A, Teixeira AL, Mar Meza BM, Serrano CM, Cano C, Arias Gonzalez C, Gonzalez-Billault C, Butler C, Bustin J, Duran-Aniotz C, Acosta D, Matallana DL, Acosta-Alvear D, Tr\u00e9pel D, Resende EDPF, de Oliveira FF, Ibanez F, De Felice FG, Navarrete G, Tarnanas I, Meier IB, Smid J, Llibre-Guerra J, Llibre-Rodriguez JJ, Fajersztajn L, Takada LT, Duque L, Okada de Oliveira M, Bicalho MAC, Behrens MI, Pintado-Caipa M, Parra M, Wilson MZ, De La Cruz Puebla M, Custodio N, Santibanez R, Serafim RB, Tavares RM, Pi\u00f1a Escudero SD, Leon Rodriguez T, Dawson W, Miller BL, Kosik KS (2020).\u00a0<a href=\"https:\/\/alz-journals.onlinelibrary.wiley.com\/doi\/abs\/10.1002\/trc2.12092\">The impact of SARS-CoV-2 in\u00a0dementia\u00a0across\u00a0Latin\u00a0America: A call for an urgent\u00a0regional\u00a0plan\u00a0and coordinated response<\/a>. Alzheimer's &\u00a0Dementia: Translational Research & Clinical Interventions 6,\u00a0<a href=\"https:\/\/doi.org\/10.1002\/trc2.12092\">https:\/\/doi.org\/10.1002\/trc2.12092<\/a><\/li>\n<li>Parra, Mario Alfredo, Sandra Baez, Lucas Sede\u00f1o, Cecilia Gonzalez Campo, Hernando Santamar\u00eda-Garc\u00eda, Ivan Aprahamian, Paulo HF Bertolucci, Julian Bustin, Maria Aparecida Camargos Bicalho, Carlos Cano-Gutierrez, Paulo Caramelli, Marcia L. F. Chaves, Patricia Cogram, B\u00e1rbara Costa Beber, Felipe A. Court, Leonardo Cruz de Souza, Nilton Custodio, Andres Damian, Myriam de la Cruz, Roberta Diehl Rodriguez, Sonia Maria Dozzi Brucki, Lais Fajersztajn, Gonzalo A. Far\u00edas, Fernanda G. De Felice, Raffaele Ferrari, Fabricio Ferreira de Oliveira, Sergio T. Ferreira, Ceres Ferretti, Marcio Luiz Figueredo Balthazar, Norberto Anizio Ferreira Frota, Patricio Fuentes, Adolfo M. Garc\u00eda, Patricia J. Garcia, F\u00e1bio Henrique de Gobbi Porto, Lissette Duque Pe\u00f1ailillo, Henry Willy Engler, Irene Maier, Ignacio F. Mata, Christian Gonzalez-Billault, Oscar L. Lopez, Laura Morelli, Ricardo Nitrini, Yakeel T. Quiroz, Alejandra Guerrero Barragan, David Huepe, Fabricio Joao Pio, Claudia Kimie Suemoto, Renata Kochhann, Silvia Kochen, Fiona Kumfor, Serggio Lanata, Bruce Miller, Leticia Lessa Mansur, Mirna Lie Hosogi, Patricia Lillo, Jorge Llibre Guerra, David Lira, Francisco Lopera, Adelina Comas, Jos\u00e9 Alberto Avila-Funes, Ana Luisa Sosa, Claudia Ramos, Elisa de Paula Fran\u00e7a Resende, Heather M. Snyder, Ioannis Tarnanas, Jenifer Yokoyama, Juan Llibre, Juan Felipe Cardona, Kate Possin, Kenneth S. Kosik, Rosa Montesinos, Sebastian Moguilner, Patricia Cristina Lourdes Solis, Renata Eloah de Lucena Ferretti-Rebustini, Jeronimo Martin Ramirez, Diana Matallana, Lingani Mbakile-Mahlanza, Alyne Mendon\u00e7a Marques Ton, Ronnielly Melo Tavares, Eliane C Miotto, Graciela Muniz-Terrera, Luis Arnoldo Mu\u00f1oz-Nev\u00e1rez, David Orozco, Maira Okada de Oliveira, Olivier Piguet, Maritza Pintado Caipa, Stefanie Danielle Pi\u00f1a Escudero, Lucas Porcello Schilling, Andr\u00e9 Luiz Rodrigues Palmeira, M\u00f4nica Sanches Yassuda, Jose Manuel Santacruz-Escudero, Rodrigo Bernardo Serafim, Jerusa Smid, Andrea Slachevsky, Cecilia Serrano, Marcio Soto-A\u00f1ari, Leonel Tadao Takada, Lea Tenenholz Grinberg, Antonio Lucio Teixeira, Maira Tonidandel Barbosa, Dominic Tr\u00e9pel, and Agustin Ibanez.\u00a0<a href=\"https:\/\/alz-journals.onlinelibrary.wiley.com\/doi\/abs\/10.1002\/alz.12202\">Dementia\u00a0in\u00a0Latin\u00a0America:\u00a0Paving\u00a0the\u00a0way\u00a0toward\u00a0a\u00a0regional\u00a0action\u00a0plan<\/a>. Alzheimer's &\u00a0Dementia,\u00a02020;\u00a01\u2013\u00a019.\u00a0<a href=\"https:\/\/doi.org\/10.1002\/alz.12202\">https:\/\/doi.org\/10.1002\/alz.12202<\/a><\/li>\n<li>Baez, S., Trujillo, N., Hurtado, E., Ortiz-Ayala, A., Calvache, M. R., Quishpe, R. C., & Ibanez, A.\u00a0<a href=\"https:\/\/doi.org\/10.1177\/0886260520983258\">The Dynamics of Implicit Intergroup Biases of Victims and Ex-combatants in Post-conflict Scenarios<\/a>. Journal of Interpersonal Violence, 2020,\u00a0<a href=\"https:\/\/doi.org\/10.1177\/0886260520983258\">https:\/\/doi.org\/10.1177\/0886260520983258<\/a><\/li>\n<li>Baez, S., Herrera, E., Trujillo, E., Cardona, J. F., Diazgranados, J. A., Pino, M., Santamar\u00eda-Garc\u00eda, H., Ib\u00e1\u00f1ez, A. & Garc\u00eda, A. M. (2020).\u00a0<a href=\"https:\/\/bit.ly\/3jZub7q\">Classifying\u00a0Parkinson\u2019s\u00a0disease\u00a0patients\u00a0with\u00a0syntactic\u00a0and\u00a0socio-emotional\u00a0verbal\u00a0measures<\/a>.\u00a0<em>Frontiers in Aging Neuroscience<\/em>12, 586233. doi:\u00a0<a href=\"https:\/\/doi.org\/10.3389\/fnagi.2020.586233\">https:\/\/doi.org\/10.3389\/fnagi.2020.586233<\/a><\/li>\n<li>Moguilner S, Garc\u00eda AM, Perl YS, Tagliazucchi E, Piguet O, Kumfor F, Reyes P, Matallana D, Sede\u00f1o L, Ib\u00e1\u00f1ez \u00a0<a href=\"https:\/\/doi.org\/10.1016\/j.neuroimage.2020.117522\">Dynamic\u00a0brain\u00a0fluctuations\u00a0outperform\u00a0connectivity\u00a0measures\u00a0and\u00a0mirror\u00a0pathophysiological\u00a0profiles\u00a0across\u00a0dementia\u00a0subtypes: a multicenter study<\/a>. Neuroimage. 2020 Oct 31:117522. doi: 10.1016\/j.neuroimage.2020.117522.<\/li>\n<li>Abrevaya S, Fittipaldi S, Garc\u00eda AM, Dottori M, Santamaria-Garcia H, Birba A, Yoris A, Hildebrandt MK, Salamone P, De la Fuente A, Mart\u00ed SA, Cordero IG, Caro MM, Pautassi RM, Serrano C, Sede\u00f1o L, Ib\u00e1\u00f1ez A.\u00a0<a href=\"https:\/\/journals.lww.com\/psychosomaticmedicine\/Abstract\/9000\/At_the_heart_of_neurological_dimensionality_.98499.aspx\">At the\u00a0heart\u00a0of\u00a0neurological\u00a0dimensionality:\u00a0Cross-nosological\u00a0and\u00a0multimodal\u00a0cardiac\u00a0interoceptive\u00a0deficits<\/a>. Psychosom Med. 2020 Sep 25. doi: 10.1097\/PSY.0000000000000868.<\/li>\n<li>Ibanez A, Schulte M. Situated minds:\u00a0 Conceptual\u00a0and\u00a0emotional\u00a0blending\u00a0in\u00a0neurodegeneration\u00a0and\u00a0beyond. Brain, Accepted<\/li>\n<li><a href=\"https:\/\/pubmed.ncbi.nlm.nih.gov\/?term=Canales-Johnson+A&cauthor_id=32338705\">Andr\u00e9s Canales-Johnson<\/a>,\u00a0<a href=\"https:\/\/pubmed.ncbi.nlm.nih.gov\/?term=Billig+AJ&cauthor_id=32338705\">Alexander J Billig<\/a>\u00a0,\u00a0<a href=\"https:\/\/pubmed.ncbi.nlm.nih.gov\/?term=Olivares+F&cauthor_id=32338705\">Francisco Olivares<\/a>\u00a0,\u00a0<a href=\"https:\/\/pubmed.ncbi.nlm.nih.gov\/?term=Gonzalez+A&cauthor_id=32338705\">Andr\u00e9s Gonzalez<\/a>\u00a0,\u00a0<a href=\"https:\/\/pubmed.ncbi.nlm.nih.gov\/?term=Garcia+MDC&cauthor_id=32338705\">Mar\u00eda Del Carmen Garcia<\/a>\u00a0,\u00a0<a href=\"https:\/\/pubmed.ncbi.nlm.nih.gov\/?term=Silva+W&cauthor_id=32338705\">Walter Silva<\/a>\u00a0,\u00a0<a href=\"https:\/\/pubmed.ncbi.nlm.nih.gov\/?term=Vaucheret+E&cauthor_id=32338705\">Esteban Vaucheret<\/a>\u00a0,\u00a0<a href=\"https:\/\/pubmed.ncbi.nlm.nih.gov\/?term=Ciraolo+C&cauthor_id=32338705\">Carlos Ciraolo<\/a>\u00a0,\u00a0<a href=\"https:\/\/pubmed.ncbi.nlm.nih.gov\/?term=Mikulan+E&cauthor_id=32338705\">Ezequiel Mikulan<\/a>,\u00a0<a href=\"https:\/\/pubmed.ncbi.nlm.nih.gov\/?term=Ibanez+A&cauthor_id=32338705\">Agust\u00edn Ibanez<\/a>\u00a0,\u00a0<a href=\"https:\/\/pubmed.ncbi.nlm.nih.gov\/?term=Huepe+D&cauthor_id=32338705\">David Huepe<\/a>\u00a0,\u00a0<a href=\"https:\/\/pubmed.ncbi.nlm.nih.gov\/?term=Noreika+V&cauthor_id=32338705\">Valdas Noreika<\/a>\u00a0,\u00a0<a href=\"https:\/\/pubmed.ncbi.nlm.nih.gov\/?term=Chennu+S&cauthor_id=32338705\">Srivas Chennu<\/a>,\u00a0<a href=\"https:\/\/pubmed.ncbi.nlm.nih.gov\/?term=Bekinschtein+TA&cauthor_id=32338705\">Tristan A Bekinschtein<\/a>. Corrigendum: Dissociable Neural Information <a href=\"https:\/\/pubmed.ncbi.nlm.nih.gov\/32338705\/\">Dynamics of Perceptual Integration and Differentiation during Bistable Perception<\/a>. Cereb Cortex.\u00a02020 May 18;30(6):3856.\u00a0doi: 10.1093\/cercor\/bhaa113<\/li>\n<li>Goitia B, Bruno D, Abrevaya S, Sede\u00f1o L,Ib\u00e1\u00f1ez A, Manes F, Sigman M, Sinay V, Torralva T, Duncan J, Roca M. <a href=\"https:\/\/pubmed.ncbi.nlm.nih.gov\/32320404\/\">The relationship between executive functions and fluid intelligence in multiple sclerosis<\/a>. 2020 Aug 1;216:116820. doi: 10.1016\/j.neuroimage.2020.116820. Epub 2020<\/li>\n<li>G\u00f3mez-Carvajal AM, Santamar\u00eda-Garc\u00eda H, Garc\u00eda AM, Valderrama M, Mejia J, Santamar\u00eda-Garc\u00eda J, Bernal M, Silva J,Ib\u00e1\u00f1ez A, Baez S. <a href=\"https:\/\/pubmed.ncbi.nlm.nih.gov\/32238840\/\">The unique social sense of puerperium: Increased empathy and Schadenfreude in parents of newborns<\/a>. Sci Rep. 2020 Apr 1;10(1):5760. doi: 10.1038\/s41598-020-62622-7.<\/li>\n<li>Canales-Johnson A, Billig AJ, Olivares F, Gonzalez A, Garcia MDC, Silva W, Vaucheret E, Ciraolo C, Mikulan E,Ibanez A, Huepe D, Noreika V, Chennu S, Bekinschtein TA. <a href=\"https:\/\/pubmed.ncbi.nlm.nih.gov\/32219312\/\">Dissociable Neural Information Dynamics of Perceptual Integration and Differentiation during Bistable Perception<\/a> \u00a0Cereb Cortex. 2020 Jun 30;30(8):4563-4580. doi: 10.1093\/cercor\/bhaa058<\/li>\n<li>Smith E, Ali D, Wilkerson B, Dawson WD, Sobowale K, Reynolds C 3rd, Berk M, Lavretsky H, Jeste D, Ng CH, Soares JC, Aragam G, Wainer Z, Manji HK, Licinio J, Lo AW, Storch E, Fu E, Leboyer M, Tarnanas I, Ibanez A, Manes F, Caddick S, Fillit H, Abbott R, Robertson IH, Chapman SB, Au R, Altimus CM, Hynes W, Brannelly P, Cummings J, Eyre HA.\u00a0<a href=\"https:\/\/www.nature.com\/articles\/s41380-020-00918-w\">A Brain Capital Grand Strategy: toward economic reimagination<\/a>. Mol Psychiatry.\u00a02020 Oct 26. doi: 10.1038\/s41380-020-00918-w.<\/li>\n<li>Ibanez A, Flichtentrei D, Hesse E, Dottori M, Tomio A, Slachevsky A, Serrano C, Gonzalez C, Custodio N, Miranda C, Bustin J, Cetckovitch M, Torrente F, Olavarria L, Leon T, Costa Beber B, Bruki S, Suemoto C, Nitrini R, Miller B, Yokoyama J.\u00a0<a href=\"https:\/\/alz-journals.onlinelibrary.wiley.com\/doi\/10.1002\/dad2.12117\">The\u00a0power\u00a0of\u00a0knowledge about dementia in Latin America across health professionals working on aging<\/a>.\u00a0Alzheimer's & Dementia,\u00a0<a href=\"https:\/\/doi.org\/10.1002\/dad2.12117\">https:\/\/doi.org\/10.1002\/dad2.12117<\/a><\/li>\n<li>Sainz Ballesteros A, Ibanez A.\u00a0<a href=\"https:\/\/doi.org\/10.1016\/B978-0-12-819641-0.00050-5\">Dimensional and Transdiagnostic Social Neuroscience and Behavioral Neurology<\/a>. Encyclopedia of Behavioral Neuroscience. Reference Module in Neuroscience and Biobehavioral Psychology, Elsevier, 2020,\u00a0<a href=\"https:\/\/doi.org\/10.1016\/B978-0-12-819641-0.00050-5\">https:\/\/doi.org\/10.1016\/B978-0-12-819641-0.00050-5<\/a>.<\/li>\n<li>Eyigoz, E., Courson, M., Sede\u00f1o, L., Rogg, K., Orozco-Arroyave, J. R., N\u00f6th, E., Skodda, S., Trujillo, N., Rodr\u00edguez, M., Rusz, J., Mu\u00f1oz, E., Cardona, J. F., Herrera, E., Hesse, E., Ib\u00e1\u00f1ez, A., Cecchi, G. & Garc\u00eda, A. M. (2020).\u00a0<a href=\"https:\/\/bit.ly\/36dMH8P\">From\u00a0discourse\u00a0to\u00a0pathology:\u00a0Automatic\u00a0identification\u00a0of Parkinson\u2019s\u00a0disease\u00a0patients\u00a0via\u00a0morphological\u00a0measures\u00a0across\u00a0three\u00a0languages<\/a>.\u00a0Cortex\u00a0132, 191-205. doi:\u00a0<a href=\"https:\/\/doi.org\/10.1016\/j.cortex.2020.08.020\">https:\/\/doi.org\/10.1016\/j.cortex.2020.08.020<\/a><\/li>\n<li>Birba, A., Vitale, F., Padr\u00f3n, I., Dottori, M. de Vega, M., Zimerman, M., Sede\u00f1o, L., Ib\u00e1\u00f1ez, A. & Garc\u00eda, A. M. (2020).\u00a0<a href=\"https:\/\/bit.ly\/3m7Qn1n\">Electrifying discourse: Anodal tDCS of the primary motor cortex selectively reduces action appraisal in naturalistic narratives<\/a>. doi:\u00a0<a href=\"https:\/\/doi.org\/10.1016\/j.cortex.2020.08.005\">https:\/\/doi.org\/10.1016\/j.cortex.2020.08.005<\/a><\/li>\n<li>Salamone P, Sede\u00f1o L, Legaz A, Bekinschtein T, Martorell M, Adolfi F, Fraile-Vazquez M, Rodr\u00edguez Arriagada N, Favaloro L, Peradejordi M, AbsiD, Garc\u00eda AM, Favaloro R, Ib\u00e1\u00f1ez A.\u00a0<a href=\"https:\/\/academic.oup.com\/braincomms\/article\/2\/2\/fcaa095\/5869043\">Dynamic neurocognitive changes in interoception after heart transplant<\/a>. Brain\u00a0Communications, doi:10.1093\/braincomms\/fcaa095.<\/li>\n<li>Yoris, A., Legaz, A., Abrevaya, S., Alarco, S., L\u00f3pez Pel\u00e1ez, J., S\u00e1nchez, R.,\u00a0Garc\u00eda, A. M., Ib\u00e1\u00f1ez, A. & Sede\u00f1o, L. (2020).\u00a0<a href=\"https:\/\/www.nature.com\/articles\/s41598-020-70451-x\">Multicentric evidence of emotional impairments in hypertensive heart disease<\/a>.\u00a0<em>Scientific Reports<\/em>10, 14131. doi:\u00a0<a href=\"https:\/\/doi.org\/10.1038\/s41598-020-70451-x\">https:\/\/doi.org\/10.1038\/s41598-020-70451-x<\/a><\/li>\n<li>Ibanez A, Kosik K, for the Latin America and the Caribbean Consortium on Dementia (LAC-CD).\u00a0<a href=\"https:\/\/www.thelancet.com\/journals\/laneur\/article\/PIIS1474-4422(20)30270-2\/fulltext#articleInformation\">COVID-19 in older people with cognitive impairment in Latin America<\/a>. The Lancet Neurology, 202019, 719-721,<a href=\"https:\/\/doi.org\/10.1016\/S1474-4422(20)30270-2\">https:\/\/doi.org\/10.1016\/S1474-4422(20)30270-2<\/a>.<\/li>\n<li>Kogan, B., Garc\u00eda-Marco, E., Birba, A., Cortes, C., Melloni, M., Ib\u00e1\u00f1ez, A. & Garc\u00eda, A. M. (2020).\u00a0<a href=\"https:\/\/www.sciencedirect.com\/science\/article\/pii\/S0028393220302360?via%3Dihub\">How words ripple through bilingual hands: Sensorimotor resonance during writing in first and second language<\/a>.\u00a0Neuropsychologia 146, 107563. doi:\u00a0<a href=\"https:\/\/doi.org\/10.1016\/j.neuropsychologia.2020.107563\">https:\/\/doi.org\/10.1016\/j.neuropsychologia.2020.107563<\/a><\/li>\n<li>Garc\u00eda, A. M., Ib\u00e1\u00f1ez, A., Hesse, E., Kogan, B., Filippini, C. M., & S\u00e1nchez, S. (2020).\u00a0<a href=\"https:\/\/bit.ly\/3eDkJ72\">The Multifaceted Role of English in the Argentine Higher Education System<\/a>. Buenos Aires: The British Council.<\/li>\n<li><strong>\u00a0<\/strong>Torres-Prioris M. J., L\u00f3pez-Barroso, D., C\u00e0mara, E., Fittipaldi, S., Sede\u00f1o, L., Ib\u00e1\u00f1ez A., Berthier, M. L. & Garc\u00eda, A. M. (2020).\u00a0<a href=\"https:\/\/www.nature.com\/articles\/s41598-020-67551-z\">Neurocognitive signatures of phonemic sequencing in expert backward speakers<\/a>. Scientific Reports 10, 10621. doi:\u00a0<a href=\"https:\/\/doi.org\/10.1038\/s41598-020-67551-z\">https:\/\/doi.org\/10.1038\/s41598-020-67551-z<\/a><\/li>\n<li>Garc\u00eda MA*, Hesse E*, Birba A*, Adolfi F, Mikulan E, Martorell Caro M, Petroni A, Bekinchstein T, del Carmen Garc\u00eda M, Silva W, Ciraolo C, Vaucheret E, Sede\u00f1oL, Ib\u00e1\u00f1ezA. <a href=\"https:\/\/academic.oup.com\/cercor\/advance-article\/doi\/10.1093\/cercor\/bhaa178\/5861607\">Time\u00a0to\u00a0face\u00a0language:\u00a0Embodied\u00a0mechanisms\u00a0underpin\u00a0the\u00a0inception\u00a0of\u00a0face-related\u00a0meanings\u00a0in the\u00a0human\u00a0brain<\/a>.\u00a0Cerebral\u00a0Cortex, 2020,\u00a0<a href=\"https:\/\/doi.org\/10.1093\/cercor\/bhaa178\">https:\/\/doi.org\/10.1093\/cercor\/bhaa178<\/a><\/li>\n<li>Santamar\u00eda-Garc\u00eda H, Baez S, G\u00f3mez C,<em>Rodr\u00edguez-Villagra O, Huepe D, Portela M, Reyes P, Klahr J, Matallana D, Ibanez A.<\/em><a href=\"https:\/\/www.nature.com\/articles\/s41398-020-0852-4\">The role of social cognition skills and social determinants of health in predicting symptoms of mental illness<\/a>.\u00a0<em>Transl Psychiatry<\/em>\u00a0<strong>10,\u00a0<\/strong>165 (2020).\u00a0<a href=\"https:\/\/doi.org\/10.1038\/s41398-020-0852-4\">https:\/\/doi.org\/10.1038\/s41398-020-0852-4<\/a><\/li>\n<li>Zheng, B., B\u00e1ez, S., Su, L., Xiang, X., Weis, S., Ib\u00e1\u00f1ez, A. & Garc\u00eda, A. M. (2020).\u00a0<a href=\"https:\/\/www.sciencedirect.com\/science\/article\/pii\/S0278262620301597?via%3Dihub\">Semantic and attentional networks in bilingual processing: fMRI connectivity signatures of translation directionality<\/a>.\u00a0<em>Brain and Cognition<\/em>143, 105584. doi:\u00a0<a href=\"https:\/\/doi.org\/10.1016\/j.bandc.2020.105584\">https:\/\/doi.org\/10.1016\/j.bandc.2020.105584<\/a><\/li>\n<li>Ipi\u00f1a, I. P., Kehoe, P. D., Kringelbach, M., Laufs, H., Iba\u00f1ez, A., Deco, G., Perl, Y. S., & Tagliazucchi, E. (2020).\u00a0<a href=\"https:\/\/doi.org\/10.1016\/j.neuroimage.2020.116833\">Modeling\u00a0regional\u00a0changes\u00a0in\u00a0dynamic\u00a0stability\u00a0during\u00a0sleep\u00a0and\u00a0wakefulness<\/a>.\u00a0<em>Neuroimage<\/em>.2020;116833. doi:10.1016\/j.neuroimage.2020.116833<\/li>\n<li>Birba, A., Beltr\u00e1n, D., Martorell, M., Trevisan, P., Kogan, B., Sede\u00f1o, L., Ib\u00e1\u00f1ez, A., & Garc\u00eda, A. M. (2020).\u00a0<a href=\"https:\/\/www.sciencedirect.com\/science\/article\/pii\/S1053811920303074\">Motor system dynamics during action narrative reading in first and second language<\/a>.<em>NeuroImage\u00a0<\/em>116820. doi:\u00a0<a href=\"https:\/\/doi.org\/10.1016\/j.neuroimage.2020.116820\">https:\/\/doi.org\/10.1016\/j.neuroimage.2020.116820<\/a><\/li>\n<li>Gonzalez-Gadea ML, Santamar\u00eda-Garc\u00eda H, Arag\u00f3n I, Santamar\u00eda-Garc\u00eda J, Herrera E, Ib\u00e1\u00f1ez A, Sigman M.\u00a0<a href=\"https:\/\/www.sciencedirect.com\/science\/article\/pii\/S0885201420300320?dgcid=coauthor\">Transgression\u00a0of\u00a0cooperative\u00a0helping\u00a0norms\u00a0outweighs\u00a0children\u2019s\u00a0intergroup\u00a0bias<\/a>. Cognitive Development, 54, 2020,<a href=\"https:\/\/doi.org\/10.1016\/j.cogdev.2020.100878\">https:\/\/doi.org\/10.1016\/j.cogdev.2020.100878<\/a><\/li>\n<li>Fittipaldi S, Abrevaya S, de La Fuente A, Pascariello G, Hesse E, Birba A, Salamone P, Hildebrandt M, Alarco Mart\u00ed S, Pautassi R; Huepe D, Martorell M, Yoris A, Roca M, Garc\u00eda AM, Sede\u00f1o L, Ibanez A. <a href=\"https:\/\/www.sciencedirect.com\/science\/article\/pii\/S1053811920301646\">A\u00a0multidimensional\u00a0and\u00a0multi-feature\u00a0framework\u00a0for\u00a0cardiac\u00a0interoception<\/a>.\u00a0NeuroImage, 2020,\u00a0<a href=\"http:\/\/doi.org\/10.1016\/j.neuroimage.2020.116677\">doi.org\/10.1016\/j.neuroimage.2020.116677<\/a><\/li>\n<li>G\u00f3mez-Carvajal, A.-M., Santamar\u00eda-Garc\u00eda, H., Garc\u00eda, A.M., Valderrama, M., Mejia, J., Santamar\u00eda-Garc\u00eda, J., Bernal, M., Silva, J., Ib\u00e1\u00f1ez, A., Baez, S.\u00a0The unique social sense of puerperium: Increased empathy and\u00a0<em>Schadenfreude<\/em>in parents of newborns.\u00a0<em>Sci Rep<\/em><strong>10,\u00a0<\/strong>5760 (2020).\u00a0<a href=\"https:\/\/doi.org\/10.1038\/s41598-020-62622-7\">https:\/\/doi.org\/10.1038\/s41598-020-62622-7<\/a><\/li>\n<li>Ternes K, Iyengar V, Lavretsky H, Dawson WD, Booi L, Ibanez A, Vahia I, Reynolds C, DeKosky S, Cummings J, Miller B, Perissinotto C, Kaye J, Eyre HA.\u00a0<a href=\"https:\/\/www.cambridge.org\/core\/journals\/international-psychogeriatrics\/article\/brain-health-innovation-diplomacy-a-model-binding-diverse-disciplines-to-manage-the-promise-and-perils-of-technological-innovation\/383BFB88DA8CFF6283441B6DB6AB7F1A\">Brain health Innovation Diplomacy: a model binding diverse disciplines to manage the promise and perils of technological innovation<\/a>.\u00a0Int Psychogeriatr. 2020 Feb 5;1-25. doi:10.1017\/S1041610219002266.<\/li>\n<li>Arias J, Williams C, Raghvani R, Aghajani M, Baez S, Belzung C, Booij L, Busatto G, Chiarella J, Fu C, Ibanez A, Liddell B, Lowe L, Penninx B, Rosa P, Kemp A. <a href=\"https:\/\/doi.org\/10.1016\/j.neubiorev.2020.01.006\">The neuroscience of sadness: A multidisciplinary synthesis and collaborative review<\/a>. Neuroscience & Biobehavioral Reviews, 2020, 199-228.\u00a0<a href=\"https:\/\/doi.org\/10.1016\/j.neubiorev.2020.01.006\">https:\/\/doi.org\/10.1016\/j.neubiorev.2020.01.006<\/a>.<\/li>\n<li>Samek A, Cowell JM, Cappelen AW, Cheng Y, Contreras-Ib\u00e1\u00f1ez C, Gomez-Sicard N, Gonzalez-Gadea ML, Huepe D, Ib\u00e1\u00f1ez A, Lee K, Malcolm-Smith S, Salas N, Selcuk B, Tungodden B, Wong A, Zhou X, Decety J.\u00a0<a href=\"https:\/\/www.sciencedirect.com\/science\/article\/abs\/pii\/S0022096519303236\">The development of social comparisons and sharing behavior across 12 countries<\/a>.\u00a0<em>J Exp Child Psychol<\/em>. 2020;192:104778. doi:10.1016\/j.jecp.2019.104778<\/li>\n<li>Dottori M, Hesse E, Santilli M, Vilas M, Martorell Caro M, Fraiman D, Sede\u00f1o L, Ib\u00e1\u00f1ez A & Garc\u00eda AM (2020).\u00a0Task-specific\u00a0signatures\u00a0in the\u00a0expert\u00a0brain:\u00a0<a href=\"https:\/\/www.sciencedirect.com\/science\/article\/pii\/S1053811920300069?via%3Dihub\">Differential\u00a0correlates\u00a0of translation and reading in professional interpreters<\/a>.\u00a0NeuroImage\u00a0209, 116519. doi:\u00a0<a href=\"https:\/\/doi.org\/10.1016\/j.neuroimage.2020.116519\">https:\/\/doi.org\/10.1016\/j.neuroimage.2020.116519<\/a><\/li>\n<\/ul>\n<p><strong>\u00a0<\/strong><\/p>\n<p><strong>2019 <\/strong><\/p>\n<ul>\n<li>Musa G, Slachevsky A, Mu\u00f1oz-Neira C, M\u00e9ndez C, Villagra R, Gonz\u00e1lez-Billault\u00a0C, Ib\u00e1\u00f1ez A, Hornberger M, Lillo P.\u00a0<a href=\"https:\/\/content.iospress.com\/articles\/journal-of-alzheimers-disease\/jad190924\">Alzheimer's Disease or Behavioral Variant<\/a><a href=\"https:\/\/content.iospress.com\/articles\/journal-of-alzheimers-disease\/jad190924\">Frontotemporal\u00a0Dementia?\u00a0Review\u00a0of\u00a0Key\u00a0Points\u00a0Toward\u00a0an\u00a0Accurate\u00a0Clinical\u00a0and<\/a>\u00a0<a href=\"https:\/\/content.iospress.com\/articles\/journal-of-alzheimers-disease\/jad190924\">Neuropsychological\u00a0Diagnosis<\/a>. J Alzheimers Dis. 2019 Dec 26. doi:\u00a010.3233\/JAD-190924. PubMed PMID: 31884475.<\/li>\n<li>M. Belen Bachlia, Lucas Sede\u00f1o, Jeremi K. Ochab, Olivier Piguete, Fiona Kumfore, Pablo Reyesg, Teresa Torralva, Mar\u00eda Roca, Juan Felipe Cardona, Cecilia Gonzalez Campo, Eduar Herrera, Andrea Slachevsky, Diana Matallana, Facundo Manes, Adolfo M. Garc\u00eda, Agust\u00edn Ib\u00e1\u00f1ez, and Dante R. Chialvo. <a href=\"https:\/\/www.ncbi.nlm.nih.gov\/pubmed\/31841681\">Evaluating the reliability of neurocognitive biomarkers of neurodegenerative diseases across countries: a machine-learning approach Neuroimage.<\/a> 2019 Dec 10:116456. doi: 10.1016\/j.neuroimage.2019.116456<\/li>\n<li>Kogan B, Mu\u00f1oz E, Ib\u00e1\u00f1ez A & Garc\u00eda AM (2019<a href=\"https:\/\/www.sciencedirect.com\/science\/article\/pii\/S0278262619304026?dgcid=author\">).\u00a0Too late to be grounded? Action words in foreign and newly acquired languages<\/a>.\u00a0<em>Brain and Cognition<\/em>138, 105509. doi:\u00a0<a href=\"https:\/\/doi.org\/10.1016\/j.bandc.2019.105509\">https:\/\/doi.org\/10.1016\/j.bandc.2019.105509<\/a><\/li>\n<li>Garc\u00eda-Cordero I, Sede\u00f1o L, Babino A, Dottori M, Melloni M, Martorell Caro M, Sigman M, Herrera\u00a0E, Manes F, Garc\u00eda AM, Ibanez A.\u00a0<a href=\"https:\/\/www.nature.com\/articles\/s41598-019-50599-x\">Explicit\u00a0and\u00a0implicit\u00a0monitoring\u00a0in\u00a0neurodegeneration\u00a0and\u00a0stroke<\/a>. Scientific Reports, 2019,\u00a0<strong>9<\/strong>:\u00a014032,<\/li>\n<li>Donnelly-Kehoe P, Orlando Pascariello G, Garc\u00eda AM, Hodges J, Miller B, Rosen H, Manes F, LandinRomero R, Matallana D, Serrano C, Herrera E, Reyes P, Santamaria-Garcia H, Kumfor F, Piguet O, Ibanez A, Sede\u00f1o L.\u00a0<a href=\"https:\/\/www.sciencedirect.com\/science\/article\/pii\/S2352872919300508\">Robust automated computational approach for classifying frontotemporal neurodegeneration: Multimodal\/multicenter neuroimaging<\/a>. Alzheimer's & Dementia, 2019, (11) 588-598.\u00a0<a href=\"https:\/\/doi.org\/10.1016\/j.dadm.2019.06.002\">https:\/\/doi.org\/10.1016\/j.dadm.2019.06.002<\/a><\/li>\n<li>Del C Vald\u00e9s Hern\u00e1ndez M, Abu-Hussain J, Qiu X, Priller J, Parra Rodr\u00edguez M, Pino M, B\u00e1ez S, Ib\u00e1\u00f1ez A<a href=\"https:\/\/onlinelibrary.wiley.com\/doi\/full\/10.1002\/brb3.1343\">.Structural neuroimaging differentiates vulnerability from disease manifestation in colombian families with Huntington's disease<\/a>. Brain Behav. 2019 Jul 5:e01343. doi: 10.1002\/brb3.1343.<\/li>\n<li>Afonso O, Su\u00e1rez-Coalla P, Cuetos F, Ib\u00e1\u00f1ez A, Sede\u00f1o L. & Garc\u00eda AM (2019).\u00a0<a href=\"https:\/\/onlinelibrary.wiley.com\/doi\/abs\/10.1111\/cogs.12767\">The\u00a0embodied\u00a0penman:\u00a0Effector-specific\u00a0motor-language\u00a0integration\u00a0duringhandwriting<\/a>.\u00a0<em>Cognitive Science<\/em>43(7), e12767. doi:\u00a0<a href=\"https:\/\/doi.org\/10.1111\/cogs.12767\">https:\/\/doi.org\/10.1111\/cogs.12767<\/a><\/li>\n<li>Schaeffer M, Huepe D, Hansen-Schirra S, Hofmann S, Mu\u00f1oz E, Kogan B, Herrera E, Ib\u00e1\u00f1ez A & Garc\u00eda AM (2019).\u00a0<a href=\"https:\/\/www.tandfonline.com\/doi\/full\/10.1080\/0907676X.2019.1629468\">The\u00a0Translation\u00a0and\u00a0InterpretingCompetence\u00a0Questionnaire: An\u00a0online\u00a0tool\u00a0for\u00a0research\u00a0on\u00a0translators\u00a0and\u00a0interpreters<\/a>.\u00a0<em>Perspectives: Studies in\u00a0Translation\u00a0Theory and Practice<\/em>. doi:<a href=\"https:\/\/doi.org\/10.1080\/0907676X.2019.1629468\">https:\/\/doi.org\/10.1080\/0907676X.2019.1629468<\/a><\/li>\n<li>Garc\u00eda AM, Moguilner S, Torquati K, Garc\u00eda-Marco E, Herrera E, Mu\u00f1oz E, Castillo E, Kleineschay T, Sede\u00f1o L & Ib\u00e1\u00f1ez A (2019).\u00a0<a href=\"https:\/\/www.sciencedirect.com\/science\/article\/pii\/S1053811919303854?via%3Dihub\">How\u00a0meaning\u00a0unfolds\u00a0inneural\u00a0time:\u00a0Embodied\u00a0reactivations\u00a0can\u00a0precede\u00a0multimodal\u00a0semantic\u00a0effects\u00a0during\u00a0language\u00a0processing<\/a>.\u00a0<em>NeuroImage<\/em>197, 439-449. doi:<a href=\"https:\/\/doi.org\/10.1016\/j.neuroimage.2019.05.002\">https:\/\/doi.org\/10.1016\/j.neuroimage.2019.05.002<\/a><\/li>\n<li>Hesse E, Mikulan E, Sitt JD, Garcia MDC, Silva W, Ciraolo C, Vaucheret E, Raimondo F, Baglivo F, Adolfi F, Herrera E, Bekinschtein TA, Petroni A, Lew S, Sedeno L, Garcia AM, Ibanez A. <a href=\"https:\/\/ieeexplore.ieee.org\/document\/8663404\" target=\"_blank\" rel=\"noopener\">Consistent gradient of performance and decoding of stimulus type and valence from local and network activity<\/a>.\u00a0IEEE Trans Neural Syst Rehabil Eng. 2019 doi: 10.1109\/TNSRE.2019.2903921.<\/li>\n<li>Slachevsky A,\u00a0Forno G,\u00a0Barraza P,\u00a0Mioshi E,\u00a0Delgado C,\u00a0Lillo P,\u00a0Henriquez F,\u00a0Bravo E,\u00a0Farias M,\u00a0Mu\u00f1oz-Neira C,\u00a0Iba\u00f1ez A,\u00a0Parra MA,\u00a0Hornberger M<a href=\"https:\/\/www.ncbi.nlm.nih.gov\/pubmed\/30949817\" target=\"_blank\" rel=\"noopener\">.Mapping the neuroanatomy of functional decline in Alzheimer's disease from basic to advanced activities of daily living.<\/a> <em>J Neurol 10.1007\/s00415-019-09260-w.\u00a0<\/em><\/li>\n<li>Mart\u00ednez JF, Trujillo C, Ar\u00e9valo A, Ib\u00e1\u00f1ez A, Cardona JF.\u00a0<a href=\"https:\/\/content.iospress.com\/articles\/journal-of-alzheimers-disease\/jad181154\" target=\"_blank\" rel=\"noopener\">Assessment of Conjunctive Binding in Aging: A Promising Approach for Alzheimer's Disease Detection<\/a>.\u00a0J Alzheimers Dis. 2019 Apr 1. doi: 10.3233\/JAD-181154.<\/li>\n<li>Josefsson A, Ibanez A, Parra M, Escudero J.\u00a0<a href=\"https:\/\/digital-library.theiet.org\/content\/journals\/10.1049\/htl.2018.5060;jsessionid=ipdcslmk18jt.x-iet-live-01\" target=\"_blank\" rel=\"noopener\">Network\u00a0analysis\u00a0through\u00a0the\u00a0use\u00a0of\u00a0Joint-Distribution\u00a0Entropy\u00a0on\u00a0EEG\u00a0recordings\u00a0of\u00a0MCI\u00a0Patients during\u00a0a\u00a0visual\u00a0short-term\u00a0memory\u00a0binding\u00a0task<\/a>.\u00a0IET Healthcare Technology Letters, 2019, DOI:\u00a0 10.1049\/htl.2018.5060<\/li>\n<li>Fittipaldi S, Ib\u00e1\u00f1ez A, B\u00e1ez S, Sede\u00f1o L, Manes F & Garc\u00eda AM (2019).\u00a0<a href=\"https:\/\/www.sciencedirect.com\/science\/article\/pii\/S0149763418306195?dgcid=author\" target=\"_blank\" rel=\"noopener\">More than words: Social cognition deficits across variants of primary progressive aphasia<\/a>.\u00a0<em>Neuroscience and Biobehavioral Reviews\u00a0<\/em>100, 263-284. doi:\u00a0<a href=\"https:\/\/doi.org\/10.1016\/j.neubiorev.2019.02.020\">https:\/\/doi.org\/10.1016\/j.neubiorev.2019.02.020<\/a><\/li>\n<li>dela Fuente A, Sede\u00f1o L, Vignaga SS, Ellmann C, Sonzogni S, Belluscio L, Garc\u00eda-Cordero I, Castagnaro E, Boano M, Cetkovitch M, Torralva T, C\u00e1nepa ET, Tagliazucchi E, Garcia AM, Iba\u00f1ez A.\u00a0<a href=\"https:\/\/www.nature.com\/articles\/s41386-019-0370-3\" target=\"_blank\" rel=\"noopener\">Multimodal neurocognitive markers of interoceptive tuning in smoked cocaine<\/a>. Neuropsychopharmacology. 2019 doi: 10.1038\/s41386-019-0370-3<\/li>\n<li>Calvo N, Abrevaya S, Mart\u00ednez Cuiti\u00f1o M, Steeb B, Zamora D, Sede\u00f1o L, Ib\u00e1\u00f1ez A & Garc\u00eda AM (2019).\u00a0<a href=\"https:\/\/www.frontiersin.org\/articles\/10.3389\/fpsyg.2019.00570\/full?&utm_source=Email_to_authors_&utm_medium=Email&utm_content=T1_11.5e1_author&utm_campaign=Email_publication&field=&journalName=Frontiers_in_Psychology&id=397342\">Rethinking the neural basis of prosody and non-literal language: Spared pragmatics and cognitive compensation in a bilingual with extensive right-hemisphere damage<\/a>.<em>Frontiers in Psychology<\/em>10, 570. doi: 10.3389\/fpsyg.2019.00570<\/li>\n<li><span style=\"font-weight: 400;\"> Baez S, Santamar\u00eda-Garc\u00eda H, Ib\u00e1\u00f1ez A (2019).\u00a0<\/span><a href=\"https:\/\/doi.org\/10.3389\/fpsyg.2019.00073\"><span style=\"font-weight: 400;\">Disarming Ex-Combatants\u2019 Minds: Toward Situated Reintegration Process in Post-conflict Colombia<\/span><\/a><span style=\"font-weight: 400;\">.\u00a0<\/span><i><span style=\"font-weight: 400;\">Front. Psychol.<\/span><\/i><span style=\"font-weight: 400;\"><span style=\"font-weight: 400;\">10:73. doi: 10.3389\/fpsyg.2019.00073<\/span><\/span><\/li>\n<li><span style=\"font-weight: 400;\"> Vilas M, Santilli M, Mikulan E, Adolfi F, Martorell Caro M, Manes F, Herrera E, Sede\u00f1o L, Ib\u00e1\u00f1ez A & Garc\u00eda AM (2019).\u00a0<\/span><a href=\"https:\/\/www.sciencedirect.com\/science\/article\/pii\/S0028393218306766?dgcid=author\"><span style=\"font-weight: 400;\">Reading Shakespearean tropes in a foreign tongue: Age of L2 acquisition modulates neural responses to functional shifts<\/span><\/a><span style=\"font-weight: 400;\">.\u00a0<\/span><i><span style=\"font-weight: 400;\">Neuropsychologia<\/span><\/i><span style=\"font-weight: 400;\">124, 79-86. doi:\u00a0<\/span><a href=\"https:\/\/doi.org\/10.1016\/j.neuropsychologia.2019.01.007\"><span style=\"font-weight: 400;\">https:\/\/doi.org\/10.1016\/j.neuropsychologia.2019.01.007<\/span><\/a><\/li>\n<\/ul>\n<p>&nbsp;<\/p>\n<p><b>2018<\/b><\/p>\n<p>&nbsp;<\/p>\n<ul>\n<li><span style=\"font-weight: 400;\"> Garc\u00eda-Cordero, I., Sede\u00f1o, L., de la Fuente, L., Slachevsky, A., Forno, G., Klein, F., Lillo, P., Ferrari, J., Rodriguez, C., Bustin, J., Torralva, T., Morales, A., Mu\u00f1oz, E., Baez, S., Yoris, A., Esteves, S., Melloni, M., Salamone, P., Huepe, D., Manes, F., Garc\u00eda, A. M. & Ib\u00e1\u00f1ez, A. (2018).\u00a0<\/span><a href=\"http:\/\/www.cnps.cl\/index.php\/cnps\/article\/view\/348\"><span style=\"font-weight: 400;\">Percibir, aprender y ser consciente de los estados internos: dimensiones interoceptivas en modelos de lesi\u00f3n<\/span><\/a><span style=\"font-weight: 400;\">.\u00a0<\/span><i><span style=\"font-weight: 400;\">Cuadernos de Neuropsicolog\u00eda<\/span><\/i><span style=\"font-weight: 400;\"><span style=\"font-weight: 400;\">12(3), 1-22. doi:\u00a010.7714\/CNPS\/12.3.206<\/span><\/span><\/li>\n<li><span style=\"font-weight: 400;\"> Garc\u00eda-Marco E, Morera Y, Beltr\u00e1n D, de Vega M, Herrera E, Sede\u00f1o L, Ib\u00e1\u00f1ez A & Garc\u00eda AM (2018).\u00a0<\/span><a href=\"https:\/\/www.sciencedirect.com\/science\/article\/pii\/S0010027718302786?dgcid=author\"><span style=\"font-weight: 400;\">Negation markers inhibit motor routines during typing of manual action verbs<\/span><\/a><span style=\"font-weight: 400;\">.\u00a0<\/span><i><span style=\"font-weight: 400;\">Cognition<\/span><\/i><span style=\"font-weight: 400;\">182, 286-293. doi:\u00a0<\/span><a href=\"https:\/\/doi.org\/10.1016\/j.cognition.2018.10.020\"><span style=\"font-weight: 400;\">https:\/\/doi.org\/10.1016\/j.cognition.2018.10.020<\/span><\/a><\/li>\n<li><span style=\"font-weight: 400;\">Gonzalez-Gadea ML, Ibanez A, Sigman M.\u00a0<\/span><a href=\"https:\/\/journals.plos.org\/plosone\/article?id=10.1371\/journal.pone.0205595\"><span style=\"font-weight: 400;\">Schadenfreude is higher in real-life<\/span><\/a><a href=\"https:\/\/journals.plos.org\/plosone\/article?id=10.1371\/journal.pone.0205595\"><span style=\"font-weight: 400;\">situations compared to hypothetical scenarios<\/span><\/a><span style=\"font-weight: 400;\"><span style=\"font-weight: 400;\">.\u00a0PLoS One. 2018 Oct. 11;13(10):e0205595.<\/span><\/span><\/li>\n<li><span style=\"font-weight: 400;\">Ib\u00e1\u00f1ez A and Garc\u00eda AM (2018).\u00a0<\/span><a href=\"https:\/\/www.frontiersin.org\/articles\/10.3389\/fnagi.2018.00300\/full\"><span style=\"font-weight: 400;\">Commentary: Cerebellar atrophy and its contribution to cognition in frontotemporal dementias<\/span><\/a><span style=\"font-weight: 400;\">.\u00a0<\/span><i><span style=\"font-weight: 400;\">Front. Aging Neurosci.<\/span><\/i><span style=\"font-weight: 400;\"><span style=\"font-weight: 400;\">10:300. doi: 10.3389\/fnagi.2018.0030<\/span><\/span><\/li>\n<li><span style=\"font-weight: 400;\">Huppert E, Cowell JM, Cheng Y, Contreras-Ib\u00e1\u00f1ez C, Gomez-Sicard N, Gonzalez-Gaeda LM, Huepe D, Ibanez A, Lee K, Mahasneh R, Malcolm-Smith S, Salas N, Selcuk B, Tungodden B, Wong A, Zhou X, Decety J.\u00a0<\/span><a href=\"https:\/\/onlinelibrary.wiley.com\/doi\/full\/10.1111\/desc.12729\"><span style=\"font-weight: 400;\">The\u00a0development\u00a0of\u00a0children's\u00a0preferences for equality and equity across 13 individualistic and collectivist cultures<\/span><\/a><span style=\"font-weight: 400;\"><span style=\"font-weight: 400;\">. Developmental Science 2018, e12729.\u00a0doi:doi:10.1111\/desc.12729<\/span><\/span><\/li>\n<li><span style=\"font-weight: 400;\"> Ib\u00e1\u00f1ez A.\u00a0<\/span><a href=\"https:\/\/doi.org\/10.1093\/brain\/awy233\"><span style=\"font-weight: 400;\">Brain\u00a0oscillations,\u00a0inhibition\u00a0and\u00a0social\u00a0inappropriateness\u00a0in\u00a0frontotemporal\u00a0degeneration<\/span><\/a><span style=\"font-weight: 400;\"><span style=\"font-weight: 400;\">.\u00a0Brain. 2018, doi: 10.1093\/brain\/awy233<\/span><\/span><\/li>\n<li><span style=\"font-weight: 400;\"> Moguilner S, Garc\u00eda AM, Mikulan E, Hesse E, Garc\u00eda-Cordero I, Melloni M, Cervetto S, Serrano C, Herrera E, Reyes P, Matallana D, Manes G, Ib\u00e1\u00f1ez A & Sede\u00f1o L. <\/span><a href=\"https:\/\/www.nature.com\/articles\/s41598-018-29538-9.epdf?author_access_token=amR7Ocurg6U0TjN8CsYz-NRgN0jAjWel9jnR3ZoTv0MYKmziu4onvt3jXJT8husCjshNan2Y1J1fVXcVwVlCBOBJSq92hW1QLMpub4uwz5TRWPWlZcQ3KQHJ9ZfUvLQtraCU0dHwqrH_VHimgXuj4g%3D%3D\"><span style=\"font-weight: 400;\">Weighted Symbolic Dependence Metric (wSDM) for fMRI resting-state connectivity: A multicentric validation for frontotemporal dementia<\/span><\/a><span style=\"font-weight: 400;\">.<\/span> <span style=\"font-weight: 400;\"><span style=\"font-weight: 400;\">Scientific Reportsvolume 8, Article number: 11181 (2018)<\/span><\/span><\/li>\n<li><span style=\"font-weight: 400;\">Cervetto S, Abrevaya S, Matorell M, Kozono G, Mu\u00f1oz E, Ferrari J, Sede\u00f1o L, Ib\u00e1\u00f1ez A & Garc\u00eda AM.(2018) <\/span><a href=\"https:\/\/www.frontiersin.org\/articles\/10.3389\/fpsyg.2018.01194\/full\"><span style=\"font-weight: 400;\">Action semantics at the bottom of the brain: Insights from dysplastic cerebellar gangliocytoma<\/span><\/a><span style=\"font-weight: 400;\">. Frontiers in Psychology\u00a09, 1194. doi:\u00a0<\/span><a href=\"https:\/\/doi.org\/10.3389\/fpsyg.2018.01194\"><span style=\"font-weight: 400;\">https:\/\/doi.org\/10.3389\/fpsyg.2018.01194<\/span><\/a><\/li>\n<li><span style=\"font-weight: 400;\"> Steeb B, Garc\u00eda-Cordero I, Huizing MC, Collazo L, Borovinsky G, Ferrari J, Cuiti\u00f1o M, Ib\u00e1\u00f1ez A, Sede\u00f1o L, Garc\u00eda AM (2018).\u00a0<\/span><a href=\"https:\/\/www.frontiersin.org\/articles\/10.3389\/fpsyg.2018.01345\/full?&utm_source=Email_to_authors_&utm_medium=Email&utm_content=T1_11.5e1_author&utm_campaign=Email_publication&field=&journalName=Frontiers_in_Psychology&id=375316\"><span style=\"font-weight: 400;\">Progressive compromise of nouns and action verbs in posterior cortical atrophy<\/span><\/a><span style=\"font-weight: 400;\">.\u00a0<\/span><i><span style=\"font-weight: 400;\">Frontiers in Psychology<\/span><\/i><span style=\"font-weight: 400;\">9, 1345. doi:\u00a0<\/span><a href=\"https:\/\/doi.org\/10.3389\/fpsyg.2018.01345\"><span style=\"font-weight: 400;\">https:\/\/doi.org\/10.3389\/fpsyg.2018.01345<\/span><\/a><\/li>\n<li><span style=\"font-weight: 400;\"> Sede\u00f1o, L., Couto, B., Melloni, M., Canales-Johnson, A., Yoris, A., Baez, S., Esteves, S., Vel\u00e1squez, M., Singer, N., Mu\u00f1oz, E., Barttfeld, P., Sigman, M., Kichic, R., Chialvo, D., Manes, F., Bekinschtein, T., Garc\u00eda, A. M. & Ib\u00e1\u00f1ez, A. (2018).\u00a0<\/span><a href=\"https:\/\/bit.ly\/2mn5ira\"><span style=\"font-weight: 400;\">Interocepci\u00f3n, conectividad funcional y procesamiento afectivo en el trastorno de despersonalizaci\u00f3n-desrealizaci\u00f3n<\/span><\/a><span style=\"font-weight: 400;\">.\u00a0<\/span><i><span style=\"font-weight: 400;\">Acta Psiqui\u00e1trica y Psicol\u00f3gica de Am\u00e9rica Latina<\/span><\/i><span style=\"font-weight: 400;\"><span style=\"font-weight: 400;\">64(2): 111-135.<\/span><\/span><\/li>\n<li><span style=\"font-weight: 400;\"> Salamone PC, Esteves S, Sinay VJ, Garc\u00eda-Cordero I, Abrevaya S, Couto B, Adolfi F, Martorell M, Petroni A, Yoris A, Torquati K, Alifano F, Legaz A, Cassar\u00e1 F, Bruno D, Kemp AH, Herrera E, Garc\u00eda A.M., Ib\u00e1\u00f1ez A, Sede\u00f1o L. <\/span><a href=\"https:\/\/www.ncbi.nlm.nih.gov\/pubmed\/30076770\"><span style=\"font-weight: 400;\">Altered neural signatures of interoception in multiple sclerosis.<\/span><\/a><span style=\"font-weight: 400;\"><span style=\"font-weight: 400;\"> \u00a0Hum Brain Mapp. \u00a0doi: 10.1002\/hbm.24319<\/span><\/span><\/li>\n<li><span style=\"font-weight: 400;\"> Baez, S., Herrera, E., Garc\u00eda, A. M., Huepe, D., Santamar\u00eda-Garc\u00eda, H., & Ib\u00e1\u00f1ez, A. (2018).\u00a0<\/span><a href=\"https:\/\/www.nature.com\/articles\/s41598-018-29956-9\"><span style=\"font-weight: 400;\">Increased moral condemnation of accidental harm in institutionalized adolescents<\/span><\/a><span style=\"font-weight: 400;\"><span style=\"font-weight: 400;\">. Sci Rep, 8(1), 11609. doi:10.1038\/s41598-018-29956-9<\/span><\/span><\/li>\n<li><span style=\"font-weight: 400;\">Ib\u00e1\u00f1ez A, Sede\u00f1o L, Garc\u00eda AM, Deacon RMJ and Cogram P.\u00a0\u00a0<\/span><a href=\"https:\/\/www.ncbi.nlm.nih.gov\/pubmed\/29681845\"><span style=\"font-weight: 400;\">Human and Animal Models for Translational Research on Neurodegeneration: Challenges and Opportunities From South America.<\/span><\/a><span style=\"font-weight: 400;\"><span style=\"font-weight: 400;\">From South America. Front. Aging Neurosci. 2018, 10:95.,doi: 10.3389\/fnagi.2018.00095<\/span><\/span><\/li>\n<li><span style=\"font-weight: 400;\">Bertoux M, Flanagan EC, Hobbs M, Ruiz-Tagle A, Delgado C, Miranda M, Ib\u00e1\u00f1ez A, Slachevsky A, Hornberger M.\u00a0<\/span><a href=\"https:\/\/content.iospress.com\/articles\/journal-of-alzheimers-disease\/jad170771\"><span style=\"font-weight: 400;\">Structural Anatomical Investigation of Long-Term Memory Deficit in Behavioral Frontotemporal Dementia.<\/span><\/a><span style=\"font-weight: 400;\"><span style=\"font-weight: 400;\">J Alzheimers Dis. 2018;62(4):1887-1900. doi: 10.3233\/JAD-170771.<\/span><\/span><\/li>\n<li><span style=\"font-weight: 400;\">Santilli M, Vilas M, Mikulan E, Martorell Caro M, Mu\u00f1oz E, Sede\u00f1o L, Ib\u00e1\u00f1ez A, Garc\u00eda AM (2018).\u00a0<\/span><a href=\"https:\/\/www.cambridge.org\/core\/journals\/bilingualism-language-and-cognition\/article\/bilingual-memory-to-the-extreme-lexical-processing-in-simultaneous-interpreters\/C1C64D31F110A42FE56474D02F06BF3E\"><span style=\"font-weight: 400;\">Bilingual memory, to the extreme: Lexical processing in simultaneous interpreters<\/span><\/a><span style=\"font-weight: 400;\">.\u00a0<\/span><i><span style=\"font-weight: 400;\">Bilingualism: Language and Cognition<\/span><\/i><span style=\"font-weight: 400;\">. First view. doi:\u00a0<\/span><a href=\"https:\/\/doi.org\/10.1017\/S1366728918000378\"><span style=\"font-weight: 400;\">https:\/\/doi.org\/10.1017\/S1366728918000378<\/span><\/a><\/li>\n<li><span style=\"font-weight: 400;\"> Ib\u00e1\u00f1ez, A., M. Zimerman, L. Sede\u00f1o, N. Lori, M. Rapacioli, J. F. Cardona, D. M. A. Suarez, E. Herrera, A. M. Garc\u00eda and F. Manes.\u00a0<\/span><a href=\"https:\/\/www.sciencedirect.com\/science\/article\/pii\/S2213158218300603\"><span style=\"font-weight: 400;\">Early bilateral and massive compromise of the frontal lobes<\/span><\/a><span style=\"font-weight: 400;\"><span style=\"font-weight: 400;\">. NeuroImage: Clinical, 2018<\/span><\/span><\/li>\n<li><span style=\"font-weight: 400;\"> Hurley MJ, Deacon RMJ, Beyer K, Ioannou E, Ib\u00e1\u00f1ez A, Teeling JL, Cogram P.\u00a0<\/span><a href=\"https:\/\/www.sciencedirect.com\/science\/article\/pii\/S016372581830041X\"><span style=\"font-weight: 400;\">The long-lived\u00a0Octodon\u00a0degus\u00a0as a rodent drug discovery model for Alzheimer's and other age-related diseases<\/span><\/a><span style=\"font-weight: 400;\"><span style=\"font-weight: 400;\">. Pharmacol Ther. 2018<\/span><\/span><\/li>\n<li><span style=\"font-weight: 400;\"> Esteves S., Ramirez Romero D.A., Torralva T., Mart\u00ednez Cuiti\u00f1o M., Herndon S., Couto B., Iba\u00f1ez A., Manes F. & Roca M. <\/span><a href=\"https:\/\/www.tandfonline.com\/doi\/full\/10.1080\/13554794.2017.1421667\"><span style=\"font-weight: 400;\">Posterior cortical atrophy: a single case cognitive and radiological follow-up<\/span><\/a><\/li>\n<li><span style=\"font-weight: 400;\"> Garc\u00eda AM, Ib\u00e1\u00f1ez A.\u00a0<\/span><a href=\"https:\/\/www.sciencedirect.com\/science\/article\/pii\/S0010945218300030\"><span style=\"font-weight: 400;\">When embodiment breaks down: Language deficits as novel avenues into movement disorders<\/span><\/a><span style=\"font-weight: 400;\">.\u00a0Cortex 100: 1-7. doi:<\/span><a href=\"https:\/\/doi.org\/10.1016\/j.cortex.2017.12.022\"><span style=\"font-weight: 400;\">https:\/\/doi.org\/10.1016\/j.cortex.2017.12.022<\/span><\/a><\/li>\n<li><span style=\"font-weight: 400;\"> Kumfor F, Iba\u00f1ez A, Hutchings R, Hazelton JL, Hodges JR, Piguet O.\u00a0<\/span><a href=\"https:\/\/academic.oup.com\/brain\/advance-article-abstract\/doi\/10.1093\/brain\/awy002\/4831241\"><span style=\"font-weight: 400;\">Beyond the face: how context modulates emotion processing in frontotemporal dementia subtypes.<\/span><\/a><span style=\"font-weight: 400;\"><span style=\"font-weight: 400;\">Brain. 2018, doi: 10.1093\/brain\/awy002.<\/span><\/span><\/li>\n<li><span style=\"font-weight: 400;\"> Baez S, Garc\u00eda AM and Ib\u00e1\u00f1ez A (2018)\u00a0<\/span><a href=\"https:\/\/kids.frontiersin.org\/article\/10.3389\/frym.2018.00003\"><span style=\"font-weight: 400;\">How Does Social Context Influence Our Brain and Behavior?<\/span><\/a><span style=\"font-weight: 400;\"><span style=\"font-weight: 400;\">Front. Young Minds 6:03. doi:10.3389\/frym.2018.00003<\/span><\/span><\/li>\n<li><span style=\"font-weight: 400;\"> Parra MA, Baez S, Allegri R, Nitrini R, Lopera F, Slachevsky A, Custodio N, Lira D, Piguet O, Kumfor F, Huepe D, Cogram P, Bak T, Manes F, Ibanez A.\u00a0<\/span><a href=\"http:\/\/n.neurology.org\/content\/early\/2018\/01\/05\/WNL.0000000000004897\/tab-article-info\"><span style=\"font-weight: 400;\">Dementia in Latin America: Assessing the present and envisioning the future<\/span><\/a><span style=\"font-weight: 400;\"><span style=\"font-weight: 400;\">. Neurology.2018 doi: 10.1212\/WNL.0000000000004897.PubMed PMID: 29305437.<\/span><\/span><\/li>\n<li><span style=\"font-weight: 400;\"> Yoris A, Abrevaya S, Esteves S, Salamone P, Lori N, Martorell M, Legaz A, Alifano F, Petroni A, S\u00e1nchez R, Sede\u00f1o L, Garc\u00eda AM, Ib\u00e1\u00f1ez A.<\/span><a href=\"http:\/\/onlinelibrary.wiley.com\/doi\/10.1002\/hbm.23933\/full\"><span style=\"font-weight: 400;\">Multilevel convergence of interoceptive impairments in hypertension: New evidence of disrupted body-brain interactions<\/span><\/a><span style=\"font-weight: 400;\"><span style=\"font-weight: 400;\">. Hum Brain Mapp. 2018. doi: 10.1002\/hbm.23933. PubMed PMID: 29271093.<\/span><\/span><\/li>\n<li><span style=\"font-weight: 400;\"> Mikulan E, Hesse E, Sede\u00f1o L, Bekinschtein T, Sigman M, Garc\u00eda MDC, Silva W, Ciraolo C, Garc\u00eda AM, Ib\u00e1\u00f1ez A.\u00a0<\/span><a href=\"http:\/\/www.sciencedirect.com\/science\/article\/pii\/S1053811917310297\"><span style=\"font-weight: 400;\">Intracranial high-\u03b3 connectivity distinguishes wakefulness from sleep<\/span><\/a><span style=\"font-weight: 400;\">. Neuroimage. 2018, 169:265-277. PubMed PMID: 29225064.<\/span><\/li>\n<\/ul>\n<p>&nbsp;<\/p>\n<\/div>\n<\/div><\/div><\/div><\/div><div id=\"pgc-273-0-2\"  class=\"panel-grid-cell panel-grid-cell-empty\" ><div class=\"panel-cell-style panel-cell-style-for-273-0-2\" ><\/div><\/div><\/div><\/div><\/div>","protected":false},"excerpt":{"rendered":"<p>2026 Lavretsky, H., Khalsa, S., Oughli, H. A., Ibanez, A., Cruzat, J., Edwards, E., Newhouse, P., Bassetti, C. L. A.,&nbsp;[&hellip;]<\/p>\n","protected":false},"author":1,"featured_media":0,"parent":0,"menu_order":0,"comment_status":"closed","ping_status":"closed","template":"page-templates\/template_page-builder.php","meta":[],"_links":{"self":[{"href":"https:\/\/dragustinibanez.com\/en\/index.php\/wp-json\/wp\/v2\/pages\/273"}],"collection":[{"href":"https:\/\/dragustinibanez.com\/en\/index.php\/wp-json\/wp\/v2\/pages"}],"about":[{"href":"https:\/\/dragustinibanez.com\/en\/index.php\/wp-json\/wp\/v2\/types\/page"}],"author":[{"embeddable":true,"href":"https:\/\/dragustinibanez.com\/en\/index.php\/wp-json\/wp\/v2\/users\/1"}],"replies":[{"embeddable":true,"href":"https:\/\/dragustinibanez.com\/en\/index.php\/wp-json\/wp\/v2\/comments?post=273"}],"version-history":[{"count":115,"href":"https:\/\/dragustinibanez.com\/en\/index.php\/wp-json\/wp\/v2\/pages\/273\/revisions"}],"predecessor-version":[{"id":1723,"href":"https:\/\/dragustinibanez.com\/en\/index.php\/wp-json\/wp\/v2\/pages\/273\/revisions\/1723"}],"wp:attachment":[{"href":"https:\/\/dragustinibanez.com\/en\/index.php\/wp-json\/wp\/v2\/media?parent=273"}],"curies":[{"name":"wp","href":"https:\/\/api.w.org\/{rel}","templated":true}]}}